{"id":2423,"date":"2023-12-19T14:24:45","date_gmt":"2023-12-19T13:24:45","guid":{"rendered":"https:\/\/www.postgradospucv.cl\/?page_id=2423"},"modified":"2026-03-16T18:57:39","modified_gmt":"2026-03-16T17:57:39","slug":"colegio-de-postgrados-academicos","status":"publish","type":"page","link":"https:\/\/www.postgradospucv.cl\/index.php\/colegio-de-postgrados-academicos\/","title":{"rendered":"Colegio de Postgrados Acad\u00e9micos"},"content":{"rendered":"\t\t<div data-elementor-type=\"wp-page\" data-elementor-id=\"2423\" class=\"elementor elementor-2423\" data-elementor-settings=\"{&quot;ha_cmc_init_switcher&quot;:&quot;no&quot;}\" data-elementor-post-type=\"page\">\n\t\t\t\t\t\t<section class=\"elementor-section elementor-top-section elementor-element elementor-element-6e467fb elementor-section-content-middle elementor-section-boxed elementor-section-height-default elementor-section-height-default\" data-id=\"6e467fb\" data-element_type=\"section\" data-settings=\"{&quot;background_background&quot;:&quot;classic&quot;,&quot;_ha_eqh_enable&quot;:false}\">\n\t\t\t\t\t\t<div class=\"elementor-container elementor-column-gap-default\">\n\t\t\t\t\t<div class=\"elementor-column elementor-col-100 elementor-top-column elementor-element elementor-element-459c81e\" data-id=\"459c81e\" data-element_type=\"column\" data-settings=\"{&quot;background_background&quot;:&quot;classic&quot;}\">\n\t\t\t<div class=\"elementor-widget-wrap elementor-element-populated\">\n\t\t\t\t\t\t<div class=\"elementor-element elementor-element-065d136 elementor-widget elementor-widget-heading\" data-id=\"065d136\" data-element_type=\"widget\" data-widget_type=\"heading.default\">\n\t\t\t\t<div class=\"elementor-widget-container\">\n\t\t\t\t\t<h2 class=\"elementor-heading-title elementor-size-default\"><div style=\"font-weight:800;color:#24588D\">Colegio de<\/div>\nPostgrados Acad\u00e9micos<\/h2>\t\t\t\t<\/div>\n\t\t\t\t<\/div>\n\t\t\t\t<div class=\"elementor-element elementor-element-f74ed80 elementor-widget elementor-widget-ha-breadcrumbs happy-addon ha-breadcrumbs happy-addon-pro\" data-id=\"f74ed80\" data-element_type=\"widget\" data-widget_type=\"ha-breadcrumbs.default\">\n\t\t\t\t<div class=\"elementor-widget-container\">\n\t\t\t\t\t<ul class=\"ha-breadcrumbs\"><li class=\"ha-breadcrumbs-item ha-breadcrumbs-start\"><a href=\"https:\/\/www.postgradospucv.cl\/\" rel=\"home\"><span class=\"ha-breadcrumbs-text\"><span class=\"ha-breadcrumbs-home-icon\"><span class=\"fas fa-home\" aria-hidden=\"true\"><\/span><\/span>Home<\/span><\/a><\/li><\/ul>\t\t\t\t<\/div>\n\t\t\t\t<\/div>\n\t\t\t\t\t<\/div>\n\t\t<\/div>\n\t\t\t\t\t<\/div>\n\t\t<\/section>\n\t\t\t\t<section class=\"elementor-section elementor-top-section elementor-element elementor-element-b056388 elementor-section-boxed elementor-section-height-default elementor-section-height-default\" data-id=\"b056388\" data-element_type=\"section\" data-settings=\"{&quot;_ha_eqh_enable&quot;:false}\">\n\t\t\t\t\t\t<div class=\"elementor-container elementor-column-gap-default\">\n\t\t\t\t\t<div class=\"elementor-column elementor-col-100 elementor-top-column elementor-element elementor-element-cf59a20\" data-id=\"cf59a20\" data-element_type=\"column\">\n\t\t\t<div class=\"elementor-widget-wrap elementor-element-populated\">\n\t\t\t\t\t\t<div class=\"elementor-element elementor-element-7cf2a23 elementor-widget elementor-widget-text-editor\" data-id=\"7cf2a23\" data-element_type=\"widget\" data-widget_type=\"text-editor.default\">\n\t\t\t\t<div class=\"elementor-widget-container\">\n\t\t\t\t\t\t\t\t\t<p style=\"margin: 0cm; margin-bottom: .0001pt; text-align: justify; line-height: 18.0pt;\"><span style=\"font-size: 13.0pt; font-family: 'Calibri',sans-serif;\">El\u00a0<span class=\"il\">Colegio<\/span>\u00a0de\u00a0<span class=\"il\">Postgrados<\/span>\u00a0<span class=\"il\">acad\u00e9micos<\/span>\u00a0es una instancia consultiva compuesta por\u00a0<\/span><span style=\"font-size: 13.0pt;\">\u00a0<\/span><span style=\"font-size: 13.0pt; font-family: 'Calibri',sans-serif;\">la Vicerrectora Acad\u00e9mica, quien lo presidir\u00e1; El Director(a) de\u00a0<span class=\"il\">Postgrados<\/span>\u00a0<span class=\"il\">Acad\u00e9micos<\/span>, y los Directores(as) de los programas de Doctorado y Mag\u00edster\u00a0<span class=\"il\">acad\u00e9micos<\/span>\u00a0que imparte la Pontificia Universidad Cat\u00f3lica de Valpara\u00edso. Entre las funciones de este\u00a0<span class=\"il\">Colegio<\/span>\u00a0se encuentran:<\/span><\/p><p style=\"margin: 0cm; margin-bottom: .0001pt; text-align: justify; line-height: 18.0pt; background-image: initial; background-position: initial; background-size: initial; background-repeat: initial; background-origin: initial; background-clip: initial;\"><span style=\"font-size: 13.0pt;\">\u00a0<\/span><\/p><p style=\"margin: 0cm; margin-bottom: .0001pt; text-align: justify; line-height: 18.0pt; vertical-align: baseline; background-image: initial; background-position: initial; background-size: initial; background-repeat: initial; background-origin: initial; background-clip: initial;\"><span style=\"font-size: 13.0pt; font-family: 'Calibri',sans-serif;\">a.<span style=\"font-size: 7.0pt;\">\u00a0\u00a0\u00a0\u00a0\u00a0\u00a0\u00a0\u00a0\u00a0\u00a0\u00a0\u00a0\u00a0\u00a0\u00a0<\/span><\/span><i><span style=\"font-size: 13.0pt; font-family: 'Calibri',sans-serif;\">Proponer a la Vicerrector\u00eda Acad\u00e9mica estrategias para el desarrollo efectivo de los programas de\u00a0<span class=\"il\">Postgrados<\/span>\u00a0<span class=\"il\">Acad\u00e9micos<\/span>\u00a0en las \u00e1reas propias de cada uno de ellos; como tambi\u00e9n en el \u00e1mbito de su internacionalizaci\u00f3n, interdisciplinariedad, transferencia tecnol\u00f3gica, vinculaci\u00f3n con el medio y pol\u00edticas p\u00fablicas;\u00a0<\/span><\/i><\/p><p style=\"margin: 0cm; margin-bottom: .0001pt; text-align: justify; line-height: 18.0pt; vertical-align: baseline; background-image: initial; background-position: initial; background-size: initial; background-repeat: initial; background-origin: initial; background-clip: initial;\"><span style=\"font-size: 13.0pt; font-family: 'Calibri',sans-serif;\">b.<span style=\"font-size: 7.0pt;\">\u00a0\u00a0\u00a0\u00a0\u00a0\u00a0\u00a0\u00a0\u00a0\u00a0\u00a0\u00a0\u00a0\u00a0<\/span><\/span><i><span style=\"font-size: 13.0pt; font-family: 'Calibri',sans-serif;\">Constituirse en una instancia de retroalimentaci\u00f3n de la Vicerrector\u00eda Acad\u00e9mica referente a las pol\u00edticas y directrices que se pretendan implementar en los\u00a0<span class=\"il\">Postgrados<\/span>\u00a0<span class=\"il\">Acad\u00e9micos<\/span>;\u00a0<\/span><\/i><\/p><p style=\"margin: 0cm; margin-bottom: .0001pt; text-align: justify; line-height: 18.0pt; vertical-align: baseline; background-image: initial; background-position: initial; background-size: initial; background-repeat: initial; background-origin: initial; background-clip: initial;\"><span style=\"font-size: 13.0pt; font-family: 'Calibri',sans-serif;\">c.<span style=\"font-size: 7.0pt;\">\u00a0\u00a0\u00a0\u00a0\u00a0\u00a0\u00a0\u00a0\u00a0\u00a0\u00a0\u00a0\u00a0\u00a0\u00a0<\/span><\/span><i><span style=\"font-size: 13.0pt; font-family: 'Calibri',sans-serif;\">Constituirse en una instancia de integraci\u00f3n, coordinaci\u00f3n y reflexi\u00f3n de los programas de\u00a0<span class=\"il\">Postgrados<\/span>\u00a0<span class=\"il\">Acad\u00e9micos<\/span>; y\u00a0<\/span><\/i><\/p><p style=\"margin: 0cm; margin-bottom: .0001pt; text-align: justify; line-height: 18.0pt; vertical-align: baseline; background-image: initial; background-position: initial; background-size: initial; background-repeat: initial; background-origin: initial; background-clip: initial;\"><span style=\"font-size: 13.0pt; font-family: 'Calibri',sans-serif;\">d.<span style=\"font-size: 7.0pt;\">\u00a0\u00a0\u00a0\u00a0\u00a0\u00a0\u00a0\u00a0\u00a0\u00a0\u00a0\u00a0\u00a0\u00a0<\/span><\/span><i><span style=\"font-size: 13.0pt; font-family: 'Calibri',sans-serif;\">Proponer al Vicerrector(a) Acad\u00e9mico(a), para su consideraci\u00f3n, las modificaciones al Reglamento General de Estudios de Doctorado o de Mag\u00edster.<\/span><\/i><\/p>\t\t\t\t\t\t\t\t<\/div>\n\t\t\t\t<\/div>\n\t\t\t\t<div class=\"elementor-element elementor-element-f06894a elementor-widget-divider--view-line elementor-widget elementor-widget-divider\" data-id=\"f06894a\" data-element_type=\"widget\" data-widget_type=\"divider.default\">\n\t\t\t\t<div class=\"elementor-widget-container\">\n\t\t\t\t\t\t\t<div class=\"elementor-divider\">\n\t\t\t<span class=\"elementor-divider-separator\">\n\t\t\t\t\t\t<\/span>\n\t\t<\/div>\n\t\t\t\t\t\t<\/div>\n\t\t\t\t<\/div>\n\t\t\t\t\t<\/div>\n\t\t<\/div>\n\t\t\t\t\t<\/div>\n\t\t<\/section>\n\t\t\t\t<section class=\"elementor-section elementor-top-section elementor-element elementor-element-9f86e2e elementor-section-boxed elementor-section-height-default elementor-section-height-default\" data-id=\"9f86e2e\" data-element_type=\"section\" data-settings=\"{&quot;_ha_eqh_enable&quot;:false}\">\n\t\t\t\t\t\t<div class=\"elementor-container elementor-column-gap-default\">\n\t\t\t\t\t<div class=\"elementor-column elementor-col-100 elementor-top-column elementor-element elementor-element-bce3bee\" data-id=\"bce3bee\" data-element_type=\"column\">\n\t\t\t<div class=\"elementor-widget-wrap elementor-element-populated\">\n\t\t\t\t\t\t<div class=\"elementor-element elementor-element-57d89ee elementor-widget elementor-widget-heading\" data-id=\"57d89ee\" data-element_type=\"widget\" data-widget_type=\"heading.default\">\n\t\t\t\t<div class=\"elementor-widget-container\">\n\t\t\t\t\t<h3 class=\"elementor-heading-title elementor-size-default\">Integrantes que componen el Colegio de Postgrados Acad\u00e9micos<\/h3>\t\t\t\t<\/div>\n\t\t\t\t<\/div>\n\t\t\t\t<section class=\"elementor-section elementor-inner-section elementor-element elementor-element-f1d82a3 elementor-section-boxed elementor-section-height-default elementor-section-height-default\" data-id=\"f1d82a3\" data-element_type=\"section\" data-settings=\"{&quot;_ha_eqh_enable&quot;:false}\">\n\t\t\t\t\t\t<div class=\"elementor-container elementor-column-gap-default\">\n\t\t\t\t\t<div class=\"elementor-column elementor-col-25 elementor-inner-column elementor-element elementor-element-8633364\" data-id=\"8633364\" data-element_type=\"column\">\n\t\t\t<div class=\"elementor-widget-wrap elementor-element-populated\">\n\t\t\t\t\t\t<div class=\"elementor-element elementor-element-fa00c71 elementor-widget elementor-widget-ha-member happy-addon ha-member\" data-id=\"fa00c71\" data-element_type=\"widget\" data-widget_type=\"ha-member.default\">\n\t\t\t\t<div class=\"elementor-widget-container\">\n\t\t\t\t\t\n\t\t\t\t\t<figure class=\"ha-member-figure\">\n\t\t\t\t<img fetchpriority=\"high\" decoding=\"async\" width=\"600\" height=\"600\" src=\"https:\/\/www.postgradospucv.cl\/wp-content\/uploads\/2023\/12\/1_Vicerrectora-Academica_Claudia-Mejias.jpg\" class=\"elementor-animation-disable-animation attachment-full size-full wp-image-2386\" alt=\"\" srcset=\"https:\/\/www.postgradospucv.cl\/wp-content\/uploads\/2023\/12\/1_Vicerrectora-Academica_Claudia-Mejias.jpg 600w, https:\/\/www.postgradospucv.cl\/wp-content\/uploads\/2023\/12\/1_Vicerrectora-Academica_Claudia-Mejias-300x300.jpg 300w, https:\/\/www.postgradospucv.cl\/wp-content\/uploads\/2023\/12\/1_Vicerrectora-Academica_Claudia-Mejias-150x150.jpg 150w\" sizes=\"(max-width: 600px) 100vw, 600px\" \/>\t\t\t<\/figure>\n\t\t\n\t\t<div class=\"ha-member-body\">\n\t\t\t<h2 class=\"ha-member-name\">Claudia Mej\u00edas<\/h2>\n\t\t\t\t\t\t\t<div class=\"ha-member-position\">Vicerrectora Acad\u00e9mica<\/div>\n\t\t\t\n\t\t\t\n\t\t\t\n\t\t\t\n\t\t\t\t\t<\/div>\n\t\t\t\t\t\t<\/div>\n\t\t\t\t<\/div>\n\t\t\t\t\t<\/div>\n\t\t<\/div>\n\t\t\t\t<div class=\"elementor-column elementor-col-25 elementor-inner-column elementor-element elementor-element-31ac719\" data-id=\"31ac719\" data-element_type=\"column\">\n\t\t\t<div class=\"elementor-widget-wrap elementor-element-populated\">\n\t\t\t\t\t\t<div class=\"elementor-element elementor-element-d68c6f7 elementor-widget elementor-widget-ha-member happy-addon ha-member\" data-id=\"d68c6f7\" data-element_type=\"widget\" data-widget_type=\"ha-member.default\">\n\t\t\t\t<div class=\"elementor-widget-container\">\n\t\t\t\t\t\n\t\t\t\t\t<figure class=\"ha-member-figure\">\n\t\t\t\t<img decoding=\"async\" width=\"600\" height=\"600\" src=\"https:\/\/www.postgradospucv.cl\/wp-content\/uploads\/2024\/01\/Director-de-Postgrados-Profesionales_Javier-Silva.jpg\" class=\"elementor-animation-disable-animation attachment-full size-full wp-image-2894\" alt=\"\" srcset=\"https:\/\/www.postgradospucv.cl\/wp-content\/uploads\/2024\/01\/Director-de-Postgrados-Profesionales_Javier-Silva.jpg 600w, https:\/\/www.postgradospucv.cl\/wp-content\/uploads\/2024\/01\/Director-de-Postgrados-Profesionales_Javier-Silva-300x300.jpg 300w, https:\/\/www.postgradospucv.cl\/wp-content\/uploads\/2024\/01\/Director-de-Postgrados-Profesionales_Javier-Silva-150x150.jpg 150w\" sizes=\"(max-width: 600px) 100vw, 600px\" \/>\t\t\t<\/figure>\n\t\t\n\t\t<div class=\"ha-member-body\">\n\t\t\t<h2 class=\"ha-member-name\">Javier Silva<\/h2>\n\t\t\t\t\t\t\t<div class=\"ha-member-position\">Director de Postgrados Acad\u00e9micos<\/div>\n\t\t\t\n\t\t\t\n\t\t\t\n\t\t\t\n\t\t\t\t\t<\/div>\n\t\t\t\t\t\t<\/div>\n\t\t\t\t<\/div>\n\t\t\t\t\t<\/div>\n\t\t<\/div>\n\t\t\t\t<div class=\"elementor-column elementor-col-25 elementor-inner-column elementor-element elementor-element-4d5ae0e\" data-id=\"4d5ae0e\" data-element_type=\"column\">\n\t\t\t<div class=\"elementor-widget-wrap elementor-element-populated\">\n\t\t\t\t\t\t<div class=\"elementor-element elementor-element-59c8b29 elementor-widget elementor-widget-ha-member happy-addon ha-member\" data-id=\"59c8b29\" data-element_type=\"widget\" data-widget_type=\"ha-member.default\">\n\t\t\t\t<div class=\"elementor-widget-container\">\n\t\t\t\t\t\n\t\t\t\t\t<figure class=\"ha-member-figure\">\n\t\t\t\t<img decoding=\"async\" width=\"2560\" height=\"1708\" src=\"https:\/\/www.postgradospucv.cl\/wp-content\/uploads\/2024\/04\/Grabriele-Rodrigues-03-1-scaled.jpg\" class=\"elementor-animation-disable-animation attachment-full size-full wp-image-3307\" alt=\"\" srcset=\"https:\/\/www.postgradospucv.cl\/wp-content\/uploads\/2024\/04\/Grabriele-Rodrigues-03-1-scaled.jpg 2560w, https:\/\/www.postgradospucv.cl\/wp-content\/uploads\/2024\/04\/Grabriele-Rodrigues-03-1-300x200.jpg 300w, https:\/\/www.postgradospucv.cl\/wp-content\/uploads\/2024\/04\/Grabriele-Rodrigues-03-1-1024x683.jpg 1024w, https:\/\/www.postgradospucv.cl\/wp-content\/uploads\/2024\/04\/Grabriele-Rodrigues-03-1-768x512.jpg 768w, https:\/\/www.postgradospucv.cl\/wp-content\/uploads\/2024\/04\/Grabriele-Rodrigues-03-1-1536x1025.jpg 1536w, https:\/\/www.postgradospucv.cl\/wp-content\/uploads\/2024\/04\/Grabriele-Rodrigues-03-1-2048x1367.jpg 2048w\" sizes=\"(max-width: 2560px) 100vw, 2560px\" \/>\t\t\t<\/figure>\n\t\t\n\t\t<div class=\"ha-member-body\">\n\t\t\t<h2 class=\"ha-member-name\">Gabriele Rodrigues<\/h2>\n\t\t\t\t\t\t\t<div class=\"ha-member-position\">Doctorado en Acuicultura<\/div>\n\t\t\t\n\t\t\t\n\t\t\t\n\t\t\t\n\t\t\t\t\t<\/div>\n\t\t\t\t\t\t<\/div>\n\t\t\t\t<\/div>\n\t\t\t\t\t<\/div>\n\t\t<\/div>\n\t\t\t\t<div class=\"elementor-column elementor-col-25 elementor-inner-column elementor-element elementor-element-a653ec8\" data-id=\"a653ec8\" data-element_type=\"column\">\n\t\t\t<div class=\"elementor-widget-wrap elementor-element-populated\">\n\t\t\t\t\t\t<div class=\"elementor-element elementor-element-c096db6 elementor-widget elementor-widget-ha-member happy-addon ha-member\" data-id=\"c096db6\" data-element_type=\"widget\" data-widget_type=\"ha-member.default\">\n\t\t\t\t<div class=\"elementor-widget-container\">\n\t\t\t\t\t\n\t\t\t\t\t<figure class=\"ha-member-figure\">\n\t\t\t\t<img loading=\"lazy\" decoding=\"async\" width=\"493\" height=\"500\" src=\"https:\/\/www.postgradospucv.cl\/wp-content\/uploads\/2024\/11\/claudia-altamirano.jpg\" class=\"elementor-animation-disable-animation attachment-full size-full wp-image-7272\" alt=\"\" srcset=\"https:\/\/www.postgradospucv.cl\/wp-content\/uploads\/2024\/11\/claudia-altamirano.jpg 493w, https:\/\/www.postgradospucv.cl\/wp-content\/uploads\/2024\/11\/claudia-altamirano-296x300.jpg 296w\" sizes=\"(max-width: 493px) 100vw, 493px\" \/>\t\t\t<\/figure>\n\t\t\n\t\t<div class=\"ha-member-body\">\n\t\t\t<h2 class=\"ha-member-name\">Claudia Altamirano<\/h2>\n\t\t\t\t\t\t\t<div class=\"ha-member-position\">Doctorado en Biotecnolog\u00eda<\/div>\n\t\t\t\n\t\t\t\n\t\t\t\n\t\t\t\n\t\t\t\t\t<\/div>\n\t\t\t\t\t\t<\/div>\n\t\t\t\t<\/div>\n\t\t\t\t\t<\/div>\n\t\t<\/div>\n\t\t\t\t\t<\/div>\n\t\t<\/section>\n\t\t\t\t<section class=\"elementor-section elementor-inner-section elementor-element elementor-element-18efd2f elementor-section-boxed elementor-section-height-default elementor-section-height-default\" data-id=\"18efd2f\" data-element_type=\"section\" data-settings=\"{&quot;_ha_eqh_enable&quot;:false}\">\n\t\t\t\t\t\t<div class=\"elementor-container elementor-column-gap-default\">\n\t\t\t\t\t<div class=\"elementor-column elementor-col-25 elementor-inner-column elementor-element elementor-element-a06800f\" data-id=\"a06800f\" data-element_type=\"column\">\n\t\t\t<div class=\"elementor-widget-wrap elementor-element-populated\">\n\t\t\t\t\t\t<div class=\"elementor-element elementor-element-fc6fa48 elementor-widget elementor-widget-ha-member happy-addon ha-member\" data-id=\"fc6fa48\" data-element_type=\"widget\" data-widget_type=\"ha-member.default\">\n\t\t\t\t<div class=\"elementor-widget-container\">\n\t\t\t\t\t\n\t\t\t\t\t<figure class=\"ha-member-figure\">\n\t\t\t\t<img loading=\"lazy\" decoding=\"async\" width=\"600\" height=\"600\" src=\"https:\/\/www.postgradospucv.cl\/wp-content\/uploads\/2023\/12\/5_Doctorado-en-Ciencias-Agroalimentarias_Claudia-Fuentealba.jpg\" class=\"elementor-animation-disable-animation attachment-full size-full wp-image-2438\" alt=\"\" srcset=\"https:\/\/www.postgradospucv.cl\/wp-content\/uploads\/2023\/12\/5_Doctorado-en-Ciencias-Agroalimentarias_Claudia-Fuentealba.jpg 600w, https:\/\/www.postgradospucv.cl\/wp-content\/uploads\/2023\/12\/5_Doctorado-en-Ciencias-Agroalimentarias_Claudia-Fuentealba-300x300.jpg 300w, https:\/\/www.postgradospucv.cl\/wp-content\/uploads\/2023\/12\/5_Doctorado-en-Ciencias-Agroalimentarias_Claudia-Fuentealba-150x150.jpg 150w\" sizes=\"(max-width: 600px) 100vw, 600px\" \/>\t\t\t<\/figure>\n\t\t\n\t\t<div class=\"ha-member-body\">\n\t\t\t<h2 class=\"ha-member-name\">Claudia Fuentealba<\/h2>\n\t\t\t\t\t\t\t<div class=\"ha-member-position\">Doctorado en Ciencias Agroalimentarias<\/div>\n\t\t\t\n\t\t\t\n\t\t\t\n\t\t\t\n\t\t\t\t\t<\/div>\n\t\t\t\t\t\t<\/div>\n\t\t\t\t<\/div>\n\t\t\t\t\t<\/div>\n\t\t<\/div>\n\t\t\t\t<div class=\"elementor-column elementor-col-25 elementor-inner-column elementor-element elementor-element-4f8d602\" data-id=\"4f8d602\" data-element_type=\"column\">\n\t\t\t<div class=\"elementor-widget-wrap elementor-element-populated\">\n\t\t\t\t\t\t<div class=\"elementor-element elementor-element-1ae4204 elementor-widget elementor-widget-ha-member happy-addon ha-member\" data-id=\"1ae4204\" data-element_type=\"widget\" data-widget_type=\"ha-member.default\">\n\t\t\t\t<div class=\"elementor-widget-container\">\n\t\t\t\t\t\n\t\t\t\t\t<figure class=\"ha-member-figure\">\n\t\t\t\t<img loading=\"lazy\" decoding=\"async\" width=\"666\" height=\"700\" src=\"https:\/\/www.postgradospucv.cl\/wp-content\/uploads\/2025\/10\/CSifon.jpg\" class=\"elementor-animation-disable-animation attachment-full size-full wp-image-11752\" alt=\"\" srcset=\"https:\/\/www.postgradospucv.cl\/wp-content\/uploads\/2025\/10\/CSifon.jpg 666w, https:\/\/www.postgradospucv.cl\/wp-content\/uploads\/2025\/10\/CSifon-285x300.jpg 285w\" sizes=\"(max-width: 666px) 100vw, 666px\" \/>\t\t\t<\/figure>\n\t\t\n\t\t<div class=\"ha-member-body\">\n\t\t\t<h2 class=\"ha-member-name\">Crist\u00f3bal Sif\u00f3n<\/h2>\n\t\t\t\t\t\t\t<div class=\"ha-member-position\">Doctorado en Ciencias F\u00edsicas<\/div>\n\t\t\t\n\t\t\t\n\t\t\t\n\t\t\t\n\t\t\t\t\t<\/div>\n\t\t\t\t\t\t<\/div>\n\t\t\t\t<\/div>\n\t\t\t\t\t<\/div>\n\t\t<\/div>\n\t\t\t\t<div class=\"elementor-column elementor-col-25 elementor-inner-column elementor-element elementor-element-f712139\" data-id=\"f712139\" data-element_type=\"column\">\n\t\t\t<div class=\"elementor-widget-wrap elementor-element-populated\">\n\t\t\t\t\t\t<div class=\"elementor-element elementor-element-075305d elementor-widget elementor-widget-ha-member happy-addon ha-member\" data-id=\"075305d\" data-element_type=\"widget\" data-widget_type=\"ha-member.default\">\n\t\t\t\t<div class=\"elementor-widget-container\">\n\t\t\t\t\t\n\t\t\t\t\t<figure class=\"ha-member-figure\">\n\t\t\t\t<img loading=\"lazy\" decoding=\"async\" width=\"360\" height=\"240\" src=\"https:\/\/www.postgradospucv.cl\/wp-content\/uploads\/2025\/01\/Eduardo-Munoz.jpg\" class=\"elementor-animation-disable-animation attachment-full size-full wp-image-7901\" alt=\"\" srcset=\"https:\/\/www.postgradospucv.cl\/wp-content\/uploads\/2025\/01\/Eduardo-Munoz.jpg 360w, https:\/\/www.postgradospucv.cl\/wp-content\/uploads\/2025\/01\/Eduardo-Munoz-300x200.jpg 300w\" sizes=\"(max-width: 360px) 100vw, 360px\" \/>\t\t\t<\/figure>\n\t\t\n\t\t<div class=\"ha-member-body\">\n\t\t\t<h2 class=\"ha-member-name\">Eduardo Mu\u00f1oz<\/h2>\n\t\t\t\t\t\t\t<div class=\"ha-member-position\">Doctorado en Ciencias con menci\u00f3n en Qu\u00edmica<\/div>\n\t\t\t\n\t\t\t\n\t\t\t\n\t\t\t\n\t\t\t\t\t<\/div>\n\t\t\t\t\t\t<\/div>\n\t\t\t\t<\/div>\n\t\t\t\t\t<\/div>\n\t\t<\/div>\n\t\t\t\t<div class=\"elementor-column elementor-col-25 elementor-inner-column elementor-element elementor-element-b8cbd89\" data-id=\"b8cbd89\" data-element_type=\"column\">\n\t\t\t<div class=\"elementor-widget-wrap elementor-element-populated\">\n\t\t\t\t\t\t<div class=\"elementor-element elementor-element-be57660 elementor-widget elementor-widget-ha-member happy-addon ha-member\" data-id=\"be57660\" data-element_type=\"widget\" data-widget_type=\"ha-member.default\">\n\t\t\t\t<div class=\"elementor-widget-container\">\n\t\t\t\t\t\n\t\t\t\t\t<figure class=\"ha-member-figure\">\n\t\t\t\t<img loading=\"lazy\" decoding=\"async\" width=\"600\" height=\"600\" src=\"https:\/\/www.postgradospucv.cl\/wp-content\/uploads\/2023\/12\/8_Doctorado-en-Ciencias-de-la-Ingenieria-con-mencion-en-Ingenieria-Bioquimica_Alvaro-Diaz.jpg\" class=\"elementor-animation-disable-animation attachment-full size-full wp-image-2441\" alt=\"\" srcset=\"https:\/\/www.postgradospucv.cl\/wp-content\/uploads\/2023\/12\/8_Doctorado-en-Ciencias-de-la-Ingenieria-con-mencion-en-Ingenieria-Bioquimica_Alvaro-Diaz.jpg 600w, https:\/\/www.postgradospucv.cl\/wp-content\/uploads\/2023\/12\/8_Doctorado-en-Ciencias-de-la-Ingenieria-con-mencion-en-Ingenieria-Bioquimica_Alvaro-Diaz-300x300.jpg 300w, https:\/\/www.postgradospucv.cl\/wp-content\/uploads\/2023\/12\/8_Doctorado-en-Ciencias-de-la-Ingenieria-con-mencion-en-Ingenieria-Bioquimica_Alvaro-Diaz-150x150.jpg 150w\" sizes=\"(max-width: 600px) 100vw, 600px\" \/>\t\t\t<\/figure>\n\t\t\n\t\t<div class=\"ha-member-body\">\n\t\t\t<h2 class=\"ha-member-name\">\u00c1lvaro D\u00edaz<\/h2>\n\t\t\t\t\t\t\t<div class=\"ha-member-position\">Doctorado en Cs. de la Ing. c\/m en Ing. Bioqu\u00edmica<\/div>\n\t\t\t\n\t\t\t\n\t\t\t\n\t\t\t\n\t\t\t\t\t<\/div>\n\t\t\t\t\t\t<\/div>\n\t\t\t\t<\/div>\n\t\t\t\t\t<\/div>\n\t\t<\/div>\n\t\t\t\t\t<\/div>\n\t\t<\/section>\n\t\t\t\t<section class=\"elementor-section elementor-inner-section elementor-element elementor-element-da0e3fb elementor-section-boxed elementor-section-height-default elementor-section-height-default\" data-id=\"da0e3fb\" data-element_type=\"section\" data-settings=\"{&quot;_ha_eqh_enable&quot;:false}\">\n\t\t\t\t\t\t<div class=\"elementor-container elementor-column-gap-default\">\n\t\t\t\t\t<div class=\"elementor-column elementor-col-25 elementor-inner-column elementor-element elementor-element-29f4a29\" data-id=\"29f4a29\" data-element_type=\"column\">\n\t\t\t<div class=\"elementor-widget-wrap elementor-element-populated\">\n\t\t\t\t\t\t<div class=\"elementor-element elementor-element-a614cea elementor-widget elementor-widget-ha-member happy-addon ha-member\" data-id=\"a614cea\" data-element_type=\"widget\" data-widget_type=\"ha-member.default\">\n\t\t\t\t<div class=\"elementor-widget-container\">\n\t\t\t\t\t\n\t\t\t\t\t<figure class=\"ha-member-figure\">\n\t\t\t\t<img loading=\"lazy\" decoding=\"async\" width=\"425\" height=\"425\" src=\"https:\/\/www.postgradospucv.cl\/wp-content\/uploads\/2025\/12\/Raul-Nunez.png\" class=\"elementor-animation-disable-animation attachment-full size-full wp-image-11976\" alt=\"\" srcset=\"https:\/\/www.postgradospucv.cl\/wp-content\/uploads\/2025\/12\/Raul-Nunez.png 425w, https:\/\/www.postgradospucv.cl\/wp-content\/uploads\/2025\/12\/Raul-Nunez-300x300.png 300w, https:\/\/www.postgradospucv.cl\/wp-content\/uploads\/2025\/12\/Raul-Nunez-150x150.png 150w\" sizes=\"(max-width: 425px) 100vw, 425px\" \/>\t\t\t<\/figure>\n\t\t\n\t\t<div class=\"ha-member-body\">\n\t\t\t<h2 class=\"ha-member-name\">Ra\u00fal N\u00fa\u00f1ez Ojeda<\/h2>\n\t\t\t\t\t\t\t<div class=\"ha-member-position\">Doctorado en Derecho<\/div>\n\t\t\t\n\t\t\t\n\t\t\t\n\t\t\t\n\t\t\t\t\t<\/div>\n\t\t\t\t\t\t<\/div>\n\t\t\t\t<\/div>\n\t\t\t\t\t<\/div>\n\t\t<\/div>\n\t\t\t\t<div class=\"elementor-column elementor-col-25 elementor-inner-column elementor-element elementor-element-118b2b3\" data-id=\"118b2b3\" data-element_type=\"column\">\n\t\t\t<div class=\"elementor-widget-wrap elementor-element-populated\">\n\t\t\t\t\t\t<div class=\"elementor-element elementor-element-e94966b elementor-widget elementor-widget-ha-member happy-addon ha-member\" data-id=\"e94966b\" data-element_type=\"widget\" data-widget_type=\"ha-member.default\">\n\t\t\t\t<div class=\"elementor-widget-container\">\n\t\t\t\t\t\n\t\t\t\t\t<figure class=\"ha-member-figure\">\n\t\t\t\t<img loading=\"lazy\" decoding=\"async\" width=\"600\" height=\"600\" src=\"https:\/\/www.postgradospucv.cl\/wp-content\/uploads\/2023\/12\/10_Doctorado-en-Didactica-de-las-Ciencias_Diego-Maltrana.jpg\" class=\"elementor-animation-disable-animation attachment-full size-full wp-image-2443\" alt=\"\" srcset=\"https:\/\/www.postgradospucv.cl\/wp-content\/uploads\/2023\/12\/10_Doctorado-en-Didactica-de-las-Ciencias_Diego-Maltrana.jpg 600w, https:\/\/www.postgradospucv.cl\/wp-content\/uploads\/2023\/12\/10_Doctorado-en-Didactica-de-las-Ciencias_Diego-Maltrana-300x300.jpg 300w, https:\/\/www.postgradospucv.cl\/wp-content\/uploads\/2023\/12\/10_Doctorado-en-Didactica-de-las-Ciencias_Diego-Maltrana-150x150.jpg 150w\" sizes=\"(max-width: 600px) 100vw, 600px\" \/>\t\t\t<\/figure>\n\t\t\n\t\t<div class=\"ha-member-body\">\n\t\t\t<h2 class=\"ha-member-name\">Diego Maltrana Romero<\/h2>\n\t\t\t\t\t\t\t<div class=\"ha-member-position\">Doctorado en Did\u00e1ctica de las Ciencias<\/div>\n\t\t\t\n\t\t\t\n\t\t\t\n\t\t\t\n\t\t\t\t\t<\/div>\n\t\t\t\t\t\t<\/div>\n\t\t\t\t<\/div>\n\t\t\t\t\t<\/div>\n\t\t<\/div>\n\t\t\t\t<div class=\"elementor-column elementor-col-25 elementor-inner-column elementor-element elementor-element-224d73b\" data-id=\"224d73b\" data-element_type=\"column\">\n\t\t\t<div class=\"elementor-widget-wrap elementor-element-populated\">\n\t\t\t\t\t\t<div class=\"elementor-element elementor-element-b54664f elementor-widget elementor-widget-ha-member happy-addon ha-member\" data-id=\"b54664f\" data-element_type=\"widget\" data-widget_type=\"ha-member.default\">\n\t\t\t\t<div class=\"elementor-widget-container\">\n\t\t\t\t\t\n\t\t\t\t\t<figure class=\"ha-member-figure\">\n\t\t\t\t<img loading=\"lazy\" decoding=\"async\" width=\"150\" height=\"150\" src=\"https:\/\/www.postgradospucv.cl\/wp-content\/uploads\/2025\/04\/Manuel-Goizueta-150x150-1.jpg\" class=\"elementor-animation-disable-animation attachment-full size-full wp-image-9042\" alt=\"\" \/>\t\t\t<\/figure>\n\t\t\n\t\t<div class=\"ha-member-body\">\n\t\t\t<h2 class=\"ha-member-name\">Manuel Goizueta<\/h2>\n\t\t\t\t\t\t\t<div class=\"ha-member-position\">Doctorado en Did\u00e1ctica de la Matem\u00e1tica<\/div>\n\t\t\t\n\t\t\t\n\t\t\t\n\t\t\t\n\t\t\t\t\t<\/div>\n\t\t\t\t\t\t<\/div>\n\t\t\t\t<\/div>\n\t\t\t\t\t<\/div>\n\t\t<\/div>\n\t\t\t\t<div class=\"elementor-column elementor-col-25 elementor-inner-column elementor-element elementor-element-8c00fe3\" data-id=\"8c00fe3\" data-element_type=\"column\">\n\t\t\t<div class=\"elementor-widget-wrap elementor-element-populated\">\n\t\t\t\t\t\t<div class=\"elementor-element elementor-element-f1b63d9 elementor-widget elementor-widget-ha-member happy-addon ha-member\" data-id=\"f1b63d9\" data-element_type=\"widget\" data-widget_type=\"ha-member.default\">\n\t\t\t\t<div class=\"elementor-widget-container\">\n\t\t\t\t\t\n\t\t\t\t\t<figure class=\"ha-member-figure\">\n\t\t\t\t<img loading=\"lazy\" decoding=\"async\" width=\"600\" height=\"600\" src=\"https:\/\/www.postgradospucv.cl\/wp-content\/uploads\/2023\/12\/12_Doctorado-en-Educacion_Maria-Leonor-Conejeros.jpg\" class=\"elementor-animation-disable-animation attachment-full size-full wp-image-2445\" alt=\"\" srcset=\"https:\/\/www.postgradospucv.cl\/wp-content\/uploads\/2023\/12\/12_Doctorado-en-Educacion_Maria-Leonor-Conejeros.jpg 600w, https:\/\/www.postgradospucv.cl\/wp-content\/uploads\/2023\/12\/12_Doctorado-en-Educacion_Maria-Leonor-Conejeros-300x300.jpg 300w, https:\/\/www.postgradospucv.cl\/wp-content\/uploads\/2023\/12\/12_Doctorado-en-Educacion_Maria-Leonor-Conejeros-150x150.jpg 150w\" sizes=\"(max-width: 600px) 100vw, 600px\" \/>\t\t\t<\/figure>\n\t\t\n\t\t<div class=\"ha-member-body\">\n\t\t\t<h2 class=\"ha-member-name\">Mar\u00eda Leonor Conejeros<\/h2>\n\t\t\t\t\t\t\t<div class=\"ha-member-position\">Doctorado en Educaci\u00f3n<\/div>\n\t\t\t\n\t\t\t\n\t\t\t\n\t\t\t\n\t\t\t\t\t<\/div>\n\t\t\t\t\t\t<\/div>\n\t\t\t\t<\/div>\n\t\t\t\t\t<\/div>\n\t\t<\/div>\n\t\t\t\t\t<\/div>\n\t\t<\/section>\n\t\t\t\t<section class=\"elementor-section elementor-inner-section elementor-element elementor-element-9e5873c elementor-section-boxed elementor-section-height-default elementor-section-height-default\" data-id=\"9e5873c\" data-element_type=\"section\" data-settings=\"{&quot;_ha_eqh_enable&quot;:false}\">\n\t\t\t\t\t\t<div class=\"elementor-container elementor-column-gap-default\">\n\t\t\t\t\t<div class=\"elementor-column elementor-col-25 elementor-inner-column elementor-element elementor-element-ec0ae30\" data-id=\"ec0ae30\" data-element_type=\"column\">\n\t\t\t<div class=\"elementor-widget-wrap elementor-element-populated\">\n\t\t\t\t\t\t<div class=\"elementor-element elementor-element-e073d52 elementor-widget elementor-widget-ha-member happy-addon ha-member\" data-id=\"e073d52\" data-element_type=\"widget\" data-widget_type=\"ha-member.default\">\n\t\t\t\t<div class=\"elementor-widget-container\">\n\t\t\t\t\t\n\t\t\t\t\t<figure class=\"ha-member-figure\">\n\t\t\t\t<img loading=\"lazy\" decoding=\"async\" width=\"1085\" height=\"1280\" src=\"https:\/\/www.postgradospucv.cl\/wp-content\/uploads\/2024\/04\/ignacio_Uribe.jpg\" class=\"elementor-animation-disable-animation attachment-full size-full wp-image-3305\" alt=\"\" srcset=\"https:\/\/www.postgradospucv.cl\/wp-content\/uploads\/2024\/04\/ignacio_Uribe.jpg 1085w, https:\/\/www.postgradospucv.cl\/wp-content\/uploads\/2024\/04\/ignacio_Uribe-254x300.jpg 254w, https:\/\/www.postgradospucv.cl\/wp-content\/uploads\/2024\/04\/ignacio_Uribe-868x1024.jpg 868w, https:\/\/www.postgradospucv.cl\/wp-content\/uploads\/2024\/04\/ignacio_Uribe-768x906.jpg 768w\" sizes=\"(max-width: 1085px) 100vw, 1085px\" \/>\t\t\t<\/figure>\n\t\t\n\t\t<div class=\"ha-member-body\">\n\t\t\t<h2 class=\"ha-member-name\">Ignacio Uribe<\/h2>\n\t\t\t\t\t\t\t<div class=\"ha-member-position\">Doctorado en Filosof\u00eda<\/div>\n\t\t\t\n\t\t\t\n\t\t\t\n\t\t\t\n\t\t\t\t\t<\/div>\n\t\t\t\t\t\t<\/div>\n\t\t\t\t<\/div>\n\t\t\t\t\t<\/div>\n\t\t<\/div>\n\t\t\t\t<div class=\"elementor-column elementor-col-25 elementor-inner-column elementor-element elementor-element-97f0653\" data-id=\"97f0653\" data-element_type=\"column\">\n\t\t\t<div class=\"elementor-widget-wrap elementor-element-populated\">\n\t\t\t\t\t\t<div class=\"elementor-element elementor-element-c17ed36 elementor-widget elementor-widget-ha-member happy-addon ha-member\" data-id=\"c17ed36\" data-element_type=\"widget\" data-widget_type=\"ha-member.default\">\n\t\t\t\t<div class=\"elementor-widget-container\">\n\t\t\t\t\t\n\t\t\t\t\t<figure class=\"ha-member-figure\">\n\t\t\t\t<img loading=\"lazy\" decoding=\"async\" width=\"600\" height=\"600\" src=\"https:\/\/www.postgradospucv.cl\/wp-content\/uploads\/2023\/12\/34_Magister-en-Historia_Claudio-LLanos.jpg\" class=\"elementor-animation-disable-animation attachment-full size-full wp-image-2465\" alt=\"\" srcset=\"https:\/\/www.postgradospucv.cl\/wp-content\/uploads\/2023\/12\/34_Magister-en-Historia_Claudio-LLanos.jpg 600w, https:\/\/www.postgradospucv.cl\/wp-content\/uploads\/2023\/12\/34_Magister-en-Historia_Claudio-LLanos-300x300.jpg 300w, https:\/\/www.postgradospucv.cl\/wp-content\/uploads\/2023\/12\/34_Magister-en-Historia_Claudio-LLanos-150x150.jpg 150w\" sizes=\"(max-width: 600px) 100vw, 600px\" \/>\t\t\t<\/figure>\n\t\t\n\t\t<div class=\"ha-member-body\">\n\t\t\t<h2 class=\"ha-member-name\">Claudio Llanos<\/h2>\n\t\t\t\t\t\t\t<div class=\"ha-member-position\">Doctorado en Historia<\/div>\n\t\t\t\n\t\t\t\n\t\t\t\n\t\t\t\n\t\t\t\t\t<\/div>\n\t\t\t\t\t\t<\/div>\n\t\t\t\t<\/div>\n\t\t\t\t\t<\/div>\n\t\t<\/div>\n\t\t\t\t<div class=\"elementor-column elementor-col-25 elementor-inner-column elementor-element elementor-element-8ccdc1b\" data-id=\"8ccdc1b\" data-element_type=\"column\">\n\t\t\t<div class=\"elementor-widget-wrap elementor-element-populated\">\n\t\t\t\t\t\t<div class=\"elementor-element elementor-element-3c4a80e elementor-widget elementor-widget-ha-member happy-addon ha-member\" data-id=\"3c4a80e\" data-element_type=\"widget\" data-widget_type=\"ha-member.default\">\n\t\t\t\t<div class=\"elementor-widget-container\">\n\t\t\t\t\t\n\t\t\t\t\t<figure class=\"ha-member-figure\">\n\t\t\t\t<img loading=\"lazy\" decoding=\"async\" width=\"600\" height=\"600\" src=\"https:\/\/www.postgradospucv.cl\/wp-content\/uploads\/2023\/12\/15_Doctorado-en-Industria-Inteligente_AlvaroPena.jpg\" class=\"elementor-animation-disable-animation attachment-full size-full wp-image-2448\" alt=\"\" srcset=\"https:\/\/www.postgradospucv.cl\/wp-content\/uploads\/2023\/12\/15_Doctorado-en-Industria-Inteligente_AlvaroPena.jpg 600w, https:\/\/www.postgradospucv.cl\/wp-content\/uploads\/2023\/12\/15_Doctorado-en-Industria-Inteligente_AlvaroPena-300x300.jpg 300w, https:\/\/www.postgradospucv.cl\/wp-content\/uploads\/2023\/12\/15_Doctorado-en-Industria-Inteligente_AlvaroPena-150x150.jpg 150w\" sizes=\"(max-width: 600px) 100vw, 600px\" \/>\t\t\t<\/figure>\n\t\t\n\t\t<div class=\"ha-member-body\">\n\t\t\t<h2 class=\"ha-member-name\">Alvaro Pe\u00f1a<\/h2>\n\t\t\t\t\t\t\t<div class=\"ha-member-position\">Doctorado en Industria Inteligente<\/div>\n\t\t\t\n\t\t\t\n\t\t\t\n\t\t\t\n\t\t\t\t\t<\/div>\n\t\t\t\t\t\t<\/div>\n\t\t\t\t<\/div>\n\t\t\t\t\t<\/div>\n\t\t<\/div>\n\t\t\t\t<div class=\"elementor-column elementor-col-25 elementor-inner-column elementor-element elementor-element-629ea7a\" data-id=\"629ea7a\" data-element_type=\"column\">\n\t\t\t<div class=\"elementor-widget-wrap elementor-element-populated\">\n\t\t\t\t\t\t<div class=\"elementor-element elementor-element-adad5be elementor-widget elementor-widget-ha-member happy-addon ha-member\" data-id=\"adad5be\" data-element_type=\"widget\" data-widget_type=\"ha-member.default\">\n\t\t\t\t<div class=\"elementor-widget-container\">\n\t\t\t\t\t\n\t\t\t\t\t<figure class=\"ha-member-figure\">\n\t\t\t\t<img loading=\"lazy\" decoding=\"async\" width=\"600\" height=\"600\" src=\"https:\/\/www.postgradospucv.cl\/wp-content\/uploads\/2023\/12\/16_Doctorado-en-Ingenieria-Electrica_Mauricio-Rodriguez.jpg\" class=\"elementor-animation-disable-animation attachment-full size-full wp-image-2449\" alt=\"\" srcset=\"https:\/\/www.postgradospucv.cl\/wp-content\/uploads\/2023\/12\/16_Doctorado-en-Ingenieria-Electrica_Mauricio-Rodriguez.jpg 600w, https:\/\/www.postgradospucv.cl\/wp-content\/uploads\/2023\/12\/16_Doctorado-en-Ingenieria-Electrica_Mauricio-Rodriguez-300x300.jpg 300w, https:\/\/www.postgradospucv.cl\/wp-content\/uploads\/2023\/12\/16_Doctorado-en-Ingenieria-Electrica_Mauricio-Rodriguez-150x150.jpg 150w\" sizes=\"(max-width: 600px) 100vw, 600px\" \/>\t\t\t<\/figure>\n\t\t\n\t\t<div class=\"ha-member-body\">\n\t\t\t<h2 class=\"ha-member-name\">Mauricio Rodr\u00edguez<\/h2>\n\t\t\t\t\t\t\t<div class=\"ha-member-position\">Doctorado en Ingenier\u00eda El\u00e9ctrica<\/div>\n\t\t\t\n\t\t\t\n\t\t\t\n\t\t\t\n\t\t\t\t\t<\/div>\n\t\t\t\t\t\t<\/div>\n\t\t\t\t<\/div>\n\t\t\t\t\t<\/div>\n\t\t<\/div>\n\t\t\t\t\t<\/div>\n\t\t<\/section>\n\t\t\t\t<section class=\"elementor-section elementor-inner-section elementor-element elementor-element-33a561f elementor-section-boxed elementor-section-height-default elementor-section-height-default\" data-id=\"33a561f\" data-element_type=\"section\" data-settings=\"{&quot;_ha_eqh_enable&quot;:false}\">\n\t\t\t\t\t\t<div class=\"elementor-container elementor-column-gap-default\">\n\t\t\t\t\t<div class=\"elementor-column elementor-col-25 elementor-inner-column elementor-element elementor-element-06e1353\" data-id=\"06e1353\" data-element_type=\"column\">\n\t\t\t<div class=\"elementor-widget-wrap elementor-element-populated\">\n\t\t\t\t\t\t<div class=\"elementor-element elementor-element-2822883 elementor-widget elementor-widget-ha-member happy-addon ha-member\" data-id=\"2822883\" data-element_type=\"widget\" data-widget_type=\"ha-member.default\">\n\t\t\t\t<div class=\"elementor-widget-container\">\n\t\t\t\t\t\n\t\t\t\t\t<figure class=\"ha-member-figure\">\n\t\t\t\t<img loading=\"lazy\" decoding=\"async\" width=\"750\" height=\"600\" src=\"https:\/\/www.postgradospucv.cl\/wp-content\/uploads\/2025\/09\/BECAS.jpg\" class=\"elementor-animation-disable-animation attachment-full size-full wp-image-11527\" alt=\"\" srcset=\"https:\/\/www.postgradospucv.cl\/wp-content\/uploads\/2025\/09\/BECAS.jpg 750w, https:\/\/www.postgradospucv.cl\/wp-content\/uploads\/2025\/09\/BECAS-300x240.jpg 300w\" sizes=\"(max-width: 750px) 100vw, 750px\" \/>\t\t\t<\/figure>\n\t\t\n\t\t<div class=\"ha-member-body\">\n\t\t\t<h2 class=\"ha-member-name\">Broderick Crawford Labr\u00edn<\/h2>\n\t\t\t\t\t\t\t<div class=\"ha-member-position\">Doctorado en Ingenier\u00eda Inform\u00e1tica<\/div>\n\t\t\t\n\t\t\t\n\t\t\t\n\t\t\t\n\t\t\t\t\t<\/div>\n\t\t\t\t\t\t<\/div>\n\t\t\t\t<\/div>\n\t\t\t\t\t<\/div>\n\t\t<\/div>\n\t\t\t\t<div class=\"elementor-column elementor-col-25 elementor-inner-column elementor-element elementor-element-bee4252\" data-id=\"bee4252\" data-element_type=\"column\">\n\t\t\t<div class=\"elementor-widget-wrap elementor-element-populated\">\n\t\t\t\t\t\t<div class=\"elementor-element elementor-element-ae607e7 elementor-widget elementor-widget-ha-member happy-addon ha-member\" data-id=\"ae607e7\" data-element_type=\"widget\" data-widget_type=\"ha-member.default\">\n\t\t\t\t<div class=\"elementor-widget-container\">\n\t\t\t\t\t\n\t\t\t\t\t<figure class=\"ha-member-figure\">\n\t\t\t\t<img loading=\"lazy\" decoding=\"async\" width=\"600\" height=\"600\" src=\"https:\/\/www.postgradospucv.cl\/wp-content\/uploads\/2023\/12\/18_Doctorado-en-Ingenieria-Industrial_Felipe-Feijoo.jpg\" class=\"elementor-animation-disable-animation attachment-full size-full wp-image-2451\" alt=\"\" srcset=\"https:\/\/www.postgradospucv.cl\/wp-content\/uploads\/2023\/12\/18_Doctorado-en-Ingenieria-Industrial_Felipe-Feijoo.jpg 600w, https:\/\/www.postgradospucv.cl\/wp-content\/uploads\/2023\/12\/18_Doctorado-en-Ingenieria-Industrial_Felipe-Feijoo-300x300.jpg 300w, https:\/\/www.postgradospucv.cl\/wp-content\/uploads\/2023\/12\/18_Doctorado-en-Ingenieria-Industrial_Felipe-Feijoo-150x150.jpg 150w\" sizes=\"(max-width: 600px) 100vw, 600px\" \/>\t\t\t<\/figure>\n\t\t\n\t\t<div class=\"ha-member-body\">\n\t\t\t<h2 class=\"ha-member-name\">Felipe Feijoo Palacios<\/h2>\n\t\t\t\t\t\t\t<div class=\"ha-member-position\">Doctorado en Ingenier\u00eda Industrial<\/div>\n\t\t\t\n\t\t\t\n\t\t\t\n\t\t\t\n\t\t\t\t\t<\/div>\n\t\t\t\t\t\t<\/div>\n\t\t\t\t<\/div>\n\t\t\t\t\t<\/div>\n\t\t<\/div>\n\t\t\t\t<div class=\"elementor-column elementor-col-25 elementor-inner-column elementor-element elementor-element-ce78c5b\" data-id=\"ce78c5b\" data-element_type=\"column\">\n\t\t\t<div class=\"elementor-widget-wrap elementor-element-populated\">\n\t\t\t\t\t\t<div class=\"elementor-element elementor-element-feade13 elementor-widget elementor-widget-ha-member happy-addon ha-member\" data-id=\"feade13\" data-element_type=\"widget\" data-widget_type=\"ha-member.default\">\n\t\t\t\t<div class=\"elementor-widget-container\">\n\t\t\t\t\t\n\t\t\t\t\t<figure class=\"ha-member-figure\">\n\t\t\t\t<img loading=\"lazy\" decoding=\"async\" width=\"238\" height=\"238\" src=\"https:\/\/www.postgradospucv.cl\/wp-content\/uploads\/2025\/10\/Gonzalez-arias.jpg\" class=\"elementor-animation-disable-animation attachment-full size-full wp-image-11765\" alt=\"\" srcset=\"https:\/\/www.postgradospucv.cl\/wp-content\/uploads\/2025\/10\/Gonzalez-arias.jpg 238w, https:\/\/www.postgradospucv.cl\/wp-content\/uploads\/2025\/10\/Gonzalez-arias-150x150.jpg 150w\" sizes=\"(max-width: 238px) 100vw, 238px\" \/>\t\t\t<\/figure>\n\t\t\n\t\t<div class=\"ha-member-body\">\n\t\t\t<h2 class=\"ha-member-name\">Cristian Gonz\u00e1lez<\/h2>\n\t\t\t\t\t\t\t<div class=\"ha-member-position\">Doctorado en Ling\u00fc\u00edstica<\/div>\n\t\t\t\n\t\t\t\n\t\t\t\n\t\t\t\n\t\t\t\t\t<\/div>\n\t\t\t\t\t\t<\/div>\n\t\t\t\t<\/div>\n\t\t\t\t\t<\/div>\n\t\t<\/div>\n\t\t\t\t<div class=\"elementor-column elementor-col-25 elementor-inner-column elementor-element elementor-element-d8aa49d\" data-id=\"d8aa49d\" data-element_type=\"column\">\n\t\t\t<div class=\"elementor-widget-wrap elementor-element-populated\">\n\t\t\t\t\t\t<div class=\"elementor-element elementor-element-beff5b3 elementor-widget elementor-widget-ha-member happy-addon ha-member\" data-id=\"beff5b3\" data-element_type=\"widget\" data-widget_type=\"ha-member.default\">\n\t\t\t\t<div class=\"elementor-widget-container\">\n\t\t\t\t\t\n\t\t\t\t\t<figure class=\"ha-member-figure\">\n\t\t\t\t<img loading=\"lazy\" decoding=\"async\" width=\"2291\" height=\"2291\" src=\"https:\/\/www.postgradospucv.cl\/wp-content\/uploads\/2024\/05\/Foto-actualizada-Hugo-Herrera-web-1.jpeg\" class=\"elementor-animation-disable-animation attachment-full size-full wp-image-4764\" alt=\"\" srcset=\"https:\/\/www.postgradospucv.cl\/wp-content\/uploads\/2024\/05\/Foto-actualizada-Hugo-Herrera-web-1.jpeg 2291w, https:\/\/www.postgradospucv.cl\/wp-content\/uploads\/2024\/05\/Foto-actualizada-Hugo-Herrera-web-1-300x300.jpeg 300w, https:\/\/www.postgradospucv.cl\/wp-content\/uploads\/2024\/05\/Foto-actualizada-Hugo-Herrera-web-1-1024x1024.jpeg 1024w, https:\/\/www.postgradospucv.cl\/wp-content\/uploads\/2024\/05\/Foto-actualizada-Hugo-Herrera-web-1-150x150.jpeg 150w, https:\/\/www.postgradospucv.cl\/wp-content\/uploads\/2024\/05\/Foto-actualizada-Hugo-Herrera-web-1-768x768.jpeg 768w, https:\/\/www.postgradospucv.cl\/wp-content\/uploads\/2024\/05\/Foto-actualizada-Hugo-Herrera-web-1-1536x1536.jpeg 1536w, https:\/\/www.postgradospucv.cl\/wp-content\/uploads\/2024\/05\/Foto-actualizada-Hugo-Herrera-web-1-2048x2048.jpeg 2048w\" sizes=\"(max-width: 2291px) 100vw, 2291px\" \/>\t\t\t<\/figure>\n\t\t\n\t\t<div class=\"ha-member-body\">\n\t\t\t<h2 class=\"ha-member-name\">Hugo Herrera P.<\/h2>\n\t\t\t\t\t\t\t<div class=\"ha-member-position\">Doctorado en Literatura<\/div>\n\t\t\t\n\t\t\t\n\t\t\t\n\t\t\t\n\t\t\t\t\t<\/div>\n\t\t\t\t\t\t<\/div>\n\t\t\t\t<\/div>\n\t\t\t\t\t<\/div>\n\t\t<\/div>\n\t\t\t\t\t<\/div>\n\t\t<\/section>\n\t\t\t\t<section class=\"elementor-section elementor-inner-section elementor-element elementor-element-553ea66 elementor-section-boxed elementor-section-height-default elementor-section-height-default\" data-id=\"553ea66\" data-element_type=\"section\" data-settings=\"{&quot;_ha_eqh_enable&quot;:false}\">\n\t\t\t\t\t\t<div class=\"elementor-container elementor-column-gap-default\">\n\t\t\t\t\t<div class=\"elementor-column elementor-col-25 elementor-inner-column elementor-element elementor-element-3cee53a\" data-id=\"3cee53a\" data-element_type=\"column\">\n\t\t\t<div class=\"elementor-widget-wrap elementor-element-populated\">\n\t\t\t\t\t\t<div class=\"elementor-element elementor-element-79a95c2 elementor-widget elementor-widget-ha-member happy-addon ha-member\" data-id=\"79a95c2\" data-element_type=\"widget\" data-widget_type=\"ha-member.default\">\n\t\t\t\t<div class=\"elementor-widget-container\">\n\t\t\t\t\t\n\t\t\t\t\t<figure class=\"ha-member-figure\">\n\t\t\t\t<img loading=\"lazy\" decoding=\"async\" width=\"600\" height=\"600\" src=\"https:\/\/www.postgradospucv.cl\/wp-content\/uploads\/2023\/12\/21_Doctorado-en-Matematicas_Luis-lomeli.jpg\" class=\"elementor-animation-disable-animation attachment-full size-full wp-image-2454\" alt=\"\" srcset=\"https:\/\/www.postgradospucv.cl\/wp-content\/uploads\/2023\/12\/21_Doctorado-en-Matematicas_Luis-lomeli.jpg 600w, https:\/\/www.postgradospucv.cl\/wp-content\/uploads\/2023\/12\/21_Doctorado-en-Matematicas_Luis-lomeli-300x300.jpg 300w, https:\/\/www.postgradospucv.cl\/wp-content\/uploads\/2023\/12\/21_Doctorado-en-Matematicas_Luis-lomeli-150x150.jpg 150w\" sizes=\"(max-width: 600px) 100vw, 600px\" \/>\t\t\t<\/figure>\n\t\t\n\t\t<div class=\"ha-member-body\">\n\t\t\t<h2 class=\"ha-member-name\">Luis Alberto Lomeli<\/h2>\n\t\t\t\t\t\t\t<div class=\"ha-member-position\">Doctorado en Matem\u00e1tica<\/div>\n\t\t\t\n\t\t\t\n\t\t\t\n\t\t\t\n\t\t\t\t\t<\/div>\n\t\t\t\t\t\t<\/div>\n\t\t\t\t<\/div>\n\t\t\t\t\t<\/div>\n\t\t<\/div>\n\t\t\t\t<div class=\"elementor-column elementor-col-25 elementor-inner-column elementor-element elementor-element-75014c6\" data-id=\"75014c6\" data-element_type=\"column\">\n\t\t\t<div class=\"elementor-widget-wrap elementor-element-populated\">\n\t\t\t\t\t\t<div class=\"elementor-element elementor-element-c6d1419 elementor-widget elementor-widget-ha-member happy-addon ha-member\" data-id=\"c6d1419\" data-element_type=\"widget\" data-widget_type=\"ha-member.default\">\n\t\t\t\t<div class=\"elementor-widget-container\">\n\t\t\t\t\t\n\t\t\t\t\t<figure class=\"ha-member-figure\">\n\t\t\t\t<img loading=\"lazy\" decoding=\"async\" width=\"500\" height=\"500\" src=\"https:\/\/www.postgradospucv.cl\/wp-content\/uploads\/2024\/05\/manuela-garcia.jpg\" class=\"elementor-animation-disable-animation attachment-full size-full wp-image-4437\" alt=\"\" srcset=\"https:\/\/www.postgradospucv.cl\/wp-content\/uploads\/2024\/05\/manuela-garcia.jpg 500w, https:\/\/www.postgradospucv.cl\/wp-content\/uploads\/2024\/05\/manuela-garcia-300x300.jpg 300w, https:\/\/www.postgradospucv.cl\/wp-content\/uploads\/2024\/05\/manuela-garcia-150x150.jpg 150w\" sizes=\"(max-width: 500px) 100vw, 500px\" \/>\t\t\t<\/figure>\n\t\t\n\t\t<div class=\"ha-member-body\">\n\t\t\t<h2 class=\"ha-member-name\">Manuela Garc\u00eda<\/h2>\n\t\t\t\t\t\t\t<div class=\"ha-member-position\">Doctorado en Psicolog\u00eda<\/div>\n\t\t\t\n\t\t\t\n\t\t\t\n\t\t\t\n\t\t\t\t\t<\/div>\n\t\t\t\t\t\t<\/div>\n\t\t\t\t<\/div>\n\t\t\t\t\t<\/div>\n\t\t<\/div>\n\t\t\t\t<div class=\"elementor-column elementor-col-25 elementor-inner-column elementor-element elementor-element-676741a\" data-id=\"676741a\" data-element_type=\"column\">\n\t\t\t<div class=\"elementor-widget-wrap elementor-element-populated\">\n\t\t\t\t\t\t<div class=\"elementor-element elementor-element-2597450 elementor-widget elementor-widget-ha-member happy-addon ha-member\" data-id=\"2597450\" data-element_type=\"widget\" data-widget_type=\"ha-member.default\">\n\t\t\t\t<div class=\"elementor-widget-container\">\n\t\t\t\t\t\n\t\t\t\t\t<figure class=\"ha-member-figure\">\n\t\t\t\t<img loading=\"lazy\" decoding=\"async\" width=\"500\" height=\"500\" src=\"https:\/\/www.postgradospucv.cl\/wp-content\/uploads\/2026\/03\/500px-Juan-carlos-jeldes.jpg\" class=\"elementor-animation-disable-animation attachment-full size-full wp-image-12361\" alt=\"\" srcset=\"https:\/\/www.postgradospucv.cl\/wp-content\/uploads\/2026\/03\/500px-Juan-carlos-jeldes.jpg 500w, https:\/\/www.postgradospucv.cl\/wp-content\/uploads\/2026\/03\/500px-Juan-carlos-jeldes-300x300.jpg 300w, https:\/\/www.postgradospucv.cl\/wp-content\/uploads\/2026\/03\/500px-Juan-carlos-jeldes-150x150.jpg 150w\" sizes=\"(max-width: 500px) 100vw, 500px\" \/>\t\t\t<\/figure>\n\t\t\n\t\t<div class=\"ha-member-body\">\n\t\t\t<h2 class=\"ha-member-name\">JuanCarlos Jeldes Pontio<\/h2>\n\t\t\t\t\t\t\t<div class=\"ha-member-position\">Mag\u00edster en Arquitectura y Dise\u00f1o<\/div>\n\t\t\t\n\t\t\t\n\t\t\t\n\t\t\t\n\t\t\t\t\t<\/div>\n\t\t\t\t\t\t<\/div>\n\t\t\t\t<\/div>\n\t\t\t\t\t<\/div>\n\t\t<\/div>\n\t\t\t\t<div class=\"elementor-column elementor-col-25 elementor-inner-column elementor-element elementor-element-c8ee391\" data-id=\"c8ee391\" data-element_type=\"column\">\n\t\t\t<div class=\"elementor-widget-wrap elementor-element-populated\">\n\t\t\t\t\t\t<div class=\"elementor-element elementor-element-f4e4203 elementor-widget elementor-widget-ha-member happy-addon ha-member\" data-id=\"f4e4203\" data-element_type=\"widget\" data-widget_type=\"ha-member.default\">\n\t\t\t\t<div class=\"elementor-widget-container\">\n\t\t\t\t\t\n\t\t\t\t\t<figure class=\"ha-member-figure\">\n\t\t\t\t<img loading=\"lazy\" decoding=\"async\" width=\"600\" height=\"600\" src=\"https:\/\/www.postgradospucv.cl\/wp-content\/uploads\/2023\/12\/24_Magister-en-Ciencias-Agronomicas-y-Ambientales.jpg\" class=\"elementor-animation-disable-animation attachment-full size-full wp-image-2457\" alt=\"\" srcset=\"https:\/\/www.postgradospucv.cl\/wp-content\/uploads\/2023\/12\/24_Magister-en-Ciencias-Agronomicas-y-Ambientales.jpg 600w, https:\/\/www.postgradospucv.cl\/wp-content\/uploads\/2023\/12\/24_Magister-en-Ciencias-Agronomicas-y-Ambientales-300x300.jpg 300w, https:\/\/www.postgradospucv.cl\/wp-content\/uploads\/2023\/12\/24_Magister-en-Ciencias-Agronomicas-y-Ambientales-150x150.jpg 150w\" sizes=\"(max-width: 600px) 100vw, 600px\" \/>\t\t\t<\/figure>\n\t\t\n\t\t<div class=\"ha-member-body\">\n\t\t\t<h2 class=\"ha-member-name\">Alejandro C\u00e1ceres<\/h2>\n\t\t\t\t\t\t\t<div class=\"ha-member-position\">Mag\u00edster en Ciencias Agron\u00f3micas y Ambientales<\/div>\n\t\t\t\n\t\t\t\n\t\t\t\n\t\t\t\n\t\t\t\t\t<\/div>\n\t\t\t\t\t\t<\/div>\n\t\t\t\t<\/div>\n\t\t\t\t\t<\/div>\n\t\t<\/div>\n\t\t\t\t\t<\/div>\n\t\t<\/section>\n\t\t\t\t<section class=\"elementor-section elementor-inner-section elementor-element elementor-element-65f472b elementor-section-boxed elementor-section-height-default elementor-section-height-default\" data-id=\"65f472b\" data-element_type=\"section\" data-settings=\"{&quot;_ha_eqh_enable&quot;:false}\">\n\t\t\t\t\t\t<div class=\"elementor-container elementor-column-gap-default\">\n\t\t\t\t\t<div class=\"elementor-column elementor-col-25 elementor-inner-column elementor-element elementor-element-02bc8f2\" data-id=\"02bc8f2\" data-element_type=\"column\">\n\t\t\t<div class=\"elementor-widget-wrap elementor-element-populated\">\n\t\t\t\t\t\t<div class=\"elementor-element elementor-element-cda3335 elementor-widget elementor-widget-ha-member happy-addon ha-member\" data-id=\"cda3335\" data-element_type=\"widget\" data-widget_type=\"ha-member.default\">\n\t\t\t\t<div class=\"elementor-widget-container\">\n\t\t\t\t\t\n\t\t\t\t\t<figure class=\"ha-member-figure\">\n\t\t\t\t<img loading=\"lazy\" decoding=\"async\" width=\"600\" height=\"600\" src=\"https:\/\/www.postgradospucv.cl\/wp-content\/uploads\/2023\/12\/25_Magister-en-Ciencias-Biologicas_Gaston-Carvallo.jpg\" class=\"elementor-animation-disable-animation attachment-full size-full wp-image-2458\" alt=\"\" srcset=\"https:\/\/www.postgradospucv.cl\/wp-content\/uploads\/2023\/12\/25_Magister-en-Ciencias-Biologicas_Gaston-Carvallo.jpg 600w, https:\/\/www.postgradospucv.cl\/wp-content\/uploads\/2023\/12\/25_Magister-en-Ciencias-Biologicas_Gaston-Carvallo-300x300.jpg 300w, https:\/\/www.postgradospucv.cl\/wp-content\/uploads\/2023\/12\/25_Magister-en-Ciencias-Biologicas_Gaston-Carvallo-150x150.jpg 150w\" sizes=\"(max-width: 600px) 100vw, 600px\" \/>\t\t\t<\/figure>\n\t\t\n\t\t<div class=\"ha-member-body\">\n\t\t\t<h2 class=\"ha-member-name\">Gast\u00f3n Carvallo<\/h2>\n\t\t\t\t\t\t\t<div class=\"ha-member-position\">Mag\u00edster en Ciencias Biol\u00f3gicas<\/div>\n\t\t\t\n\t\t\t\n\t\t\t\n\t\t\t\n\t\t\t\t\t<\/div>\n\t\t\t\t\t\t<\/div>\n\t\t\t\t<\/div>\n\t\t\t\t\t<\/div>\n\t\t<\/div>\n\t\t\t\t<div class=\"elementor-column elementor-col-25 elementor-inner-column elementor-element elementor-element-f592e67\" data-id=\"f592e67\" data-element_type=\"column\">\n\t\t\t<div class=\"elementor-widget-wrap elementor-element-populated\">\n\t\t\t\t\t\t<div class=\"elementor-element elementor-element-1b24144 elementor-widget elementor-widget-ha-member happy-addon ha-member\" data-id=\"1b24144\" data-element_type=\"widget\" data-widget_type=\"ha-member.default\">\n\t\t\t\t<div class=\"elementor-widget-container\">\n\t\t\t\t\t\n\t\t\t\t\t<figure class=\"ha-member-figure\">\n\t\t\t\t<img loading=\"lazy\" decoding=\"async\" width=\"600\" height=\"600\" src=\"https:\/\/www.postgradospucv.cl\/wp-content\/uploads\/2023\/12\/Carlos-Reusser-Franck.jpg\" class=\"elementor-animation-disable-animation attachment-full size-full wp-image-2681\" alt=\"\" srcset=\"https:\/\/www.postgradospucv.cl\/wp-content\/uploads\/2023\/12\/Carlos-Reusser-Franck.jpg 600w, https:\/\/www.postgradospucv.cl\/wp-content\/uploads\/2023\/12\/Carlos-Reusser-Franck-300x300.jpg 300w, https:\/\/www.postgradospucv.cl\/wp-content\/uploads\/2023\/12\/Carlos-Reusser-Franck-150x150.jpg 150w\" sizes=\"(max-width: 600px) 100vw, 600px\" \/>\t\t\t<\/figure>\n\t\t\n\t\t<div class=\"ha-member-body\">\n\t\t\t<h2 class=\"ha-member-name\">Carlos Reusser Franck<\/h2>\n\t\t\t\t\t\t\t<div class=\"ha-member-position\">Mag\u00edster en Ciencias de la Ingenier\u00eda con menci\u00f3n en Ingenier\u00eda El\u00e9ctrica<\/div>\n\t\t\t\n\t\t\t\n\t\t\t\n\t\t\t\n\t\t\t\t\t<\/div>\n\t\t\t\t\t\t<\/div>\n\t\t\t\t<\/div>\n\t\t\t\t\t<\/div>\n\t\t<\/div>\n\t\t\t\t<div class=\"elementor-column elementor-col-25 elementor-inner-column elementor-element elementor-element-b6fcbcb\" data-id=\"b6fcbcb\" data-element_type=\"column\">\n\t\t\t<div class=\"elementor-widget-wrap elementor-element-populated\">\n\t\t\t\t\t\t<div class=\"elementor-element elementor-element-38b0c92 elementor-widget elementor-widget-ha-member happy-addon ha-member\" data-id=\"38b0c92\" data-element_type=\"widget\" data-widget_type=\"ha-member.default\">\n\t\t\t\t<div class=\"elementor-widget-container\">\n\t\t\t\t\t\n\t\t\t\t\t<figure class=\"ha-member-figure\">\n\t\t\t\t<img loading=\"lazy\" decoding=\"async\" width=\"600\" height=\"600\" src=\"https:\/\/www.postgradospucv.cl\/wp-content\/uploads\/2023\/12\/8_Doctorado-en-Ciencias-de-la-Ingenieria-con-mencion-en-Ingenieria-Bioquimica_Alvaro-Diaz.jpg\" class=\"elementor-animation-disable-animation attachment-full size-full wp-image-2441\" alt=\"\" srcset=\"https:\/\/www.postgradospucv.cl\/wp-content\/uploads\/2023\/12\/8_Doctorado-en-Ciencias-de-la-Ingenieria-con-mencion-en-Ingenieria-Bioquimica_Alvaro-Diaz.jpg 600w, https:\/\/www.postgradospucv.cl\/wp-content\/uploads\/2023\/12\/8_Doctorado-en-Ciencias-de-la-Ingenieria-con-mencion-en-Ingenieria-Bioquimica_Alvaro-Diaz-300x300.jpg 300w, https:\/\/www.postgradospucv.cl\/wp-content\/uploads\/2023\/12\/8_Doctorado-en-Ciencias-de-la-Ingenieria-con-mencion-en-Ingenieria-Bioquimica_Alvaro-Diaz-150x150.jpg 150w\" sizes=\"(max-width: 600px) 100vw, 600px\" \/>\t\t\t<\/figure>\n\t\t\n\t\t<div class=\"ha-member-body\">\n\t\t\t<h2 class=\"ha-member-name\">\u00c1lvaro D\u00edaz<\/h2>\n\t\t\t\t\t\t\t<div class=\"ha-member-position\">Mag\u00edster en Ciencias de la Ingenier\u00eda con menci\u00f3n en Ingenier\u00eda Bioqu\u00edmica<\/div>\n\t\t\t\n\t\t\t\n\t\t\t\n\t\t\t\n\t\t\t\t\t<\/div>\n\t\t\t\t\t\t<\/div>\n\t\t\t\t<\/div>\n\t\t\t\t\t<\/div>\n\t\t<\/div>\n\t\t\t\t<div class=\"elementor-column elementor-col-25 elementor-inner-column elementor-element elementor-element-dc35c0e\" data-id=\"dc35c0e\" data-element_type=\"column\">\n\t\t\t<div class=\"elementor-widget-wrap elementor-element-populated\">\n\t\t\t\t\t\t<div class=\"elementor-element elementor-element-011538e elementor-widget elementor-widget-ha-member happy-addon ha-member\" data-id=\"011538e\" data-element_type=\"widget\" data-widget_type=\"ha-member.default\">\n\t\t\t\t<div class=\"elementor-widget-container\">\n\t\t\t\t\t\n\t\t\t\t\t<figure class=\"ha-member-figure\">\n\t\t\t\t<img loading=\"lazy\" decoding=\"async\" width=\"600\" height=\"600\" src=\"https:\/\/www.postgradospucv.cl\/wp-content\/uploads\/2023\/12\/6_Doctorado-en-Ciencias-Fisicas_Nelson-Videla.jpg\" class=\"elementor-animation-disable-animation attachment-full size-full wp-image-2439\" alt=\"\" srcset=\"https:\/\/www.postgradospucv.cl\/wp-content\/uploads\/2023\/12\/6_Doctorado-en-Ciencias-Fisicas_Nelson-Videla.jpg 600w, https:\/\/www.postgradospucv.cl\/wp-content\/uploads\/2023\/12\/6_Doctorado-en-Ciencias-Fisicas_Nelson-Videla-300x300.jpg 300w, https:\/\/www.postgradospucv.cl\/wp-content\/uploads\/2023\/12\/6_Doctorado-en-Ciencias-Fisicas_Nelson-Videla-150x150.jpg 150w\" sizes=\"(max-width: 600px) 100vw, 600px\" \/>\t\t\t<\/figure>\n\t\t\n\t\t<div class=\"ha-member-body\">\n\t\t\t<h2 class=\"ha-member-name\">Nelson Videla<\/h2>\n\t\t\t\t\t\t\t<div class=\"ha-member-position\">Mag\u00edster en Ciencias con menci\u00f3n en F\u00edsica<\/div>\n\t\t\t\n\t\t\t\n\t\t\t\n\t\t\t\n\t\t\t\t\t<\/div>\n\t\t\t\t\t\t<\/div>\n\t\t\t\t<\/div>\n\t\t\t\t\t<\/div>\n\t\t<\/div>\n\t\t\t\t\t<\/div>\n\t\t<\/section>\n\t\t\t\t<section class=\"elementor-section elementor-inner-section elementor-element elementor-element-8810f17 elementor-section-boxed elementor-section-height-default elementor-section-height-default\" data-id=\"8810f17\" data-element_type=\"section\" data-settings=\"{&quot;_ha_eqh_enable&quot;:false}\">\n\t\t\t\t\t\t<div class=\"elementor-container elementor-column-gap-default\">\n\t\t\t\t\t<div class=\"elementor-column elementor-col-25 elementor-inner-column elementor-element elementor-element-3d17b37\" data-id=\"3d17b37\" data-element_type=\"column\">\n\t\t\t<div class=\"elementor-widget-wrap elementor-element-populated\">\n\t\t\t\t\t\t<div class=\"elementor-element elementor-element-e04036a elementor-widget elementor-widget-ha-member happy-addon ha-member\" data-id=\"e04036a\" data-element_type=\"widget\" data-widget_type=\"ha-member.default\">\n\t\t\t\t<div class=\"elementor-widget-container\">\n\t\t\t\t\t\n\t\t\t\t\t<figure class=\"ha-member-figure\">\n\t\t\t\t<img loading=\"lazy\" decoding=\"async\" width=\"600\" height=\"600\" src=\"https:\/\/www.postgradospucv.cl\/wp-content\/uploads\/2023\/12\/29_Magister-en-Ciencias-Microbiologicas_Carolina-Yanez.jpg\" class=\"elementor-animation-disable-animation attachment-full size-full wp-image-2460\" alt=\"\" srcset=\"https:\/\/www.postgradospucv.cl\/wp-content\/uploads\/2023\/12\/29_Magister-en-Ciencias-Microbiologicas_Carolina-Yanez.jpg 600w, https:\/\/www.postgradospucv.cl\/wp-content\/uploads\/2023\/12\/29_Magister-en-Ciencias-Microbiologicas_Carolina-Yanez-300x300.jpg 300w, https:\/\/www.postgradospucv.cl\/wp-content\/uploads\/2023\/12\/29_Magister-en-Ciencias-Microbiologicas_Carolina-Yanez-150x150.jpg 150w\" sizes=\"(max-width: 600px) 100vw, 600px\" \/>\t\t\t<\/figure>\n\t\t\n\t\t<div class=\"ha-member-body\">\n\t\t\t<h2 class=\"ha-member-name\">Carolina Y\u00e1\u00f1ez<\/h2>\n\t\t\t\t\t\t\t<div class=\"ha-member-position\">Mag\u00edster en Ciencias Microbiol\u00f3gicas<\/div>\n\t\t\t\n\t\t\t\n\t\t\t\n\t\t\t\n\t\t\t\t\t<\/div>\n\t\t\t\t\t\t<\/div>\n\t\t\t\t<\/div>\n\t\t\t\t\t<\/div>\n\t\t<\/div>\n\t\t\t\t<div class=\"elementor-column elementor-col-25 elementor-inner-column elementor-element elementor-element-5b4ead0\" data-id=\"5b4ead0\" data-element_type=\"column\">\n\t\t\t<div class=\"elementor-widget-wrap elementor-element-populated\">\n\t\t\t\t\t\t<div class=\"elementor-element elementor-element-a0e9b63 elementor-widget elementor-widget-ha-member happy-addon ha-member\" data-id=\"a0e9b63\" data-element_type=\"widget\" data-widget_type=\"ha-member.default\">\n\t\t\t\t<div class=\"elementor-widget-container\">\n\t\t\t\t\t\n\t\t\t\t\t<figure class=\"ha-member-figure\">\n\t\t\t\t<img loading=\"lazy\" decoding=\"async\" width=\"1024\" height=\"1024\" src=\"https:\/\/www.postgradospucv.cl\/wp-content\/uploads\/2026\/03\/Waldo-Quiroz.jpg\" class=\"elementor-animation-disable-animation attachment-full size-full wp-image-12294\" alt=\"\" srcset=\"https:\/\/www.postgradospucv.cl\/wp-content\/uploads\/2026\/03\/Waldo-Quiroz.jpg 1024w, https:\/\/www.postgradospucv.cl\/wp-content\/uploads\/2026\/03\/Waldo-Quiroz-300x300.jpg 300w, https:\/\/www.postgradospucv.cl\/wp-content\/uploads\/2026\/03\/Waldo-Quiroz-150x150.jpg 150w, https:\/\/www.postgradospucv.cl\/wp-content\/uploads\/2026\/03\/Waldo-Quiroz-768x768.jpg 768w\" sizes=\"(max-width: 1024px) 100vw, 1024px\" \/>\t\t\t<\/figure>\n\t\t\n\t\t<div class=\"ha-member-body\">\n\t\t\t<h2 class=\"ha-member-name\">Waldo Quiroz<\/h2>\n\t\t\t\t\t\t\t<div class=\"ha-member-position\">Mag\u00edster en Did\u00e1ctica de las Ciencias Experimentales<\/div>\n\t\t\t\n\t\t\t\n\t\t\t\n\t\t\t\n\t\t\t\t\t<\/div>\n\t\t\t\t\t\t<\/div>\n\t\t\t\t<\/div>\n\t\t\t\t\t<\/div>\n\t\t<\/div>\n\t\t\t\t<div class=\"elementor-column elementor-col-25 elementor-inner-column elementor-element elementor-element-d2e1d65\" data-id=\"d2e1d65\" data-element_type=\"column\">\n\t\t\t<div class=\"elementor-widget-wrap elementor-element-populated\">\n\t\t\t\t\t\t<div class=\"elementor-element elementor-element-4e3db67 elementor-widget elementor-widget-ha-member happy-addon ha-member\" data-id=\"4e3db67\" data-element_type=\"widget\" data-widget_type=\"ha-member.default\">\n\t\t\t\t<div class=\"elementor-widget-container\">\n\t\t\t\t\t\n\t\t\t\t\t<figure class=\"ha-member-figure\">\n\t\t\t\t<img loading=\"lazy\" decoding=\"async\" width=\"600\" height=\"600\" src=\"https:\/\/www.postgradospucv.cl\/wp-content\/uploads\/2023\/12\/31_Magister-en-Estudios-Literarios-y-Culturales-Latinoamericanos_Monica-Gonzalez.jpg\" class=\"elementor-animation-disable-animation attachment-full size-full wp-image-2462\" alt=\"\" srcset=\"https:\/\/www.postgradospucv.cl\/wp-content\/uploads\/2023\/12\/31_Magister-en-Estudios-Literarios-y-Culturales-Latinoamericanos_Monica-Gonzalez.jpg 600w, https:\/\/www.postgradospucv.cl\/wp-content\/uploads\/2023\/12\/31_Magister-en-Estudios-Literarios-y-Culturales-Latinoamericanos_Monica-Gonzalez-300x300.jpg 300w, https:\/\/www.postgradospucv.cl\/wp-content\/uploads\/2023\/12\/31_Magister-en-Estudios-Literarios-y-Culturales-Latinoamericanos_Monica-Gonzalez-150x150.jpg 150w\" sizes=\"(max-width: 600px) 100vw, 600px\" \/>\t\t\t<\/figure>\n\t\t\n\t\t<div class=\"ha-member-body\">\n\t\t\t<h2 class=\"ha-member-name\">M\u00f3nica Gonz\u00e1lez<\/h2>\n\t\t\t\t\t\t\t<div class=\"ha-member-position\">Mag\u00edster en Estudios Literarios y Culturales Latinoamericanos<\/div>\n\t\t\t\n\t\t\t\n\t\t\t\n\t\t\t\n\t\t\t\t\t<\/div>\n\t\t\t\t\t\t<\/div>\n\t\t\t\t<\/div>\n\t\t\t\t\t<\/div>\n\t\t<\/div>\n\t\t\t\t<div class=\"elementor-column elementor-col-25 elementor-inner-column elementor-element elementor-element-e09892f\" data-id=\"e09892f\" data-element_type=\"column\">\n\t\t\t<div class=\"elementor-widget-wrap elementor-element-populated\">\n\t\t\t\t\t\t<div class=\"elementor-element elementor-element-fa9808a elementor-widget elementor-widget-ha-member happy-addon ha-member\" data-id=\"fa9808a\" data-element_type=\"widget\" data-widget_type=\"ha-member.default\">\n\t\t\t\t<div class=\"elementor-widget-container\">\n\t\t\t\t\t\n\t\t\t\t\t<figure class=\"ha-member-figure\">\n\t\t\t\t<img loading=\"lazy\" decoding=\"async\" width=\"600\" height=\"600\" src=\"https:\/\/www.postgradospucv.cl\/wp-content\/uploads\/2024\/01\/Magister-en-Filosofia_Cesar-Lambert.jpg\" class=\"elementor-animation-disable-animation attachment-full size-full wp-image-3228\" alt=\"\" srcset=\"https:\/\/www.postgradospucv.cl\/wp-content\/uploads\/2024\/01\/Magister-en-Filosofia_Cesar-Lambert.jpg 600w, https:\/\/www.postgradospucv.cl\/wp-content\/uploads\/2024\/01\/Magister-en-Filosofia_Cesar-Lambert-300x300.jpg 300w, https:\/\/www.postgradospucv.cl\/wp-content\/uploads\/2024\/01\/Magister-en-Filosofia_Cesar-Lambert-150x150.jpg 150w\" sizes=\"(max-width: 600px) 100vw, 600px\" \/>\t\t\t<\/figure>\n\t\t\n\t\t<div class=\"ha-member-body\">\n\t\t\t<h2 class=\"ha-member-name\">C\u00e9sar Lambert<\/h2>\n\t\t\t\t\t\t\t<div class=\"ha-member-position\">Mag\u00edster en Filosof\u00eda<\/div>\n\t\t\t\n\t\t\t\n\t\t\t\n\t\t\t\n\t\t\t\t\t<\/div>\n\t\t\t\t\t\t<\/div>\n\t\t\t\t<\/div>\n\t\t\t\t\t<\/div>\n\t\t<\/div>\n\t\t\t\t\t<\/div>\n\t\t<\/section>\n\t\t\t\t<section class=\"elementor-section elementor-inner-section elementor-element elementor-element-46ea535 elementor-section-boxed elementor-section-height-default elementor-section-height-default\" data-id=\"46ea535\" data-element_type=\"section\" data-settings=\"{&quot;_ha_eqh_enable&quot;:false}\">\n\t\t\t\t\t\t<div class=\"elementor-container elementor-column-gap-default\">\n\t\t\t\t\t<div class=\"elementor-column elementor-col-25 elementor-inner-column elementor-element elementor-element-e4c15d6\" data-id=\"e4c15d6\" data-element_type=\"column\">\n\t\t\t<div class=\"elementor-widget-wrap elementor-element-populated\">\n\t\t\t\t\t\t<div class=\"elementor-element elementor-element-0b3cfb5 elementor-widget elementor-widget-ha-member happy-addon ha-member\" data-id=\"0b3cfb5\" data-element_type=\"widget\" data-widget_type=\"ha-member.default\">\n\t\t\t\t<div class=\"elementor-widget-container\">\n\t\t\t\t\t\n\t\t\t\t\t<figure class=\"ha-member-figure\">\n\t\t\t\t<img loading=\"lazy\" decoding=\"async\" width=\"600\" height=\"600\" src=\"https:\/\/www.postgradospucv.cl\/wp-content\/uploads\/2023\/12\/33_Magister-en-Geografia_Andres-Moreira.jpg\" class=\"elementor-animation-disable-animation attachment-full size-full wp-image-2464\" alt=\"\" srcset=\"https:\/\/www.postgradospucv.cl\/wp-content\/uploads\/2023\/12\/33_Magister-en-Geografia_Andres-Moreira.jpg 600w, https:\/\/www.postgradospucv.cl\/wp-content\/uploads\/2023\/12\/33_Magister-en-Geografia_Andres-Moreira-300x300.jpg 300w, https:\/\/www.postgradospucv.cl\/wp-content\/uploads\/2023\/12\/33_Magister-en-Geografia_Andres-Moreira-150x150.jpg 150w\" sizes=\"(max-width: 600px) 100vw, 600px\" \/>\t\t\t<\/figure>\n\t\t\n\t\t<div class=\"ha-member-body\">\n\t\t\t<h2 class=\"ha-member-name\">Andr\u00e9s Moreira<\/h2>\n\t\t\t\t\t\t\t<div class=\"ha-member-position\">Mag\u00edster en Geograf\u00eda<\/div>\n\t\t\t\n\t\t\t\n\t\t\t\n\t\t\t\n\t\t\t\t\t<\/div>\n\t\t\t\t\t\t<\/div>\n\t\t\t\t<\/div>\n\t\t\t\t\t<\/div>\n\t\t<\/div>\n\t\t\t\t<div class=\"elementor-column elementor-col-25 elementor-inner-column elementor-element elementor-element-7330b73\" data-id=\"7330b73\" data-element_type=\"column\">\n\t\t\t<div class=\"elementor-widget-wrap elementor-element-populated\">\n\t\t\t\t\t\t<div class=\"elementor-element elementor-element-4153387 elementor-widget elementor-widget-ha-member happy-addon ha-member\" data-id=\"4153387\" data-element_type=\"widget\" data-widget_type=\"ha-member.default\">\n\t\t\t\t<div class=\"elementor-widget-container\">\n\t\t\t\t\t\n\t\t\t\t\t<figure class=\"ha-member-figure\">\n\t\t\t\t<img loading=\"lazy\" decoding=\"async\" width=\"2056\" height=\"2202\" src=\"https:\/\/www.postgradospucv.cl\/wp-content\/uploads\/2024\/04\/Paulo-Donoso.jpg\" class=\"elementor-animation-disable-animation attachment-full size-full wp-image-3302\" alt=\"\" srcset=\"https:\/\/www.postgradospucv.cl\/wp-content\/uploads\/2024\/04\/Paulo-Donoso.jpg 2056w, https:\/\/www.postgradospucv.cl\/wp-content\/uploads\/2024\/04\/Paulo-Donoso-280x300.jpg 280w, https:\/\/www.postgradospucv.cl\/wp-content\/uploads\/2024\/04\/Paulo-Donoso-956x1024.jpg 956w, https:\/\/www.postgradospucv.cl\/wp-content\/uploads\/2024\/04\/Paulo-Donoso-768x823.jpg 768w, https:\/\/www.postgradospucv.cl\/wp-content\/uploads\/2024\/04\/Paulo-Donoso-1434x1536.jpg 1434w, https:\/\/www.postgradospucv.cl\/wp-content\/uploads\/2024\/04\/Paulo-Donoso-1912x2048.jpg 1912w\" sizes=\"(max-width: 2056px) 100vw, 2056px\" \/>\t\t\t<\/figure>\n\t\t\n\t\t<div class=\"ha-member-body\">\n\t\t\t<h2 class=\"ha-member-name\">Paulo Donoso<\/h2>\n\t\t\t\t\t\t\t<div class=\"ha-member-position\">Mag\u00edster en Historia<\/div>\n\t\t\t\n\t\t\t\n\t\t\t\n\t\t\t\n\t\t\t\t\t<\/div>\n\t\t\t\t\t\t<\/div>\n\t\t\t\t<\/div>\n\t\t\t\t\t<\/div>\n\t\t<\/div>\n\t\t\t\t<div class=\"elementor-column elementor-col-25 elementor-inner-column elementor-element elementor-element-adcb853\" data-id=\"adcb853\" data-element_type=\"column\">\n\t\t\t<div class=\"elementor-widget-wrap elementor-element-populated\">\n\t\t\t\t\t\t<div class=\"elementor-element elementor-element-de232a6 elementor-widget elementor-widget-ha-member happy-addon ha-member\" data-id=\"de232a6\" data-element_type=\"widget\" data-widget_type=\"ha-member.default\">\n\t\t\t\t<div class=\"elementor-widget-container\">\n\t\t\t\t\t\n\t\t\t\t\t<figure class=\"ha-member-figure\">\n\t\t\t\t<img loading=\"lazy\" decoding=\"async\" width=\"1278\" height=\"1200\" src=\"https:\/\/www.postgradospucv.cl\/wp-content\/uploads\/2025\/01\/Samuel-Carrasco.png\" class=\"elementor-animation-disable-animation attachment-full size-full wp-image-7894\" alt=\"\" srcset=\"https:\/\/www.postgradospucv.cl\/wp-content\/uploads\/2025\/01\/Samuel-Carrasco.png 1278w, https:\/\/www.postgradospucv.cl\/wp-content\/uploads\/2025\/01\/Samuel-Carrasco-300x282.png 300w, https:\/\/www.postgradospucv.cl\/wp-content\/uploads\/2025\/01\/Samuel-Carrasco-1024x962.png 1024w, https:\/\/www.postgradospucv.cl\/wp-content\/uploads\/2025\/01\/Samuel-Carrasco-768x721.png 768w\" sizes=\"(max-width: 1278px) 100vw, 1278px\" \/>\t\t\t<\/figure>\n\t\t\n\t\t<div class=\"ha-member-body\">\n\t\t\t<h2 class=\"ha-member-name\">Samuel Carrasco<\/h2>\n\t\t\t\t\t\t\t<div class=\"ha-member-position\">Mag\u00edster en Ingenier\u00eda de Procesos<\/div>\n\t\t\t\n\t\t\t\n\t\t\t\n\t\t\t\n\t\t\t\t\t<\/div>\n\t\t\t\t\t\t<\/div>\n\t\t\t\t<\/div>\n\t\t\t\t\t<\/div>\n\t\t<\/div>\n\t\t\t\t<div class=\"elementor-column elementor-col-25 elementor-inner-column elementor-element elementor-element-a8f367b\" data-id=\"a8f367b\" data-element_type=\"column\">\n\t\t\t<div class=\"elementor-widget-wrap elementor-element-populated\">\n\t\t\t\t\t\t<div class=\"elementor-element elementor-element-5dc82e5 elementor-widget elementor-widget-ha-member happy-addon ha-member\" data-id=\"5dc82e5\" data-element_type=\"widget\" data-widget_type=\"ha-member.default\">\n\t\t\t\t<div class=\"elementor-widget-container\">\n\t\t\t\t\t\n\t\t\t\t\t<figure class=\"ha-member-figure\">\n\t\t\t\t<img loading=\"lazy\" decoding=\"async\" width=\"260\" height=\"255\" src=\"https:\/\/www.postgradospucv.cl\/wp-content\/uploads\/2024\/04\/Nina-Crespo.png\" class=\"elementor-animation-disable-animation attachment-full size-full wp-image-3303\" alt=\"\" \/>\t\t\t<\/figure>\n\t\t\n\t\t<div class=\"ha-member-body\">\n\t\t\t<h2 class=\"ha-member-name\">Nina Crespo<\/h2>\n\t\t\t\t\t\t\t<div class=\"ha-member-position\">Magister en Ling\u00fc\u00edstica aplicada<\/div>\n\t\t\t\n\t\t\t\n\t\t\t\n\t\t\t\n\t\t\t\t\t<\/div>\n\t\t\t\t\t\t<\/div>\n\t\t\t\t<\/div>\n\t\t\t\t\t<\/div>\n\t\t<\/div>\n\t\t\t\t\t<\/div>\n\t\t<\/section>\n\t\t\t\t<section class=\"elementor-section elementor-inner-section elementor-element elementor-element-f7bf114 elementor-section-boxed elementor-section-height-default elementor-section-height-default\" data-id=\"f7bf114\" data-element_type=\"section\" data-settings=\"{&quot;_ha_eqh_enable&quot;:false}\">\n\t\t\t\t\t\t<div class=\"elementor-container elementor-column-gap-default\">\n\t\t\t\t\t<div class=\"elementor-column elementor-col-25 elementor-inner-column elementor-element elementor-element-8aeaa4e\" data-id=\"8aeaa4e\" data-element_type=\"column\">\n\t\t\t<div class=\"elementor-widget-wrap elementor-element-populated\">\n\t\t\t\t\t\t<div class=\"elementor-element elementor-element-bf33898 elementor-widget elementor-widget-ha-member happy-addon ha-member\" data-id=\"bf33898\" data-element_type=\"widget\" data-widget_type=\"ha-member.default\">\n\t\t\t\t<div class=\"elementor-widget-container\">\n\t\t\t\t\t\n\t\t\t\t\t<figure class=\"ha-member-figure\">\n\t\t\t\t<img loading=\"lazy\" decoding=\"async\" width=\"600\" height=\"600\" src=\"https:\/\/www.postgradospucv.cl\/wp-content\/uploads\/2023\/12\/21_Doctorado-en-Matematicas_Luis-lomeli.jpg\" class=\"elementor-animation-disable-animation attachment-full size-full wp-image-2454\" alt=\"\" srcset=\"https:\/\/www.postgradospucv.cl\/wp-content\/uploads\/2023\/12\/21_Doctorado-en-Matematicas_Luis-lomeli.jpg 600w, https:\/\/www.postgradospucv.cl\/wp-content\/uploads\/2023\/12\/21_Doctorado-en-Matematicas_Luis-lomeli-300x300.jpg 300w, https:\/\/www.postgradospucv.cl\/wp-content\/uploads\/2023\/12\/21_Doctorado-en-Matematicas_Luis-lomeli-150x150.jpg 150w\" sizes=\"(max-width: 600px) 100vw, 600px\" \/>\t\t\t<\/figure>\n\t\t\n\t\t<div class=\"ha-member-body\">\n\t\t\t<h2 class=\"ha-member-name\">Luis Alberto Lomel\u00ed<\/h2>\n\t\t\t\t\t\t\t<div class=\"ha-member-position\">Mag\u00edster en Matem\u00e1ticas<\/div>\n\t\t\t\n\t\t\t\n\t\t\t\n\t\t\t\n\t\t\t\t\t<\/div>\n\t\t\t\t\t\t<\/div>\n\t\t\t\t<\/div>\n\t\t\t\t\t<\/div>\n\t\t<\/div>\n\t\t\t\t<div class=\"elementor-column elementor-col-25 elementor-inner-column elementor-element elementor-element-575760c\" data-id=\"575760c\" data-element_type=\"column\">\n\t\t\t<div class=\"elementor-widget-wrap elementor-element-populated\">\n\t\t\t\t\t\t<div class=\"elementor-element elementor-element-7fe47d2 elementor-widget elementor-widget-ha-member happy-addon ha-member\" data-id=\"7fe47d2\" data-element_type=\"widget\" data-widget_type=\"ha-member.default\">\n\t\t\t\t<div class=\"elementor-widget-container\">\n\t\t\t\t\t\n\t\t\t\t\t<figure class=\"ha-member-figure\">\n\t\t\t\t<img loading=\"lazy\" decoding=\"async\" width=\"600\" height=\"600\" src=\"https:\/\/www.postgradospucv.cl\/wp-content\/uploads\/2025\/04\/Juan-Hoffer.png\" class=\"elementor-animation-disable-animation attachment-full size-full wp-image-9046\" alt=\"\" srcset=\"https:\/\/www.postgradospucv.cl\/wp-content\/uploads\/2025\/04\/Juan-Hoffer.png 600w, https:\/\/www.postgradospucv.cl\/wp-content\/uploads\/2025\/04\/Juan-Hoffer-300x300.png 300w, https:\/\/www.postgradospucv.cl\/wp-content\/uploads\/2025\/04\/Juan-Hoffer-150x150.png 150w\" sizes=\"(max-width: 600px) 100vw, 600px\" \/>\t\t\t<\/figure>\n\t\t\n\t\t<div class=\"ha-member-body\">\n\t\t\t<h2 class=\"ha-member-name\">Juan H\u00f6fer<\/h2>\n\t\t\t\t\t\t\t<div class=\"ha-member-position\">Mag\u00edster en Oceanograf\u00eda<\/div>\n\t\t\t\n\t\t\t\n\t\t\t\n\t\t\t\n\t\t\t\t\t<\/div>\n\t\t\t\t\t\t<\/div>\n\t\t\t\t<\/div>\n\t\t\t\t\t<\/div>\n\t\t<\/div>\n\t\t\t\t<div class=\"elementor-column elementor-col-25 elementor-inner-column elementor-element elementor-element-34351a3\" data-id=\"34351a3\" data-element_type=\"column\">\n\t\t\t<div class=\"elementor-widget-wrap elementor-element-populated\">\n\t\t\t\t\t\t<div class=\"elementor-element elementor-element-da7fd48 elementor-widget elementor-widget-ha-member happy-addon ha-member\" data-id=\"da7fd48\" data-element_type=\"widget\" data-widget_type=\"ha-member.default\">\n\t\t\t\t<div class=\"elementor-widget-container\">\n\t\t\t\t\t\n\t\t\t\t\t<figure class=\"ha-member-figure\">\n\t\t\t\t<img loading=\"lazy\" decoding=\"async\" width=\"425\" height=\"600\" src=\"https:\/\/www.postgradospucv.cl\/wp-content\/uploads\/2026\/03\/Loreto-Marchant.png\" class=\"elementor-animation-disable-animation attachment-full size-full wp-image-12324\" alt=\"\" srcset=\"https:\/\/www.postgradospucv.cl\/wp-content\/uploads\/2026\/03\/Loreto-Marchant.png 425w, https:\/\/www.postgradospucv.cl\/wp-content\/uploads\/2026\/03\/Loreto-Marchant-213x300.png 213w\" sizes=\"(max-width: 425px) 100vw, 425px\" \/>\t\t\t<\/figure>\n\t\t\n\t\t<div class=\"ha-member-body\">\n\t\t\t<h2 class=\"ha-member-name\">Loreto Moya Marchant<\/h2>\n\t\t\t\t\t\t\t<div class=\"ha-member-position\">Mag\u00edster en Teolog\u00eda<\/div>\n\t\t\t\n\t\t\t\n\t\t\t\n\t\t\t\n\t\t\t\t\t<\/div>\n\t\t\t\t\t\t<\/div>\n\t\t\t\t<\/div>\n\t\t\t\t\t<\/div>\n\t\t<\/div>\n\t\t\t\t<div class=\"elementor-column elementor-col-25 elementor-inner-column elementor-element elementor-element-3efd2e0\" data-id=\"3efd2e0\" data-element_type=\"column\">\n\t\t\t<div class=\"elementor-widget-wrap\">\n\t\t\t\t\t\t\t<\/div>\n\t\t<\/div>\n\t\t\t\t\t<\/div>\n\t\t<\/section>\n\t\t\t\t\t<\/div>\n\t\t<\/div>\n\t\t\t\t\t<\/div>\n\t\t<\/section>\n\t\t\t\t<\/div>\n\t\t","protected":false},"excerpt":{"rendered":"<p>Colegio de Postgrados Acad\u00e9micos Home El\u00a0Colegio\u00a0de\u00a0Postgrados\u00a0acad\u00e9micos\u00a0es una instancia consultiva compuesta por\u00a0\u00a0la Vicerrectora Acad\u00e9mica, quien lo presidir\u00e1; El Director(a) de\u00a0Postgrados\u00a0Acad\u00e9micos, y los Directores(as) de los programas de Doctorado y Mag\u00edster\u00a0acad\u00e9micos\u00a0que imparte la Pontificia Universidad Cat\u00f3lica de Valpara\u00edso. Entre las funciones de este\u00a0Colegio\u00a0se encuentran: \u00a0 a.\u00a0\u00a0\u00a0\u00a0\u00a0\u00a0\u00a0\u00a0\u00a0\u00a0\u00a0\u00a0\u00a0\u00a0\u00a0Proponer a la Vicerrector\u00eda Acad\u00e9mica estrategias para el desarrollo efectivo de los [&hellip;]<\/p>\n","protected":false},"author":1,"featured_media":0,"parent":0,"menu_order":0,"comment_status":"closed","ping_status":"closed","template":"","meta":{"site-sidebar-layout":"no-sidebar","site-content-layout":"","ast-site-content-layout":"full-width-container","site-content-style":"default","site-sidebar-style":"default","ast-global-header-display":"","ast-banner-title-visibility":"","ast-main-header-display":"","ast-hfb-above-header-display":"","ast-hfb-below-header-display":"","ast-hfb-mobile-header-display":"","site-post-title":"disabled","ast-breadcrumbs-content":"","ast-featured-img":"disabled","footer-sml-layout":"","theme-transparent-header-meta":"","adv-header-id-meta":"","stick-header-meta":"","header-above-stick-meta":"","header-main-stick-meta":"","header-below-stick-meta":"","astra-migrate-meta-layouts":"default","ast-page-background-enabled":"default","ast-page-background-meta":{"desktop":{"background-color":"var(--ast-global-color-4)","background-image":"","background-repeat":"repeat","background-position":"center center","background-size":"auto","background-attachment":"scroll","background-type":"","background-media":"","overlay-type":"","overlay-color":"","overlay-opacity":"","overlay-gradient":""},"tablet":{"background-color":"","background-image":"","background-repeat":"repeat","background-position":"center center","background-size":"auto","background-attachment":"scroll","background-type":"","background-media":"","overlay-type":"","overlay-color":"","overlay-opacity":"","overlay-gradient":""},"mobile":{"background-color":"","background-image":"","background-repeat":"repeat","background-position":"center center","background-size":"auto","background-attachment":"scroll","background-type":"","background-media":"","overlay-type":"","overlay-color":"","overlay-opacity":"","overlay-gradient":""}},"ast-content-background-meta":{"desktop":{"background-color":"var(--ast-global-color-5)","background-image":"","background-repeat":"repeat","background-position":"center center","background-size":"auto","background-attachment":"scroll","background-type":"","background-media":"","overlay-type":"","overlay-color":"","overlay-opacity":"","overlay-gradient":""},"tablet":{"background-color":"var(--ast-global-color-5)","background-image":"","background-repeat":"repeat","background-position":"center center","background-size":"auto","background-attachment":"scroll","background-type":"","background-media":"","overlay-type":"","overlay-color":"","overlay-opacity":"","overlay-gradient":""},"mobile":{"background-color":"var(--ast-global-color-5)","background-image":"","background-repeat":"repeat","background-position":"center center","background-size":"auto","background-attachment":"scroll","background-type":"","background-media":"","overlay-type":"","overlay-color":"","overlay-opacity":"","overlay-gradient":""}},"footnotes":""},"class_list":["post-2423","page","type-page","status-publish","hentry"],"_links":{"self":[{"href":"https:\/\/www.postgradospucv.cl\/index.php\/wp-json\/wp\/v2\/pages\/2423","targetHints":{"allow":["GET"]}}],"collection":[{"href":"https:\/\/www.postgradospucv.cl\/index.php\/wp-json\/wp\/v2\/pages"}],"about":[{"href":"https:\/\/www.postgradospucv.cl\/index.php\/wp-json\/wp\/v2\/types\/page"}],"author":[{"embeddable":true,"href":"https:\/\/www.postgradospucv.cl\/index.php\/wp-json\/wp\/v2\/users\/1"}],"replies":[{"embeddable":true,"href":"https:\/\/www.postgradospucv.cl\/index.php\/wp-json\/wp\/v2\/comments?post=2423"}],"version-history":[{"count":121,"href":"https:\/\/www.postgradospucv.cl\/index.php\/wp-json\/wp\/v2\/pages\/2423\/revisions"}],"predecessor-version":[{"id":12364,"href":"https:\/\/www.postgradospucv.cl\/index.php\/wp-json\/wp\/v2\/pages\/2423\/revisions\/12364"}],"wp:attachment":[{"href":"https:\/\/www.postgradospucv.cl\/index.php\/wp-json\/wp\/v2\/media?parent=2423"}],"curies":[{"name":"wp","href":"https:\/\/api.w.org\/{rel}","templated":true}]}}