{"id":1390,"date":"2023-11-20T19:10:26","date_gmt":"2023-11-20T18:10:26","guid":{"rendered":"https:\/\/www.postgradospucv.cl\/?page_id=1390"},"modified":"2026-01-05T21:13:11","modified_gmt":"2026-01-05T20:13:11","slug":"doctorado-en-educacion","status":"publish","type":"page","link":"https:\/\/www.postgradospucv.cl\/index.php\/doctorado-en-educacion\/","title":{"rendered":"Doctorado en Educaci\u00f3n"},"content":{"rendered":"\t\t<div data-elementor-type=\"wp-page\" data-elementor-id=\"1390\" class=\"elementor elementor-1390\" data-elementor-settings=\"{&quot;ha_cmc_init_switcher&quot;:&quot;no&quot;}\" data-elementor-post-type=\"page\">\n\t\t\t\t\t\t<section class=\"elementor-section elementor-top-section elementor-element elementor-element-76a6a7d9 elementor-section-full_width elementor-section-height-default elementor-section-height-default\" data-id=\"76a6a7d9\" data-element_type=\"section\" data-settings=\"{&quot;_ha_eqh_enable&quot;:false}\">\n\t\t\t\t\t\t<div class=\"elementor-container elementor-column-gap-default\">\n\t\t\t\t\t<div class=\"elementor-column elementor-col-100 elementor-top-column elementor-element elementor-element-51784be0\" data-id=\"51784be0\" data-element_type=\"column\" data-settings=\"{&quot;background_background&quot;:&quot;classic&quot;}\">\n\t\t\t<div class=\"elementor-widget-wrap elementor-element-populated\">\n\t\t\t\t\t\t<div class=\"elementor-element elementor-element-283a12a0 elementor-cta--skin-cover elementor-animated-content elementor-widget elementor-widget-call-to-action\" data-id=\"283a12a0\" data-element_type=\"widget\" data-widget_type=\"call-to-action.default\">\n\t\t\t\t<div class=\"elementor-widget-container\">\n\t\t\t\t\t\t\t<div class=\"elementor-cta\">\n\t\t\t\t\t<div class=\"elementor-cta__bg-wrapper\">\n\t\t\t\t<div class=\"elementor-cta__bg elementor-bg\" style=\"background-image: url(https:\/\/www.postgradospucv.cl\/wp-content\/uploads\/2025\/03\/Diseno-sin-titulo.png);\" role=\"img\" aria-label=\"Diseno-sin-titulo\"><\/div>\n\t\t\t\t<div class=\"elementor-cta__bg-overlay\"><\/div>\n\t\t\t<\/div>\n\t\t\t\t\t\t\t<div class=\"elementor-cta__content\">\n\t\t\t\t\n\t\t\t\t\t\t\t\t\t<h2 class=\"elementor-cta__title elementor-cta__content-item elementor-content-item elementor-animated-item--grow\">\n\t\t\t\t\t\tFACULTAD DE FILOSOF\u00cdA Y EDUCACI\u00d3N\t\t\t\t\t<\/h2>\n\t\t\t\t\n\t\t\t\t\t\t\t\t\t<div class=\"elementor-cta__description elementor-cta__content-item elementor-content-item elementor-animated-item--grow\">\n\t\t\t\t\t\tDOCTORADO EN EDUCACI\u00d3N\t\t\t\t\t<\/div>\n\t\t\t\t\n\t\t\t\t\t\t\t<\/div>\n\t\t\t\t\t\t<\/div>\n\t\t\t\t\t\t<\/div>\n\t\t\t\t<\/div>\n\t\t\t\t<section class=\"elementor-section elementor-inner-section elementor-element elementor-element-4eac5eec elementor-section-full_width elementor-section-height-default elementor-section-height-default\" data-id=\"4eac5eec\" data-element_type=\"section\" data-settings=\"{&quot;_ha_eqh_enable&quot;:false}\">\n\t\t\t\t\t\t<div class=\"elementor-container elementor-column-gap-default\">\n\t\t\t\t\t<div class=\"elementor-column elementor-col-16 elementor-inner-column elementor-element elementor-element-26a85cc7\" data-id=\"26a85cc7\" data-element_type=\"column\" data-settings=\"{&quot;background_background&quot;:&quot;classic&quot;}\">\n\t\t\t<div class=\"elementor-widget-wrap elementor-element-populated\">\n\t\t\t\t\t\t<div class=\"elementor-element elementor-element-4212742f elementor-widget elementor-widget-heading\" data-id=\"4212742f\" data-element_type=\"widget\" data-widget_type=\"heading.default\">\n\t\t\t\t<div class=\"elementor-widget-container\">\n\t\t\t\t\t<h2 class=\"elementor-heading-title elementor-size-default\">Duraci\u00f3n<\/h2>\t\t\t\t<\/div>\n\t\t\t\t<\/div>\n\t\t\t\t<div class=\"elementor-element elementor-element-3120460e elementor-align-left elementor-icon-list--layout-traditional elementor-list-item-link-full_width elementor-widget elementor-widget-icon-list\" data-id=\"3120460e\" data-element_type=\"widget\" data-widget_type=\"icon-list.default\">\n\t\t\t\t<div class=\"elementor-widget-container\">\n\t\t\t\t\t\t\t<ul class=\"elementor-icon-list-items\">\n\t\t\t\t\t\t\t<li class=\"elementor-icon-list-item\">\n\t\t\t\t\t\t\t\t\t\t<span class=\"elementor-icon-list-text\">8 semestres<\/span>\n\t\t\t\t\t\t\t\t\t<\/li>\n\t\t\t\t\t\t<\/ul>\n\t\t\t\t\t\t<\/div>\n\t\t\t\t<\/div>\n\t\t\t\t\t<\/div>\n\t\t<\/div>\n\t\t\t\t<div class=\"elementor-column elementor-col-16 elementor-inner-column elementor-element elementor-element-79345100\" data-id=\"79345100\" data-element_type=\"column\" data-settings=\"{&quot;background_background&quot;:&quot;classic&quot;}\">\n\t\t\t<div class=\"elementor-widget-wrap elementor-element-populated\">\n\t\t\t\t\t\t<div class=\"elementor-element elementor-element-59d7e28d elementor-widget elementor-widget-heading\" data-id=\"59d7e28d\" data-element_type=\"widget\" data-widget_type=\"heading.default\">\n\t\t\t\t<div class=\"elementor-widget-container\">\n\t\t\t\t\t<h2 class=\"elementor-heading-title elementor-size-default\">Postulaci\u00f3n<\/h2>\t\t\t\t<\/div>\n\t\t\t\t<\/div>\n\t\t\t\t<div class=\"elementor-element elementor-element-2b2fe661 elementor-align-left elementor-mobile-align-center elementor-icon-list--layout-traditional elementor-list-item-link-full_width elementor-widget elementor-widget-icon-list\" data-id=\"2b2fe661\" data-element_type=\"widget\" data-widget_type=\"icon-list.default\">\n\t\t\t\t<div class=\"elementor-widget-container\">\n\t\t\t\t\t\t\t<ul class=\"elementor-icon-list-items\">\n\t\t\t\t\t\t\t<li class=\"elementor-icon-list-item\">\n\t\t\t\t\t\t\t\t\t\t<span class=\"elementor-icon-list-text\">Desde el 14 de julio al 20 de octubre 2025<\/span>\n\t\t\t\t\t\t\t\t\t<\/li>\n\t\t\t\t\t\t<\/ul>\n\t\t\t\t\t\t<\/div>\n\t\t\t\t<\/div>\n\t\t\t\t\t<\/div>\n\t\t<\/div>\n\t\t\t\t<div class=\"elementor-column elementor-col-16 elementor-inner-column elementor-element elementor-element-69f79f0c\" data-id=\"69f79f0c\" data-element_type=\"column\" data-settings=\"{&quot;background_background&quot;:&quot;classic&quot;}\">\n\t\t\t<div class=\"elementor-widget-wrap elementor-element-populated\">\n\t\t\t\t\t\t<div class=\"elementor-element elementor-element-2832125e elementor-widget elementor-widget-heading\" data-id=\"2832125e\" data-element_type=\"widget\" data-widget_type=\"heading.default\">\n\t\t\t\t<div class=\"elementor-widget-container\">\n\t\t\t\t\t<h2 class=\"elementor-heading-title elementor-size-default\">Inicio de clases<\/h2>\t\t\t\t<\/div>\n\t\t\t\t<\/div>\n\t\t\t\t<div class=\"elementor-element elementor-element-2ca2eb9b elementor-align-left elementor-mobile-align-center elementor-icon-list--layout-traditional elementor-list-item-link-full_width elementor-widget elementor-widget-icon-list\" data-id=\"2ca2eb9b\" data-element_type=\"widget\" data-widget_type=\"icon-list.default\">\n\t\t\t\t<div class=\"elementor-widget-container\">\n\t\t\t\t\t\t\t<ul class=\"elementor-icon-list-items\">\n\t\t\t\t\t\t\t<li class=\"elementor-icon-list-item\">\n\t\t\t\t\t\t\t\t\t\t<span class=\"elementor-icon-list-text\">Marzo<\/span>\n\t\t\t\t\t\t\t\t\t<\/li>\n\t\t\t\t\t\t<\/ul>\n\t\t\t\t\t\t<\/div>\n\t\t\t\t<\/div>\n\t\t\t\t\t<\/div>\n\t\t<\/div>\n\t\t\t\t<div class=\"elementor-column elementor-col-16 elementor-inner-column elementor-element elementor-element-35ba0881\" data-id=\"35ba0881\" data-element_type=\"column\" data-settings=\"{&quot;background_background&quot;:&quot;classic&quot;}\">\n\t\t\t<div class=\"elementor-widget-wrap elementor-element-populated\">\n\t\t\t\t\t\t<div class=\"elementor-element elementor-element-16f4ebb5 elementor-widget elementor-widget-heading\" data-id=\"16f4ebb5\" data-element_type=\"widget\" data-widget_type=\"heading.default\">\n\t\t\t\t<div class=\"elementor-widget-container\">\n\t\t\t\t\t<h2 class=\"elementor-heading-title elementor-size-default\">Modalidad<\/h2>\t\t\t\t<\/div>\n\t\t\t\t<\/div>\n\t\t\t\t<div class=\"elementor-element elementor-element-a9f383f elementor-align-left elementor-mobile-align-center elementor-icon-list--layout-traditional elementor-list-item-link-full_width elementor-widget elementor-widget-icon-list\" data-id=\"a9f383f\" data-element_type=\"widget\" data-widget_type=\"icon-list.default\">\n\t\t\t\t<div class=\"elementor-widget-container\">\n\t\t\t\t\t\t\t<ul class=\"elementor-icon-list-items\">\n\t\t\t\t\t\t\t<li class=\"elementor-icon-list-item\">\n\t\t\t\t\t\t\t\t\t\t<span class=\"elementor-icon-list-text\">Presencial<\/span>\n\t\t\t\t\t\t\t\t\t<\/li>\n\t\t\t\t\t\t<\/ul>\n\t\t\t\t\t\t<\/div>\n\t\t\t\t<\/div>\n\t\t\t\t\t<\/div>\n\t\t<\/div>\n\t\t\t\t<div class=\"elementor-column elementor-col-16 elementor-inner-column elementor-element elementor-element-661c64ce\" data-id=\"661c64ce\" data-element_type=\"column\" data-settings=\"{&quot;background_background&quot;:&quot;classic&quot;}\">\n\t\t\t<div class=\"elementor-widget-wrap elementor-element-populated\">\n\t\t\t\t\t\t<div class=\"elementor-element elementor-element-7537efb9 elementor-widget elementor-widget-heading\" data-id=\"7537efb9\" data-element_type=\"widget\" data-widget_type=\"heading.default\">\n\t\t\t\t<div class=\"elementor-widget-container\">\n\t\t\t\t\t<h2 class=\"elementor-heading-title elementor-size-default\">Valor del programa<\/h2>\t\t\t\t<\/div>\n\t\t\t\t<\/div>\n\t\t\t\t<div class=\"elementor-element elementor-element-33d77335 elementor-align-left elementor-mobile-align-center elementor-icon-list--layout-traditional elementor-list-item-link-full_width elementor-widget elementor-widget-icon-list\" data-id=\"33d77335\" data-element_type=\"widget\" data-widget_type=\"icon-list.default\">\n\t\t\t\t<div class=\"elementor-widget-container\">\n\t\t\t\t\t\t\t<ul class=\"elementor-icon-list-items\">\n\t\t\t\t\t\t\t<li class=\"elementor-icon-list-item\">\n\t\t\t\t\t\t\t\t\t\t<span class=\"elementor-icon-list-text\">Valor matr\u00edcula semestral: $143.000.-<br> Valor total del programa: $ 16.821.000 <br> Valor semestral del programa: $2.102.625<\/span>\n\t\t\t\t\t\t\t\t\t<\/li>\n\t\t\t\t\t\t<\/ul>\n\t\t\t\t\t\t<\/div>\n\t\t\t\t<\/div>\n\t\t\t\t\t<\/div>\n\t\t<\/div>\n\t\t\t\t<div class=\"elementor-column elementor-col-16 elementor-inner-column elementor-element elementor-element-13fa1c38\" data-id=\"13fa1c38\" data-element_type=\"column\" data-settings=\"{&quot;background_background&quot;:&quot;classic&quot;}\">\n\t\t\t<div class=\"elementor-widget-wrap elementor-element-populated\">\n\t\t\t\t\t\t<div class=\"elementor-element elementor-element-377bfec5 elementor-widget elementor-widget-heading\" data-id=\"377bfec5\" data-element_type=\"widget\" data-widget_type=\"heading.default\">\n\t\t\t\t<div class=\"elementor-widget-container\">\n\t\t\t\t\t<h2 class=\"elementor-heading-title elementor-size-default\">Horarios<\/h2>\t\t\t\t<\/div>\n\t\t\t\t<\/div>\n\t\t\t\t<div class=\"elementor-element elementor-element-0f4e307 elementor-align-left elementor-mobile-align-center elementor-icon-list--layout-traditional elementor-list-item-link-full_width elementor-widget elementor-widget-icon-list\" data-id=\"0f4e307\" data-element_type=\"widget\" data-widget_type=\"icon-list.default\">\n\t\t\t\t<div class=\"elementor-widget-container\">\n\t\t\t\t\t\t\t<ul class=\"elementor-icon-list-items\">\n\t\t\t\t\t\t\t<li class=\"elementor-icon-list-item\">\n\t\t\t\t\t\t\t\t\t\t<span class=\"elementor-icon-list-text\">Lunes y martes 09:00 a 18:00 hrs. en modalidad presencial, sin perjuicio de que algunas actividades se complementen con trabajo virtual.<\/span>\n\t\t\t\t\t\t\t\t\t<\/li>\n\t\t\t\t\t\t<\/ul>\n\t\t\t\t\t\t<\/div>\n\t\t\t\t<\/div>\n\t\t\t\t\t<\/div>\n\t\t<\/div>\n\t\t\t\t\t<\/div>\n\t\t<\/section>\n\t\t\t\t\t<\/div>\n\t\t<\/div>\n\t\t\t\t\t<\/div>\n\t\t<\/section>\n\t\t\t\t<section class=\"elementor-section elementor-top-section elementor-element elementor-element-14674e2 elementor-section-boxed elementor-section-height-default elementor-section-height-default\" data-id=\"14674e2\" data-element_type=\"section\" data-settings=\"{&quot;_ha_eqh_enable&quot;:false}\">\n\t\t\t\t\t\t<div class=\"elementor-container elementor-column-gap-default\">\n\t\t\t\t\t<div class=\"elementor-column elementor-col-100 elementor-top-column elementor-element elementor-element-893fada\" data-id=\"893fada\" data-element_type=\"column\">\n\t\t\t<div class=\"elementor-widget-wrap elementor-element-populated\">\n\t\t\t\t\t\t<div class=\"elementor-element elementor-element-e76ef3f elementor-align-center elementor-widget elementor-widget-button\" data-id=\"e76ef3f\" data-element_type=\"widget\" data-widget_type=\"button.default\">\n\t\t\t\t<div class=\"elementor-widget-container\">\n\t\t\t\t\t\t\t\t\t<div class=\"elementor-button-wrapper\">\n\t\t\t\t\t<a class=\"elementor-button elementor-button-link elementor-size-sm\" href=\"https:\/\/navegador.pucv.cl\/administracion\/mantenedores\/postulaciones\/index.php\" target=\"_blank\">\n\t\t\t\t\t\t<span class=\"elementor-button-content-wrapper\">\n\t\t\t\t\t\t\t\t\t<span class=\"elementor-button-text\">PORTAL DE POSTULACI\u00d3N<\/span>\n\t\t\t\t\t<\/span>\n\t\t\t\t\t<\/a>\n\t\t\t\t<\/div>\n\t\t\t\t\t\t\t\t<\/div>\n\t\t\t\t<\/div>\n\t\t\t\t\t<\/div>\n\t\t<\/div>\n\t\t\t\t\t<\/div>\n\t\t<\/section>\n\t\t\t\t<section class=\"elementor-section elementor-top-section elementor-element elementor-element-7e402c9e elementor-section-boxed elementor-section-height-default elementor-section-height-default\" data-id=\"7e402c9e\" data-element_type=\"section\" data-settings=\"{&quot;background_background&quot;:&quot;classic&quot;,&quot;_ha_eqh_enable&quot;:false}\">\n\t\t\t\t\t\t<div class=\"elementor-container elementor-column-gap-default\">\n\t\t\t\t\t<div class=\"elementor-column elementor-col-50 elementor-top-column elementor-element elementor-element-12088d0c\" data-id=\"12088d0c\" data-element_type=\"column\" data-settings=\"{&quot;background_background&quot;:&quot;classic&quot;}\">\n\t\t\t<div class=\"elementor-widget-wrap elementor-element-populated\">\n\t\t\t\t\t\t<div class=\"elementor-element elementor-element-4489e4c elementor-widget__width-initial elementor-widget elementor-widget-image\" data-id=\"4489e4c\" data-element_type=\"widget\" data-widget_type=\"image.default\">\n\t\t\t\t<div class=\"elementor-widget-container\">\n\t\t\t\t\t\t\t\t\t\t\t\t\t\t\t<img fetchpriority=\"high\" decoding=\"async\" width=\"2560\" height=\"955\" src=\"https:\/\/www.postgradospucv.cl\/wp-content\/uploads\/2025\/10\/Doctorado-en-Educacion_Color_1-scaled.png\" class=\"attachment-full size-full wp-image-11687\" alt=\"\" srcset=\"https:\/\/www.postgradospucv.cl\/wp-content\/uploads\/2025\/10\/Doctorado-en-Educacion_Color_1-scaled.png 2560w, https:\/\/www.postgradospucv.cl\/wp-content\/uploads\/2025\/10\/Doctorado-en-Educacion_Color_1-300x112.png 300w, https:\/\/www.postgradospucv.cl\/wp-content\/uploads\/2025\/10\/Doctorado-en-Educacion_Color_1-1024x382.png 1024w, https:\/\/www.postgradospucv.cl\/wp-content\/uploads\/2025\/10\/Doctorado-en-Educacion_Color_1-768x286.png 768w, https:\/\/www.postgradospucv.cl\/wp-content\/uploads\/2025\/10\/Doctorado-en-Educacion_Color_1-1536x573.png 1536w, https:\/\/www.postgradospucv.cl\/wp-content\/uploads\/2025\/10\/Doctorado-en-Educacion_Color_1-2048x764.png 2048w\" sizes=\"(max-width: 2560px) 100vw, 2560px\" \/>\t\t\t\t\t\t\t\t\t\t\t\t\t\t\t<\/div>\n\t\t\t\t<\/div>\n\t\t\t\t<div class=\"elementor-element elementor-element-243c5a63 elementor-align-right elementor-widget elementor-widget-button\" data-id=\"243c5a63\" data-element_type=\"widget\" data-widget_type=\"button.default\">\n\t\t\t\t<div class=\"elementor-widget-container\">\n\t\t\t\t\t\t\t\t\t<div class=\"elementor-button-wrapper\">\n\t\t\t\t\t<a class=\"elementor-button elementor-button-link elementor-size-sm\" href=\"https:\/\/pedagogia.pucv.cl\/postgrados\/doctorado-en-educacion\/\" target=\"_blank\">\n\t\t\t\t\t\t<span class=\"elementor-button-content-wrapper\">\n\t\t\t\t\t\t\t\t\t<span class=\"elementor-button-text\">Sitio Web ><\/span>\n\t\t\t\t\t<\/span>\n\t\t\t\t\t<\/a>\n\t\t\t\t<\/div>\n\t\t\t\t\t\t\t\t<\/div>\n\t\t\t\t<\/div>\n\t\t\t\t<div class=\"elementor-element elementor-element-3352d65 elementor-icon-list--layout-traditional elementor-list-item-link-full_width elementor-widget elementor-widget-icon-list\" data-id=\"3352d65\" data-element_type=\"widget\" data-widget_type=\"icon-list.default\">\n\t\t\t\t<div class=\"elementor-widget-container\">\n\t\t\t\t\t\t\t<ul class=\"elementor-icon-list-items\">\n\t\t\t\t\t\t\t<li class=\"elementor-icon-list-item\">\n\t\t\t\t\t\t\t\t\t\t\t<span class=\"elementor-icon-list-icon\">\n\t\t\t\t\t\t\t<i aria-hidden=\"true\" class=\"fas fa-arrow-alt-circle-right\"><\/i>\t\t\t\t\t\t<\/span>\n\t\t\t\t\t\t\t\t\t\t<span class=\"elementor-icon-list-text\">Descripci\u00f3n y objetivos del Programa<\/span>\n\t\t\t\t\t\t\t\t\t<\/li>\n\t\t\t\t\t\t<\/ul>\n\t\t\t\t\t\t<\/div>\n\t\t\t\t<\/div>\n\t\t\t\t<div class=\"elementor-element elementor-element-3551012e elementor-widget elementor-widget-text-editor\" data-id=\"3551012e\" data-element_type=\"widget\" data-widget_type=\"text-editor.default\">\n\t\t\t\t<div class=\"elementor-widget-container\">\n\t\t\t\t\t\t\t\t\t<p>El programa de Doctorado en Educaci\u00f3n tiene como objetivo formar investigadores(as) de excelencia en educaci\u00f3n y comprometidos con el an\u00e1lisis de la realidad socioeducativa, la generaci\u00f3n, discusi\u00f3n y difusi\u00f3n de conocimiento educativo de alto impacto cient\u00edfico, que contribuya a la transformaci\u00f3n de las pol\u00edticas, organizaciones y pr\u00e1cticas educativas para una mayor justicia social y educativa. Los Graduados ser\u00e1n capaces de evidenciar y demostrar los siguientes saberes y capacidades:<br \/>1. Problematizar la realidad socioeducativa a partir de diferentes dimensiones, niveles y perspectivas con el fin de propiciar la transformaci\u00f3n del sistema educativo que contribuya a una mayor justicia social.<br \/>2. Contribuir a la construcci\u00f3n de conocimiento en educaci\u00f3n en los \u00e1mbitos de la pol\u00edtica, organizaciones y pr\u00e1cticas educativas, desde diversas perspectivas te\u00f3ricas.<br \/>3. Desarrollar investigaciones con altos est\u00e1ndares metodol\u00f3gicos y \u00e9ticos sobre fen\u00f3menos y procesos de la realidad socioeducativa.<br \/>4. Comunicar resultados de investigaciones con prop\u00f3sitos y formatos diversos, para participar y colaborar con comunidades de investigadores(as) que producen conocimiento educativo.<\/p>\t\t\t\t\t\t\t\t<\/div>\n\t\t\t\t<\/div>\n\t\t\t\t<div class=\"elementor-element elementor-element-366f4a42 elementor-icon-list--layout-traditional elementor-list-item-link-full_width elementor-widget elementor-widget-icon-list\" data-id=\"366f4a42\" data-element_type=\"widget\" data-widget_type=\"icon-list.default\">\n\t\t\t\t<div class=\"elementor-widget-container\">\n\t\t\t\t\t\t\t<ul class=\"elementor-icon-list-items\">\n\t\t\t\t\t\t\t<li class=\"elementor-icon-list-item\">\n\t\t\t\t\t\t\t\t\t\t\t<span class=\"elementor-icon-list-icon\">\n\t\t\t\t\t\t\t<i aria-hidden=\"true\" class=\"fas fa-arrow-alt-circle-right\"><\/i>\t\t\t\t\t\t<\/span>\n\t\t\t\t\t\t\t\t\t\t<span class=\"elementor-icon-list-text\">L\u00edneas de Investigaci\u00f3n<\/span>\n\t\t\t\t\t\t\t\t\t<\/li>\n\t\t\t\t\t\t<\/ul>\n\t\t\t\t\t\t<\/div>\n\t\t\t\t<\/div>\n\t\t\t\t<div class=\"elementor-element elementor-element-106a175a elementor-widget elementor-widget-text-editor\" data-id=\"106a175a\" data-element_type=\"widget\" data-widget_type=\"text-editor.default\">\n\t\t\t\t<div class=\"elementor-widget-container\">\n\t\t\t\t\t\t\t\t\t<p>En la Escuela de Pedagog\u00eda se cultivan tres l\u00edneas de investigaci\u00f3n que reflejan la diversidad disciplinaria e interdisciplinaria del quehacer investigativo de los(las) docentes y miembros del claustro del programa. Estas l\u00edneas contribuyen, desde sus \u00e9nfasis distintivos, a la construcci\u00f3n de conocimiento nuevo, como al desarrollo y mejoramiento de las pr\u00e1cticas de indagaci\u00f3n de los futuros(as) Doctores(as) en Educaci\u00f3n.<br \/><br \/><strong>L\u00ednea 1:<\/strong> Ecosistemas de Ense\u00f1anza y Aprendizaje. Estudia los aspectos ecosist\u00e9micos que configuran los procesos de ense\u00f1anza, aprendizaje y evaluaci\u00f3n. Para esto centra su atenci\u00f3n en la naturaleza, prop\u00f3sitos, contextos, medios y resultados de las interacciones, trayectorias y pr\u00e1cticas de formaci\u00f3n que se desarrollan en las comunidades educativas en los niveles de educaci\u00f3n infantil, primaria, secundaria, terciaria y de educaci\u00f3n de adultos para propiciar la justicia social y educativa. Esta l\u00ednea de investigaci\u00f3n busca contribuir a la construcci\u00f3n de nuevo conocimiento pedag\u00f3gico que favorezca la ampliaci\u00f3n de oportunidades de aprendizajes para todas y todos los(las) estudiantes en contextos de formaci\u00f3n reglada y emergentes. Por otra parte, pretende contribuir al mejoramiento de la formaci\u00f3n inicial y continua del profesorado mediante una mejor comprensi\u00f3n del quehacer docente en el contexto de las nuevas ecolog\u00edas educativas que emergen en torno a la ubicuidad y deslocalizaci\u00f3n del conocimiento y la multiplicidad de modalidades formativas. Para construir conocimiento y elaborar nuevas propuestas esta l\u00ednea desarrolla investigaciones en tem\u00e1ticas relacionadas con el curr\u00edculo, la evaluaci\u00f3n del aprendizaje, las estrategias de ense\u00f1anza y aprendizaje, las pr\u00e1cticas de aula, las diversas modalidades y entornos de formaci\u00f3n, la trayectoria y conocimiento docente y las interacciones y mediaciones de artefactos socioculturales como la escritura o las tecnolog\u00edas digitales. <br \/><br \/><strong>L\u00ednea 2:<\/strong> Ciudadan\u00eda, Inclusi\u00f3n y Diversidad. Esta l\u00ednea de investigaci\u00f3n del Doctorado en Educaci\u00f3n tiene por objetivo la b\u00fasqueda y construcci\u00f3n de conocimiento en torno al campo de estudio de la diversidad, valorando las diferencias en las personas y reconoci\u00e9ndolas como sujetos de derecho ciudadano. Desarrolla como objeto de estudio, el ciclo vital de la persona y los contextos educativos y sociales, formales e informales en los que se desenvuelve en su trayectoria biogr\u00e1fica. La problem\u00e1tica de esta l\u00ednea se basa en el derecho a la educaci\u00f3n, puesto que las condiciones tanto educativas como sociales a nivel cultural, pol\u00edtico y pr\u00e1ctico deben permitir respuestas inclusivas para que todos y todas aprendan, desde sus diferentes modos de ser, hacer y pensar. Asimismo, se debe garantizar el desarrollo, la identidad y la plena participaci\u00f3n, sobre la base de sus caracter\u00edsticas cognitivas, emocionales, f\u00edsicas, sensoriales, socioculturales y sociales. Comprende, por lo tanto, lo educativo como hecho pol\u00edtico desde su dimensi\u00f3n teleol\u00f3gica y axiol\u00f3gica respecto del fin \u00faltimo del proceso de ense\u00f1ar y de aprender, el cual se vincula con la convivencia justa, la democracia y la ciudadan\u00eda como vida buena en com\u00fan.<br \/><br \/><strong>L\u00ednea 3:<\/strong> Pol\u00edticas Educativas, Gesti\u00f3n y Liderazgo Institucional. El sistema educativo ocupa un lugar indiscutiblemente relevante en la sociedad. La relaci\u00f3n entre estado, sociedad civil y organizaciones educativas es el reflejo de un modo de organizaci\u00f3n social, de un modelo de desarrollo, y de construcci\u00f3n de un cierto tipo de ciudadan\u00eda. Comprender el entramado de relaciones y efectos de las pol\u00edticas p\u00fablicas, en escuelas, colegios, jardines infantiles e instituciones formadoras de profesores(as), es el n\u00facleo central de esta l\u00ednea de investigaci\u00f3n. La implementaci\u00f3n de pol\u00edticas p\u00fablicas educativas tiene efectos no lineales en el sistema educativo y en algunas oportunidades diferentes a los esperados en su dise\u00f1o original, debido a diversas razones, entre ellas, el nivel de coincidencia entre los dise\u00f1os e implementaci\u00f3n, las caracter\u00edsticas del territorio, las particularidades de las organizaciones<br \/>escolares y las interacciones que esa comunidad ha desarrollado a lo largo del tiempo. Es decir, las tensiones entre la cultura escolar-institucional, construidas localmente y la institucionalidad dise\u00f1ada a nivel nacional. Esta l\u00ednea, por lo tanto, busca aportar a una mayor profundidad en el estudio te\u00f3rico y emp\u00edrico, el an\u00e1lisis cr\u00edtico y la reflexi\u00f3n aplicada sobre el sistema educativo, desde la perspectiva de las pol\u00edticas educativas, y c\u00f3mo desde los distintos niveles institucionales y a partir de los diversos actores involucrados en la educaci\u00f3n, es posible responder a las demandas de justicia social y equidad en las escuelas, creando espacios y oportunidades de participaci\u00f3n, inclusi\u00f3n y vinculaci\u00f3n territorial.<\/p>\t\t\t\t\t\t\t\t<\/div>\n\t\t\t\t<\/div>\n\t\t\t\t\t<\/div>\n\t\t<\/div>\n\t\t\t\t<div class=\"elementor-column elementor-col-50 elementor-top-column elementor-element elementor-element-ff72acd\" data-id=\"ff72acd\" data-element_type=\"column\">\n\t\t\t<div class=\"elementor-widget-wrap elementor-element-populated\">\n\t\t\t\t\t\t<div class=\"elementor-element elementor-element-397fd1b2 elementor-widget elementor-widget-image\" data-id=\"397fd1b2\" data-element_type=\"widget\" data-widget_type=\"image.default\">\n\t\t\t\t<div class=\"elementor-widget-container\">\n\t\t\t\t\t\t\t\t\t\t\t\t\t\t\t<img decoding=\"async\" width=\"765\" height=\"430\" src=\"https:\/\/www.postgradospucv.cl\/wp-content\/uploads\/2024\/04\/Educacion-foto.png\" class=\"attachment-full size-full wp-image-3969\" alt=\"\" srcset=\"https:\/\/www.postgradospucv.cl\/wp-content\/uploads\/2024\/04\/Educacion-foto.png 765w, https:\/\/www.postgradospucv.cl\/wp-content\/uploads\/2024\/04\/Educacion-foto-300x169.png 300w\" sizes=\"(max-width: 765px) 100vw, 765px\" \/>\t\t\t\t\t\t\t\t\t\t\t\t\t\t\t<\/div>\n\t\t\t\t<\/div>\n\t\t\t\t<section class=\"elementor-section elementor-inner-section elementor-element elementor-element-a19d6a2 elementor-section-boxed elementor-section-height-default elementor-section-height-default\" data-id=\"a19d6a2\" data-element_type=\"section\" data-settings=\"{&quot;_ha_eqh_enable&quot;:false}\">\n\t\t\t\t\t\t<div class=\"elementor-container elementor-column-gap-default\">\n\t\t\t\t\t<div class=\"elementor-column elementor-col-100 elementor-inner-column elementor-element elementor-element-441cfe2\" data-id=\"441cfe2\" data-element_type=\"column\" data-settings=\"{&quot;background_background&quot;:&quot;classic&quot;}\">\n\t\t\t<div class=\"elementor-widget-wrap elementor-element-populated\">\n\t\t\t\t\t\t<div class=\"elementor-element elementor-element-7258aa6c elementor-icon-list--layout-traditional elementor-list-item-link-full_width elementor-widget elementor-widget-icon-list\" data-id=\"7258aa6c\" data-element_type=\"widget\" data-widget_type=\"icon-list.default\">\n\t\t\t\t<div class=\"elementor-widget-container\">\n\t\t\t\t\t\t\t<ul class=\"elementor-icon-list-items\">\n\t\t\t\t\t\t\t<li class=\"elementor-icon-list-item\">\n\t\t\t\t\t\t\t\t\t\t\t<span class=\"elementor-icon-list-icon\">\n\t\t\t\t\t\t\t<i aria-hidden=\"true\" class=\"fas fa-arrow-alt-circle-right\"><\/i>\t\t\t\t\t\t<\/span>\n\t\t\t\t\t\t\t\t\t\t<span class=\"elementor-icon-list-text\">Perfil de ingreso<\/span>\n\t\t\t\t\t\t\t\t\t<\/li>\n\t\t\t\t\t\t<\/ul>\n\t\t\t\t\t\t<\/div>\n\t\t\t\t<\/div>\n\t\t\t\t<div class=\"elementor-element elementor-element-5d4a4dde elementor-widget elementor-widget-text-editor\" data-id=\"5d4a4dde\" data-element_type=\"widget\" data-widget_type=\"text-editor.default\">\n\t\t\t\t<div class=\"elementor-widget-container\">\n\t\t\t\t\t\t\t\t\t<p>Quien se incorpora al programa debe tener un grado acad\u00e9mico de Licenciatura o Mag\u00edster en un \u00e1rea af\u00edn a la educaci\u00f3n (como por ejemplo, la psicolog\u00eda, sociolog\u00eda, psicopedagog\u00eda entre otras) y poseer conocimientos disciplinarios y\/o trayectoria investigativa en Educaci\u00f3n. Se espera que sea capaz de comunicarse en el idioma ingl\u00e9s de manera oral y escrita y comprender textos y fuentes acad\u00e9micas. La rigurosidad acad\u00e9mica, proactividad, curiosidad intelectual, esp\u00edritu cr\u00edtico e integridad \u00e9tica, adem\u00e1s de la capacidad de trabajo en equipo son centrales al perfil del postulante.<\/p>\t\t\t\t\t\t\t\t<\/div>\n\t\t\t\t<\/div>\n\t\t\t\t<div class=\"elementor-element elementor-element-193c2724 elementor-icon-list--layout-traditional elementor-list-item-link-full_width elementor-widget elementor-widget-icon-list\" data-id=\"193c2724\" data-element_type=\"widget\" data-widget_type=\"icon-list.default\">\n\t\t\t\t<div class=\"elementor-widget-container\">\n\t\t\t\t\t\t\t<ul class=\"elementor-icon-list-items\">\n\t\t\t\t\t\t\t<li class=\"elementor-icon-list-item\">\n\t\t\t\t\t\t\t\t\t\t\t<span class=\"elementor-icon-list-icon\">\n\t\t\t\t\t\t\t<i aria-hidden=\"true\" class=\"fas fa-arrow-alt-circle-right\"><\/i>\t\t\t\t\t\t<\/span>\n\t\t\t\t\t\t\t\t\t\t<span class=\"elementor-icon-list-text\">Perfil de graduaci\u00f3n<\/span>\n\t\t\t\t\t\t\t\t\t<\/li>\n\t\t\t\t\t\t<\/ul>\n\t\t\t\t\t\t<\/div>\n\t\t\t\t<\/div>\n\t\t\t\t<div class=\"elementor-element elementor-element-2125abfc elementor-widget elementor-widget-text-editor\" data-id=\"2125abfc\" data-element_type=\"widget\" data-widget_type=\"text-editor.default\">\n\t\t\t\t<div class=\"elementor-widget-container\">\n\t\t\t\t\t\t\t\t\t<p>El Programa de Doctorado en Educaci\u00f3n, propiciar\u00e1 que el graduado desarrolle competencias acad\u00e9micas que involucran conocimientos, habilidades y actitudes para generar, colaborativamente, nuevo conocimiento y dise\u00f1ar investigaciones a partir del uso riguroso de marcos onto-epist\u00e9micos, \u00e9ticos, te\u00f3ricos y metodol\u00f3gicos, pertinentes y relevantes para la comprensi\u00f3n y transformaci\u00f3n de la realidad y pol\u00edticas socioeducativas desde el marco de la justicia social. A trav\u00e9s de este proceso de formaci\u00f3n, los(las) estudiantes desarrollar\u00e1n las siguientes competencias:<br \/>1. Analiza e interpreta la realidad socioeducativa para impulsar su desarrollo desde la perspectiva de la justicia social.<br \/>2. Construye conocimiento a trav\u00e9s de la investigaci\u00f3n que atienda los \u00e1mbitos de la pol\u00edtica, organizaciones y pr\u00e1cticas del \u00e1mbito de la educaci\u00f3n y en consideraci\u00f3n de variadas perspectivas te\u00f3ricas.<br \/>3. Dise\u00f1a y desarrolla investigaciones con rigor acad\u00e9mico, metodol\u00f3gico y \u00e9tico sobre la realidad educativa y sus contextos.<br \/>4. Comunica avances y resultados de investigaci\u00f3n original a la comunidad acad\u00e9mica y profesional, nacional e internacional,<br \/>participando en el avance y desarrollo socioeducativo.<br \/>5. Fomenta, la innovaci\u00f3n tecnol\u00f3gica, social y\/o cultural en educaci\u00f3n desde la perspectiva de la justicia social.<\/p>\t\t\t\t\t\t\t\t<\/div>\n\t\t\t\t<\/div>\n\t\t\t\t\t<\/div>\n\t\t<\/div>\n\t\t\t\t\t<\/div>\n\t\t<\/section>\n\t\t\t\t<section class=\"elementor-section elementor-inner-section elementor-element elementor-element-eb4d98c elementor-section-boxed elementor-section-height-default elementor-section-height-default\" data-id=\"eb4d98c\" data-element_type=\"section\" data-settings=\"{&quot;_ha_eqh_enable&quot;:false}\">\n\t\t\t\t\t\t<div class=\"elementor-container elementor-column-gap-default\">\n\t\t\t\t\t<div class=\"elementor-column elementor-col-100 elementor-inner-column elementor-element elementor-element-69af714\" data-id=\"69af714\" data-element_type=\"column\" data-settings=\"{&quot;background_background&quot;:&quot;classic&quot;}\">\n\t\t\t<div class=\"elementor-widget-wrap elementor-element-populated\">\n\t\t\t\t\t\t<div class=\"elementor-element elementor-element-4a6ab0de elementor-icon-list--layout-traditional elementor-list-item-link-full_width elementor-widget elementor-widget-icon-list\" data-id=\"4a6ab0de\" data-element_type=\"widget\" data-widget_type=\"icon-list.default\">\n\t\t\t\t<div class=\"elementor-widget-container\">\n\t\t\t\t\t\t\t<ul class=\"elementor-icon-list-items\">\n\t\t\t\t\t\t\t<li class=\"elementor-icon-list-item\">\n\t\t\t\t\t\t\t\t\t\t<span class=\"elementor-icon-list-text\">Requisitos de admisi\u00f3n<\/span>\n\t\t\t\t\t\t\t\t\t<\/li>\n\t\t\t\t\t\t<\/ul>\n\t\t\t\t\t\t<\/div>\n\t\t\t\t<\/div>\n\t\t\t\t<div class=\"elementor-element elementor-element-3714223d elementor-widget elementor-widget-text-editor\" data-id=\"3714223d\" data-element_type=\"widget\" data-widget_type=\"text-editor.default\">\n\t\t\t\t<div class=\"elementor-widget-container\">\n\t\t\t\t\t\t\t\t\t<ol><li><p>Estar en posesi\u00f3n del grado acad\u00e9mico de licenciado(a) o de mag\u00edster en educaci\u00f3n o disciplinas afines, otorgado por esta u otra Universidad en Chile o en el extranjero. La afinidad a la disciplina de los(as) postulantes ser\u00e1 determinada por el Comit\u00e9 Acad\u00e9mico del Programa.<\/p><\/li><li><p>Elevar una solicitud de postulaci\u00f3n.<\/p><\/li><li><p>Disponer del tiempo necesario para cumplir con los requerimientos acad\u00e9micos establecidos por el Programa en cada una de sus etapas.<\/p><\/li><li><p>Acreditar dominio del idioma ingl\u00e9s en comprensi\u00f3n lectora equivalente a un nivel B2\/ALTE3, de acuerdo al Marco Com\u00fan Europeo de Referencia para las Lenguas (MCERL).<\/p><\/li><\/ol><ul><li><p>Nivel m\u00ednimo al postular: B1, con el compromiso formal de avanzar a B2 en un plazo m\u00e1ximo de seis semestres a partir del ingreso al programa.<\/p><\/li><li><p>En caso de no cumplir con el avance comprometido, el(la) estudiante quedar\u00e1 eliminado(a) del programa.<\/p><\/li><\/ul><ol start=\"5\"><li><p>Asimismo, los(as) postulantes no hispanohablantes deber\u00e1n acreditar dominio del espa\u00f1ol como lengua extranjera en un nivel C1, que permita su plena integraci\u00f3n a las actividades acad\u00e9micas y cient\u00edficas del programa.<\/p><\/li><\/ol>\t\t\t\t\t\t\t\t<\/div>\n\t\t\t\t<\/div>\n\t\t\t\t<div class=\"elementor-element elementor-element-18b7fad9 ha-toggle--icon-left elementor-widget elementor-widget-ha-toggle happy-addon ha-toggle happy-addon-pro\" data-id=\"18b7fad9\" data-element_type=\"widget\" data-widget_type=\"ha-toggle.default\">\n\t\t\t\t<div class=\"elementor-widget-container\">\n\t\t\t\t\t\t\t<div class=\"ha-toggle__wrapper\" role=\"tablist\">\n\t\t\t\t\t\t\t<div class=\"ha-toggle__item\">\n\t\t\t\t\t<div id=\"ha-toggle__item-title-4141\" class=\"ha-toggle__item-title\" data-tab=\"1\" role=\"tab\" aria-controls=\"ha-toggle__item-content-4141\">\n\t\t\t\t\t\t\t\t\t\t\t\t\t<span class=\"ha-toggle__item-icon ha-toggle__icon\" aria-hidden=\"true\">\n\t\t\t\t\t\t\t\t\t\t\t\t\t\t\t\t\t<span class=\"ha-toggle__icon--closed\"><i aria-hidden=\"true\" class=\"fas fa-chevron-right\"><\/i><\/span>\n\t\t\t\t\t\t\t\t\t\t\t\t\t\t\t\t\t\t\t\t\t\t\t\t\t<span class=\"ha-toggle__icon--opened\"><i aria-hidden=\"true\" class=\"fas fa-chevron-up\"><\/i><\/span>\n\t\t\t\t\t\t\t\t\t\t\t\t\t\t\t<\/span>\n\t\t\t\t\t\t\t\t\t\t\t\t<div class=\"ha-toggle__item-title-inner\">\n\t\t\t\t\t\t\t\t\t\t\t\t\t\t<span class=\"ha-toggle__item-title-text\">Documentos de postulaci\u00f3n<\/span>\n\t\t\t\t\t\t<\/div>\n\t\t\t\t\t<\/div>\n\t\t\t\t\t<div id=\"ha-toggle__item-content-4141\" class=\"ha-toggle__item-content\" data-tab=\"1\" role=\"tabpanel\" aria-labelledby=\"ha-toggle__item-title-4141\">\n\t\t\t\t\t\t<ol><li>Formulario de postulaci\u00f3n;<\/li><li>Curr\u00edculo Vitae que d\u00e9 cuenta de conocimientos disciplinarios y\/o trayectoria investigativa en Educaci\u00f3n;<\/li><li>Copia legalizada del grado acad\u00e9mico obtenido. Los certificados de grados otorgados por universidades extranjeras deber\u00e1n acompa\u00f1arse debidamente legalizados por las autoridades competentes;<\/li><li>Certificado de notas y\/o ranking de promoci\u00f3n de egreso de pre y postgrado (solo si cuenta con estudios de postgrado), salvo que la Universidad de origen no otorgue este tipo de certificados. Si la escala de notas fuera diversa a la utilizada por esta Universidad, se deber\u00e1 acompa\u00f1ar adem\u00e1s un certificado emitido por la instituci\u00f3n de educaci\u00f3n superior en que curs\u00f3 sus estudios que indique las equivalencias;<\/li><li>Ante-proyecto de investigaci\u00f3n vinculado a las l\u00edneas del programa (m\u00e1ximo 2.500 palabras);<\/li><li>Carta de motivaci\u00f3n y fundamentaci\u00f3n de la postulaci\u00f3n (m\u00e1ximo 1.000 palabras);<\/li><li>Un ejemplar de producci\u00f3n acad\u00e9mica propio (art\u00edculo, tesis, cap\u00edtulo de libro); y<\/li><li>Tres cartas de recomendaci\u00f3n confidenciales enviadas directamente a la Direcci\u00f3n del Programa de Doctorado en Educaci\u00f3n.<\/li><\/ol>\t\t\t\t\t<\/div>\n\t\t\t\t<\/div>\n\t\t\t\t\t<\/div>\n\t\t\t\t\t\t<\/div>\n\t\t\t\t<\/div>\n\t\t\t\t<div class=\"elementor-element elementor-element-402f49c9 ha-toggle--icon-left elementor-widget elementor-widget-ha-toggle happy-addon ha-toggle happy-addon-pro\" data-id=\"402f49c9\" data-element_type=\"widget\" data-widget_type=\"ha-toggle.default\">\n\t\t\t\t<div class=\"elementor-widget-container\">\n\t\t\t\t\t\t\t<div class=\"ha-toggle__wrapper\" role=\"tablist\">\n\t\t\t\t\t\t\t<div class=\"ha-toggle__item\">\n\t\t\t\t\t<div id=\"ha-toggle__item-title-1071\" class=\"ha-toggle__item-title\" data-tab=\"1\" role=\"tab\" aria-controls=\"ha-toggle__item-content-1071\">\n\t\t\t\t\t\t\t\t\t\t\t\t\t<span class=\"ha-toggle__item-icon ha-toggle__icon\" aria-hidden=\"true\">\n\t\t\t\t\t\t\t\t\t\t\t\t\t\t\t\t\t<span class=\"ha-toggle__icon--closed\"><i aria-hidden=\"true\" class=\"fas fa-chevron-right\"><\/i><\/span>\n\t\t\t\t\t\t\t\t\t\t\t\t\t\t\t\t\t\t\t\t\t\t\t\t\t<span class=\"ha-toggle__icon--opened\"><i aria-hidden=\"true\" class=\"fas fa-chevron-up\"><\/i><\/span>\n\t\t\t\t\t\t\t\t\t\t\t\t\t\t\t<\/span>\n\t\t\t\t\t\t\t\t\t\t\t\t<div class=\"ha-toggle__item-title-inner\">\n\t\t\t\t\t\t\t\t\t\t\t\t\t\t<span class=\"ha-toggle__item-title-text\">Becas y Beneficios<\/span>\n\t\t\t\t\t\t<\/div>\n\t\t\t\t\t<\/div>\n\t\t\t\t\t<div id=\"ha-toggle__item-content-1071\" class=\"ha-toggle__item-content\" data-tab=\"1\" role=\"tabpanel\" aria-labelledby=\"ha-toggle__item-title-1071\">\n\t\t\t\t\t\t<p>AUIP:\u00a0<a href=\"https:\/\/www.auip.org\/es\/\" target=\"_blank\" rel=\"noopener noreferrer\" data-auth=\"NotApplicable\" data-linkindex=\"3\">Principal (auip.org)<\/a>\u00a0(Becas de Movilidad desde Europa Hacia Am\u00e9rica, viceversa).<\/p><p><span lang=\"es\">Becas Internas PUCV: <\/span>Arancel para estudiantes Extranjeros \u2013Manutenci\u00f3n para estudiantes extranjeros- Arancel para estudiantes nacionales &#8211; Manutenci\u00f3n para estudiantes nacionales \u2013Evento Cient\u00edfico \u2013 T\u00e9rmino de Tesis \u2013 Pasant\u00eda.<\/p>\t\t\t\t\t<\/div>\n\t\t\t\t<\/div>\n\t\t\t\t\t<\/div>\n\t\t\t\t\t\t<\/div>\n\t\t\t\t<\/div>\n\t\t\t\t<div class=\"elementor-element elementor-element-635a7c5 ha-toggle--icon-left elementor-widget elementor-widget-ha-toggle happy-addon ha-toggle happy-addon-pro\" data-id=\"635a7c5\" data-element_type=\"widget\" data-widget_type=\"ha-toggle.default\">\n\t\t\t\t<div class=\"elementor-widget-container\">\n\t\t\t\t\t\t\t<div class=\"ha-toggle__wrapper\" role=\"tablist\">\n\t\t\t\t\t\t\t<div class=\"ha-toggle__item\">\n\t\t\t\t\t<div id=\"ha-toggle__item-title-1041\" class=\"ha-toggle__item-title\" data-tab=\"1\" role=\"tab\" aria-controls=\"ha-toggle__item-content-1041\">\n\t\t\t\t\t\t\t\t\t\t\t\t\t<span class=\"ha-toggle__item-icon ha-toggle__icon\" aria-hidden=\"true\">\n\t\t\t\t\t\t\t\t\t\t\t\t\t\t\t\t\t<span class=\"ha-toggle__icon--closed\"><i aria-hidden=\"true\" class=\"fas fa-chevron-right\"><\/i><\/span>\n\t\t\t\t\t\t\t\t\t\t\t\t\t\t\t\t\t\t\t\t\t\t\t\t\t<span class=\"ha-toggle__icon--opened\"><i aria-hidden=\"true\" class=\"fas fa-chevron-up\"><\/i><\/span>\n\t\t\t\t\t\t\t\t\t\t\t\t\t\t\t<\/span>\n\t\t\t\t\t\t\t\t\t\t\t\t<div class=\"ha-toggle__item-title-inner\">\n\t\t\t\t\t\t\t\t\t\t\t\t\t\t<span class=\"ha-toggle__item-title-text\">Cuerpo Acad\u00e9mico<\/span>\n\t\t\t\t\t\t<\/div>\n\t\t\t\t\t<\/div>\n\t\t\t\t\t<div id=\"ha-toggle__item-content-1041\" class=\"ha-toggle__item-content\" data-tab=\"1\" role=\"tabpanel\" aria-labelledby=\"ha-toggle__item-title-1041\">\n\t\t\t\t\t\t<p>El Programa cuenta con un equipo acad\u00e9mico conformado por profesores del claustro y profesores colaboradores, que aportan desde su s\u00f3lida formaci\u00f3n disciplinaria y trayectoria investigativa en \u00e1reas diversas de la educaci\u00f3n y ciencias sociales. Actualmente, entre los profesores colaboradores que imparten docencia en el programa se encuentran:<\/p><ul><li>Harald Bluhm. M\u00e1ster en Filosof\u00eda, Literatura y Filolog\u00eda Alemana. Doctorado en Filosof\u00eda.<\/li><li>Andrea Bustos Ibarra. Profesora de Educaci\u00f3n General B\u00e1sica con menci\u00f3n en Computaci\u00f3n Educativa. Doctorado en Psicolog\u00eda Evolutiva y de la Educaci\u00f3n.<\/li><li>Sandra Catal\u00e1n Henr\u00edquez. Profesora de Educaci\u00f3n Diferencial, Psic\u00f3loga. Doctorado en Investigaci\u00f3n e Innovaci\u00f3n Educativa.<\/li><li>Mar\u00eda Leonor Conejeros Solar. Psic\u00f3loga. Doctorado en Educaci\u00f3n. Postdoctorado en Gifted Education.<\/li><li>Carlos Cristi Montero. Profesor de Educaci\u00f3n F\u00edsica. Doctorado en Ciencias de la Actividad F\u00edsica y Deporte.<\/li><li>Myriam D\u00edaz. Asistente Social. Doctorado en Filosof\u00eda.<\/li><li>Jos\u00e9 Miguel Garrido Miranda. Profesor de Historia y Geograf\u00eda. Mag\u00edster en Inform\u00e1tica Educativa, Mag\u00edster en Historia. Doctorado en Diversidad y Cambio en Educaci\u00f3n.<\/li><li>Marcela Jarpa Azagra. Profesora de Castellano. Mag\u00edster en Ling\u00fc\u00edstica Aplicada, Doctorado en Ling\u00fc\u00edstica. Postdoctorado en la Universitat Pompeu Fabra, Barcelona.<\/li><li>Ver\u00f3nica Leiva Guerrero. Profesora de Educaci\u00f3n General B\u00e1sica. Doctorado en Did\u00e1ctica en Ciencias de la Educaci\u00f3n.<\/li><li>Tatiana L\u00f3pez Jim\u00e9nez. Educadora de P\u00e1rvulos. Mag\u00edster en Educaci\u00f3n, Mag\u00edster en Psicolog\u00eda de la Educaci\u00f3n, Doctorado en Psicolog\u00eda de la Educaci\u00f3n.<\/li><li>Juan de Dios Oyarz\u00fan Morel. Soci\u00f3logo. Mag\u00edster en Sociolog\u00eda, Doctorado en Estudios de Pol\u00edtica Educativa.<\/li><li>Jos\u00e9 Miguel Olave. Profesor de Historia y Geograf\u00eda. Doctor en Ciencias Sociales Ni\u00f1ez y Juventud.<\/li><li>Fernando Rodr\u00edguez Rodr\u00edguez. Profesor de Educaci\u00f3n F\u00edsica. Doctorado en Biomedicina.<\/li><li>Alonso Ortega. Psic\u00f3logo. Doctorado en Neurociencias.<\/li><li>Monserrat Polanco. Profesora de Historia y Geograf\u00eda. Doctorado en Literatura Hispanoamericana Contempor\u00e1nea.<\/li><li>Silvia Red\u00f3n Pantoja. Educadora de P\u00e1rvulos. Mag\u00edster en Educaci\u00f3n, Doctorado en Educaci\u00f3n.<\/li><li>Gloria Contreras P\u00e9rez. Profesora de Matem\u00e1tica y F\u00edsica. Doctorado en Ciencias de la Educaci\u00f3n.<\/li><li>Marta Quiroga Lobos. Profesora de Historia y Geograf\u00eda. Mag\u00edster en Educaci\u00f3n, Doctorado en Did\u00e1ctica y Organizaciones Escolares.<\/li><li>Vanessa Vega C\u00f3rdova. Profesora de Educaci\u00f3n Diferencial. Doctorado en Investigaci\u00f3n sobre Discapacidad.<\/li><\/ul><p>Este cuerpo acad\u00e9mico multidisciplinario permite ofrecer una formaci\u00f3n integral, fortaleciendo el desarrollo te\u00f3rico, metodol\u00f3gico y aplicado de los(as) doctorandos(as) en sus distintas l\u00edneas de investigaci\u00f3n.<\/p>\t\t\t\t\t<\/div>\n\t\t\t\t<\/div>\n\t\t\t\t\t<\/div>\n\t\t\t\t\t\t<\/div>\n\t\t\t\t<\/div>\n\t\t\t\t<div class=\"elementor-element elementor-element-a3c5c64 ha-toggle--icon-left elementor-widget elementor-widget-ha-toggle happy-addon ha-toggle happy-addon-pro\" data-id=\"a3c5c64\" data-element_type=\"widget\" data-widget_type=\"ha-toggle.default\">\n\t\t\t\t<div class=\"elementor-widget-container\">\n\t\t\t\t\t\t\t<div class=\"ha-toggle__wrapper\" role=\"tablist\">\n\t\t\t\t\t\t\t<div class=\"ha-toggle__item\">\n\t\t\t\t\t<div id=\"ha-toggle__item-title-1711\" class=\"ha-toggle__item-title\" data-tab=\"1\" role=\"tab\" aria-controls=\"ha-toggle__item-content-1711\">\n\t\t\t\t\t\t\t\t\t\t\t\t\t<span class=\"ha-toggle__item-icon ha-toggle__icon\" aria-hidden=\"true\">\n\t\t\t\t\t\t\t\t\t\t\t\t\t\t\t\t\t<span class=\"ha-toggle__icon--closed\"><i aria-hidden=\"true\" class=\"fas fa-chevron-right\"><\/i><\/span>\n\t\t\t\t\t\t\t\t\t\t\t\t\t\t\t\t\t\t\t\t\t\t\t\t\t<span class=\"ha-toggle__icon--opened\"><i aria-hidden=\"true\" class=\"fas fa-chevron-up\"><\/i><\/span>\n\t\t\t\t\t\t\t\t\t\t\t\t\t\t\t<\/span>\n\t\t\t\t\t\t\t\t\t\t\t\t<div class=\"ha-toggle__item-title-inner\">\n\t\t\t\t\t\t\t\t\t\t\t\t\t\t<span class=\"ha-toggle__item-title-text\">Requisitos de Graduaci\u00f3n y Grado Otorgado<\/span>\n\t\t\t\t\t\t<\/div>\n\t\t\t\t\t<\/div>\n\t\t\t\t\t<div id=\"ha-toggle__item-content-1711\" class=\"ha-toggle__item-content\" data-tab=\"1\" role=\"tabpanel\" aria-labelledby=\"ha-toggle__item-title-1711\">\n\t\t\t\t\t\t<p>Para obtener el <strong>Grado de Doctor(a) en Educaci\u00f3n<\/strong>, el candidato(a) deber\u00e1 realizar una actividad final que consiste en el desarrollo de una tesis doctoral. Esta tesis implica una investigaci\u00f3n emp\u00edrica original que contribuya significativamente al conocimiento en Educaci\u00f3n.<br \/><br \/>Una vez aprobado el Examen de Candidatura, el\u00a0doctorando(a)\u00a0podr\u00e1 inscribir su Tesis de Grado en las asignaturas Tesis I, II, III y IV. La tesis ser\u00e1 supervisada por un Profesor(a) del Claustro de Profesores(as), quien actuar\u00e1 como Director(a) de Tesis. El Director(a) de Tesis proporcionar\u00e1 orientaci\u00f3n y supervisar\u00e1 el progreso del trabajo del\u00a0doctorando(a), quien deber\u00e1 presentar informes peri\u00f3dicos. La tesis tambi\u00e9n puede contar\u00a0con un Codirector(a), pudiendo ser un Profesor(a) Colaborador(a), designado(a) por el Director(a) del programa y aprobado por el Comit\u00e9 Acad\u00e9mico.<br \/><br \/>En la asignatura Tesis IV, el\u00a0doctorando(a) deber\u00e1 presentar un informe detallado del proceso de investigaci\u00f3n, cumpliendo con los est\u00e1ndares te\u00f3ricos, metodol\u00f3gicos y \u00e9ticos. Los requisitos para presentar la Tesis Doctoral incluyen haber aprobado todas las asignaturas, incluidas las optativas y\u00a0electiva, y haber publicado al menos un art\u00edculo cient\u00edfico o cap\u00edtulo de libro,\u00a0\u00a0adem\u00e1s de dar cuenta de la aceptaci\u00f3n de un art\u00edculo cient\u00edfico; en ambos casos como primer autor(a).\u00a0Los art\u00edculos\u00a0y\/o\u00a0cap\u00edtulo de libro deber\u00e1n cumplir con los criterios del Grupo de Estudio de Educaci\u00f3n de la ANID. La publicaci\u00f3n en disciplinas distintas a la educaci\u00f3n deber\u00e1 ser aprobada por el Claustro del programa.<br \/><br \/>Una vez completada la tesis, y con la aceptaci\u00f3n del Director(a) o Codirectores(as),\u00a0esta\u00a0se presentar\u00e1 al Director(a) del programa, quien designar\u00e1 a un acad\u00e9mico(a)\u00a0especialista\u00a0externo(a)\u00a0a la universidad para formar parte de la Comisi\u00f3n Informante. Esta comisi\u00f3n, que incluir\u00e1 al Director(a) y Codirectores(as) de tesis, evaluar\u00e1 la tesis en un plazo m\u00e1ximo de 60 d\u00edas\u00a0corridos, pudiendo aceptarla, sugerir modificaciones o rechazarla. La tesis se calificar\u00e1 con una nota m\u00ednima de 4,0. Si se rechaza, el alumno(a) deber\u00e1 presentar una nueva propuesta o modificar la tesis en un plazo de 30 d\u00edas.<br \/><br \/>Si la tesis es aceptada con las correcciones realizadas, el candidato(a) deber\u00e1 defenderla en un Examen de Grado en un plazo no mayor a 60 d\u00edas\u00a0corridos\u00a0desde la calificaci\u00f3n final. El Examen de Grado ser\u00e1 p\u00fablico y lo presidir\u00e1 el Decano(a) de la Facultad de Filosof\u00eda y Educaci\u00f3n, junto con el Director(a) del programa y los miembros de la Comisi\u00f3n Informante. Una reprobaci\u00f3n del examen ser\u00e1 causa de eliminaci\u00f3n del programa, aunque se puede solicitar una segunda oportunidad en casos excepcionales, si no se ha reprobado previamente ninguna asignatura obligatoria. Una segunda reprobaci\u00f3n\u00a0implicar\u00e1\u00a0la eliminaci\u00f3n del programa. La calificaci\u00f3n del Examen de Grado representar\u00e1 un tercio de la nota final de graduaci\u00f3n, siendo necesario obtener al menos un 4,0 para aprobar.<br \/><br \/>Finalmente, cumplidos todos los requisitos acad\u00e9micos y administrativos, el Director(a) del programa iniciar\u00e1 el proceso para la obtenci\u00f3n del Grado de Doctor(a) en Educaci\u00f3n. La calificaci\u00f3n final ser\u00e1 el promedio simple de: (1) la calificaci\u00f3n de Tesis IV, (2) la nota del Examen de Grado y (3) el promedio ponderado de las calificaciones de las asignaturas obligatorias, optativas y electiva.<\/p>\t\t\t\t\t<\/div>\n\t\t\t\t<\/div>\n\t\t\t\t\t<\/div>\n\t\t\t\t\t\t<\/div>\n\t\t\t\t<\/div>\n\t\t\t\t\t<\/div>\n\t\t<\/div>\n\t\t\t\t\t<\/div>\n\t\t<\/section>\n\t\t\t\t<section class=\"elementor-section elementor-inner-section elementor-element elementor-element-16ae0f54 elementor-section-boxed elementor-section-height-default elementor-section-height-default\" data-id=\"16ae0f54\" data-element_type=\"section\" data-settings=\"{&quot;_ha_eqh_enable&quot;:false}\">\n\t\t\t\t\t\t<div class=\"elementor-container elementor-column-gap-default\">\n\t\t\t\t\t<div class=\"elementor-column elementor-col-100 elementor-inner-column elementor-element elementor-element-302125f8\" data-id=\"302125f8\" data-element_type=\"column\">\n\t\t\t<div class=\"elementor-widget-wrap elementor-element-populated\">\n\t\t\t\t\t\t<div class=\"elementor-element elementor-element-2d49296e elementor-align-center elementor-widget elementor-widget-button\" data-id=\"2d49296e\" data-element_type=\"widget\" data-widget_type=\"button.default\">\n\t\t\t\t<div class=\"elementor-widget-container\">\n\t\t\t\t\t\t\t\t\t<div class=\"elementor-button-wrapper\">\n\t\t\t\t\t<a class=\"elementor-button elementor-button-link elementor-size-sm\" href=\"https:\/\/www.postgradospucv.cl\/wp-content\/uploads\/2026\/01\/DRA.-000058-2025-Modifica-RA-y-PE-Doctorado-en-Educacion.pdf\" target=\"_blank\">\n\t\t\t\t\t\t<span class=\"elementor-button-content-wrapper\">\n\t\t\t\t\t\t<span class=\"elementor-button-icon\">\n\t\t\t\t<i aria-hidden=\"true\" class=\"fas fa-file-download\"><\/i>\t\t\t<\/span>\n\t\t\t\t\t\t\t\t\t<span class=\"elementor-button-text\">Reglamento del Programa<\/span>\n\t\t\t\t\t<\/span>\n\t\t\t\t\t<\/a>\n\t\t\t\t<\/div>\n\t\t\t\t\t\t\t\t<\/div>\n\t\t\t\t<\/div>\n\t\t\t\t\t<\/div>\n\t\t<\/div>\n\t\t\t\t\t<\/div>\n\t\t<\/section>\n\t\t\t\t\t<\/div>\n\t\t<\/div>\n\t\t\t\t\t<\/div>\n\t\t<\/section>\n\t\t\t\t<section class=\"elementor-section elementor-top-section elementor-element elementor-element-7e3fdd5e elementor-section-boxed elementor-section-height-default elementor-section-height-default\" data-id=\"7e3fdd5e\" data-element_type=\"section\" data-settings=\"{&quot;background_background&quot;:&quot;classic&quot;,&quot;_ha_eqh_enable&quot;:false}\">\n\t\t\t\t\t\t<div class=\"elementor-container elementor-column-gap-default\">\n\t\t\t\t\t<div class=\"elementor-column elementor-col-100 elementor-top-column elementor-element elementor-element-2b2d3268\" data-id=\"2b2d3268\" data-element_type=\"column\">\n\t\t\t<div class=\"elementor-widget-wrap elementor-element-populated\">\n\t\t\t\t\t\t<div class=\"elementor-element elementor-element-20f6acb5 elementor-widget elementor-widget-heading\" data-id=\"20f6acb5\" data-element_type=\"widget\" data-widget_type=\"heading.default\">\n\t\t\t\t<div class=\"elementor-widget-container\">\n\t\t\t\t\t<h2 class=\"elementor-heading-title elementor-size-default\">PLAN DE ESTUDIOS<\/h2>\t\t\t\t<\/div>\n\t\t\t\t<\/div>\n\t\t\t\t<div class=\"elementor-element elementor-element-190aa237 ha-column-alignment-left ha-column-alignment-left ha-column-icon-left ha-column-icon-left ha-row-alignment-center ha-row-icon-top ha-row-icon-top ha-data-table-responsive-scroll-yes ha-column-alignment-left ha-row-alignment-left ha-data-table-disable-wordwrap-yes elementor-widget elementor-widget-ha-data-table happy-addon ha-data-table\" data-id=\"190aa237\" data-element_type=\"widget\" data-widget_type=\"ha-data-table.default\">\n\t\t\t\t<div class=\"elementor-widget-container\">\n\t\t\t\t\t\n\t\t<table class=\"ha-table\">\n\t\t\t<thead class=\"ha-table__head\">\n\t\t\t\t<tr class=\"ha-table__head-column\">\n\t\t\t\t\t\t\t\t\t\t\t<th class=\"ha-table__head-column-cell elementor-repeater-item-afa6919\">\n\t\t\t\t\t\t\t<div class=\"ha-table__head-column-cell-wrap\">\n\t\t\t\t\t\t\t\t<div class=\"ha-table__head-column-cell-text\">I SEMESTRE<\/div>\n\t\t\t\t\t\t\t\t\t\n\t\t\t\t\t\t\t\t\t\t\t\t\t\t\t\t<\/div>\n\t\t\t\t\t\t<\/th>\n\t\t\t\t\t\t\t\t\t\t\t<th class=\"ha-table__head-column-cell elementor-repeater-item-0330529\">\n\t\t\t\t\t\t\t<div class=\"ha-table__head-column-cell-wrap\">\n\t\t\t\t\t\t\t\t<div class=\"ha-table__head-column-cell-text\">II SEMESTRE<\/div>\n\t\t\t\t\t\t\t\t\t\n\t\t\t\t\t\t\t\t\t\t\t\t\t\t\t\t<\/div>\n\t\t\t\t\t\t<\/th>\n\t\t\t\t\t\t\t\t\t\t\t<th class=\"ha-table__head-column-cell elementor-repeater-item-3c82eda\">\n\t\t\t\t\t\t\t<div class=\"ha-table__head-column-cell-wrap\">\n\t\t\t\t\t\t\t\t<div class=\"ha-table__head-column-cell-text\">III SEMESTRE<\/div>\n\t\t\t\t\t\t\t\t\t\n\t\t\t\t\t\t\t\t\t\t\t\t\t\t\t\t<\/div>\n\t\t\t\t\t\t<\/th>\n\t\t\t\t\t\t\t\t\t\t\t<th class=\"ha-table__head-column-cell elementor-repeater-item-eb5f0fa\">\n\t\t\t\t\t\t\t<div class=\"ha-table__head-column-cell-wrap\">\n\t\t\t\t\t\t\t\t<div class=\"ha-table__head-column-cell-text\">IV SEMESTRE<\/div>\n\t\t\t\t\t\t\t\t\t\n\t\t\t\t\t\t\t\t\t\t\t\t\t\t\t\t<\/div>\n\t\t\t\t\t\t<\/th>\n\t\t\t\t\t\t\t\t\t\t\t<th class=\"ha-table__head-column-cell elementor-repeater-item-499c773\">\n\t\t\t\t\t\t\t<div class=\"ha-table__head-column-cell-wrap\">\n\t\t\t\t\t\t\t\t<div class=\"ha-table__head-column-cell-text\">V SEMESTRE<\/div>\n\t\t\t\t\t\t\t\t\t\n\t\t\t\t\t\t\t\t\t\t\t\t\t\t\t\t<\/div>\n\t\t\t\t\t\t<\/th>\n\t\t\t\t\t\t\t\t\t\t\t<th class=\"ha-table__head-column-cell elementor-repeater-item-492c815\">\n\t\t\t\t\t\t\t<div class=\"ha-table__head-column-cell-wrap\">\n\t\t\t\t\t\t\t\t<div class=\"ha-table__head-column-cell-text\">VI SEMESTRE<\/div>\n\t\t\t\t\t\t\t\t\t\n\t\t\t\t\t\t\t\t\t\t\t\t\t\t\t\t<\/div>\n\t\t\t\t\t\t<\/th>\n\t\t\t\t\t\t\t\t\t\t\t<th class=\"ha-table__head-column-cell elementor-repeater-item-a3f20bd\">\n\t\t\t\t\t\t\t<div class=\"ha-table__head-column-cell-wrap\">\n\t\t\t\t\t\t\t\t<div class=\"ha-table__head-column-cell-text\">VII SEMESTRE<\/div>\n\t\t\t\t\t\t\t\t\t\n\t\t\t\t\t\t\t\t\t\t\t\t\t\t\t\t<\/div>\n\t\t\t\t\t\t<\/th>\n\t\t\t\t\t\t\t\t\t\t\t<th class=\"ha-table__head-column-cell elementor-repeater-item-7a92952\">\n\t\t\t\t\t\t\t<div class=\"ha-table__head-column-cell-wrap\">\n\t\t\t\t\t\t\t\t<div class=\"ha-table__head-column-cell-text\">VIII SEMESTRE<\/div>\n\t\t\t\t\t\t\t\t\t\n\t\t\t\t\t\t\t\t\t\t\t\t\t\t\t\t<\/div>\n\t\t\t\t\t\t<\/th>\n\t\t\t\t\t\t\t\t\t<\/tr>\n\t\t\t<\/thead>\n\n\t\t\t<tbody class=\"ha-table__body\">\n\t\t\t\t\t\t\t\t\t<tr class=\"ha-table__body-row\">\n\t\t\t\t\t\t\t\t\t\t\t\t\t\t<td class=\"ha-table__body-row-cell elementor-repeater-item-51aa844\">\n\t\t\t\t\t\t\t\t\t<div class=\"ha-table__body-row-cell-wrap\">\n\t\t\t\t\t\t\t\t\t\t<div class=\"ha-table__body-row-cell-text\">\n\t\t\t\t\t\t\t\t\t\t\tFundamentos de epistemolog\u00eda educativa\t\t\t\t\t\t\t\t\t\t<\/div>\n\n\t\t\t\t\t\t\t\t\t\t\n\t\t\t\t\t\t\t\t\t\t\t\t\t\t\t\t\t\t\t<\/div>\n\t\t\t\t\t\t\t\t<\/td>\n\t\t\t\t\t\t\t\t\t\t\t\t\t\t\t<td class=\"ha-table__body-row-cell elementor-repeater-item-d3a7761\">\n\t\t\t\t\t\t\t\t\t<div class=\"ha-table__body-row-cell-wrap\">\n\t\t\t\t\t\t\t\t\t\t<div class=\"ha-table__body-row-cell-text\">\n\t\t\t\t\t\t\t\t\t\t\tMetodolog\u00eda de la investigaci\u00f3n cualitativa II\t\t\t\t\t\t\t\t\t\t<\/div>\n\n\t\t\t\t\t\t\t\t\t\t\n\t\t\t\t\t\t\t\t\t\t\t\t\t\t\t\t\t\t\t<\/div>\n\t\t\t\t\t\t\t\t<\/td>\n\t\t\t\t\t\t\t\t\t\t\t\t\t\t\t<td class=\"ha-table__body-row-cell elementor-repeater-item-3659513\">\n\t\t\t\t\t\t\t\t\t<div class=\"ha-table__body-row-cell-wrap\">\n\t\t\t\t\t\t\t\t\t\t<div class=\"ha-table__body-row-cell-text\">\n\t\t\t\t\t\t\t\t\t\t\tM\u00e9todos de investigaci\u00f3n cuantitativa avanzada II\t\t\t\t\t\t\t\t\t\t<\/div>\n\n\t\t\t\t\t\t\t\t\t\t\n\t\t\t\t\t\t\t\t\t\t\t\t\t\t\t\t\t\t\t<\/div>\n\t\t\t\t\t\t\t\t<\/td>\n\t\t\t\t\t\t\t\t\t\t\t\t\t\t\t<td class=\"ha-table__body-row-cell elementor-repeater-item-55216b6\">\n\t\t\t\t\t\t\t\t\t<div class=\"ha-table__body-row-cell-wrap\">\n\t\t\t\t\t\t\t\t\t\t<div class=\"ha-table__body-row-cell-text\">\n\t\t\t\t\t\t\t\t\t\t\tPensamiento, pr\u00e1ctica y artefactos culturales del sujeto que ense\u00f1a\t\t\t\t\t\t\t\t\t\t<\/div>\n\n\t\t\t\t\t\t\t\t\t\t\n\t\t\t\t\t\t\t\t\t\t\t\t\t\t\t\t\t\t\t<\/div>\n\t\t\t\t\t\t\t\t<\/td>\n\t\t\t\t\t\t\t\t\t\t\t\t\t\t\t<td class=\"ha-table__body-row-cell elementor-repeater-item-e5e0c30\">\n\t\t\t\t\t\t\t\t\t<div class=\"ha-table__body-row-cell-wrap\">\n\t\t\t\t\t\t\t\t\t\t<div class=\"ha-table__body-row-cell-text\">\n\t\t\t\t\t\t\t\t\t\t\tOptativo de especializaci\u00f3n II\t\t\t\t\t\t\t\t\t\t<\/div>\n\n\t\t\t\t\t\t\t\t\t\t\n\t\t\t\t\t\t\t\t\t\t\t\t\t\t\t\t\t\t\t<\/div>\n\t\t\t\t\t\t\t\t<\/td>\n\t\t\t\t\t\t\t\t\t\t\t\t\t\t\t<td class=\"ha-table__body-row-cell elementor-repeater-item-1aca135\">\n\t\t\t\t\t\t\t\t\t<div class=\"ha-table__body-row-cell-wrap\">\n\t\t\t\t\t\t\t\t\t\t<div class=\"ha-table__body-row-cell-text\">\n\t\t\t\t\t\t\t\t\t\t\tElectivo interdisciplinario\t\t\t\t\t\t\t\t\t\t<\/div>\n\n\t\t\t\t\t\t\t\t\t\t\n\t\t\t\t\t\t\t\t\t\t\t\t\t\t\t\t\t\t\t<\/div>\n\t\t\t\t\t\t\t\t<\/td>\n\t\t\t\t\t\t\t\t\t\t\t\t\t\t\t<td class=\"ha-table__body-row-cell elementor-repeater-item-ba6d748\">\n\t\t\t\t\t\t\t\t\t<div class=\"ha-table__body-row-cell-wrap\">\n\t\t\t\t\t\t\t\t\t\t<div class=\"ha-table__body-row-cell-text\">\n\t\t\t\t\t\t\t\t\t\t\tTesis III\t\t\t\t\t\t\t\t\t\t<\/div>\n\n\t\t\t\t\t\t\t\t\t\t\n\t\t\t\t\t\t\t\t\t\t\t\t\t\t\t\t\t\t\t<\/div>\n\t\t\t\t\t\t\t\t<\/td>\n\t\t\t\t\t\t\t\t\t\t\t\t\t\t\t<td class=\"ha-table__body-row-cell elementor-repeater-item-5a7649f\">\n\t\t\t\t\t\t\t\t\t<div class=\"ha-table__body-row-cell-wrap\">\n\t\t\t\t\t\t\t\t\t\t<div class=\"ha-table__body-row-cell-text\">\n\t\t\t\t\t\t\t\t\t\t\tTesis IV\t\t\t\t\t\t\t\t\t\t<\/div>\n\n\t\t\t\t\t\t\t\t\t\t\n\t\t\t\t\t\t\t\t\t\t\t\t\t\t\t\t\t\t\t<\/div>\n\t\t\t\t\t\t\t\t<\/td>\n\t\t\t\t\t\t\t\t\t\t\t\t<\/tr>\n\t\t\t\t\t\t\t\t\t<tr class=\"ha-table__body-row\">\n\t\t\t\t\t\t\t\t\t\t\t\t\t\t<td class=\"ha-table__body-row-cell elementor-repeater-item-cc0e40a\">\n\t\t\t\t\t\t\t\t\t<div class=\"ha-table__body-row-cell-wrap\">\n\t\t\t\t\t\t\t\t\t\t<div class=\"ha-table__body-row-cell-text\">\n\t\t\t\t\t\t\t\t\t\t\tMetodolog\u00eda de la investigaci\u00f3n cualitativa I\t\t\t\t\t\t\t\t\t\t<\/div>\n\n\t\t\t\t\t\t\t\t\t\t\n\t\t\t\t\t\t\t\t\t\t\t\t\t\t\t\t\t\t\t<\/div>\n\t\t\t\t\t\t\t\t<\/td>\n\t\t\t\t\t\t\t\t\t\t\t\t\t\t\t<td class=\"ha-table__body-row-cell elementor-repeater-item-2ae99e4\">\n\t\t\t\t\t\t\t\t\t<div class=\"ha-table__body-row-cell-wrap\">\n\t\t\t\t\t\t\t\t\t\t<div class=\"ha-table__body-row-cell-text\">\n\t\t\t\t\t\t\t\t\t\t\tM\u00e9todos de investigaci\u00f3n cuantitativa avanzada I\t\t\t\t\t\t\t\t\t\t<\/div>\n\n\t\t\t\t\t\t\t\t\t\t\n\t\t\t\t\t\t\t\t\t\t\t\t\t\t\t\t\t\t\t<\/div>\n\t\t\t\t\t\t\t\t<\/td>\n\t\t\t\t\t\t\t\t\t\t\t\t\t\t\t<td class=\"ha-table__body-row-cell elementor-repeater-item-837b64c\">\n\t\t\t\t\t\t\t\t\t<div class=\"ha-table__body-row-cell-wrap\">\n\t\t\t\t\t\t\t\t\t\t<div class=\"ha-table__body-row-cell-text\">\n\t\t\t\t\t\t\t\t\t\t\tTeor\u00edas actuales del curr\u00edculum\t\t\t\t\t\t\t\t\t\t<\/div>\n\n\t\t\t\t\t\t\t\t\t\t\n\t\t\t\t\t\t\t\t\t\t\t\t\t\t\t\t\t\t\t<\/div>\n\t\t\t\t\t\t\t\t<\/td>\n\t\t\t\t\t\t\t\t\t\t\t\t\t\t\t<td class=\"ha-table__body-row-cell elementor-repeater-item-de4670e\">\n\t\t\t\t\t\t\t\t\t<div class=\"ha-table__body-row-cell-wrap\">\n\t\t\t\t\t\t\t\t\t\t<div class=\"ha-table__body-row-cell-text\">\n\t\t\t\t\t\t\t\t\t\t\tOptativo de especializaci\u00f3n I\t\t\t\t\t\t\t\t\t\t<\/div>\n\n\t\t\t\t\t\t\t\t\t\t\n\t\t\t\t\t\t\t\t\t\t\t\t\t\t\t\t\t\t\t<\/div>\n\t\t\t\t\t\t\t\t<\/td>\n\t\t\t\t\t\t\t\t\t\t\t\t\t\t\t<td class=\"ha-table__body-row-cell elementor-repeater-item-4bf5002\">\n\t\t\t\t\t\t\t\t\t<div class=\"ha-table__body-row-cell-wrap\">\n\t\t\t\t\t\t\t\t\t\t<div class=\"ha-table__body-row-cell-text\">\n\t\t\t\t\t\t\t\t\t\t\tOptativo de especializaci\u00f3n III\t\t\t\t\t\t\t\t\t\t<\/div>\n\n\t\t\t\t\t\t\t\t\t\t\n\t\t\t\t\t\t\t\t\t\t\t\t\t\t\t\t\t\t\t<\/div>\n\t\t\t\t\t\t\t\t<\/td>\n\t\t\t\t\t\t\t\t\t\t\t\t\t\t\t<td class=\"ha-table__body-row-cell elementor-repeater-item-ac267c7\">\n\t\t\t\t\t\t\t\t\t<div class=\"ha-table__body-row-cell-wrap\">\n\t\t\t\t\t\t\t\t\t\t<div class=\"ha-table__body-row-cell-text\">\n\t\t\t\t\t\t\t\t\t\t\tTesis II\t\t\t\t\t\t\t\t\t\t<\/div>\n\n\t\t\t\t\t\t\t\t\t\t\n\t\t\t\t\t\t\t\t\t\t\t\t\t\t\t\t\t\t\t<\/div>\n\t\t\t\t\t\t\t\t<\/td>\n\t\t\t\t\t\t\t\t\t\t\t\t<\/tr>\n\t\t\t\t\t\t\t\t\t<tr class=\"ha-table__body-row\">\n\t\t\t\t\t\t\t\t\t\t\t\t\t\t<td class=\"ha-table__body-row-cell elementor-repeater-item-1e9b816\">\n\t\t\t\t\t\t\t\t\t<div class=\"ha-table__body-row-cell-wrap\">\n\t\t\t\t\t\t\t\t\t\t<div class=\"ha-table__body-row-cell-text\">\n\t\t\t\t\t\t\t\t\t\t\tProblem\u00e1ticas de justicia social en modelo educativo\t\t\t\t\t\t\t\t\t\t<\/div>\n\n\t\t\t\t\t\t\t\t\t\t\n\t\t\t\t\t\t\t\t\t\t\t\t\t\t\t\t\t\t\t<\/div>\n\t\t\t\t\t\t\t\t<\/td>\n\t\t\t\t\t\t\t\t\t\t\t\t\t\t\t<td class=\"ha-table__body-row-cell elementor-repeater-item-b22b535\">\n\t\t\t\t\t\t\t\t\t<div class=\"ha-table__body-row-cell-wrap\">\n\t\t\t\t\t\t\t\t\t\t<div class=\"ha-table__body-row-cell-text\">\n\t\t\t\t\t\t\t\t\t\t\tPensamiento, conocimiento y pr\u00e1cticas del sujeto que aprende\t\t\t\t\t\t\t\t\t\t<\/div>\n\n\t\t\t\t\t\t\t\t\t\t\n\t\t\t\t\t\t\t\t\t\t\t\t\t\t\t\t\t\t\t<\/div>\n\t\t\t\t\t\t\t\t<\/td>\n\t\t\t\t\t\t\t\t\t\t\t\t\t\t\t<td class=\"ha-table__body-row-cell elementor-repeater-item-71c359c\">\n\t\t\t\t\t\t\t\t\t<div class=\"ha-table__body-row-cell-wrap\">\n\t\t\t\t\t\t\t\t\t\t<div class=\"ha-table__body-row-cell-text\">\n\t\t\t\t\t\t\t\t\t\t\tProyecto de tesis I\t\t\t\t\t\t\t\t\t\t<\/div>\n\n\t\t\t\t\t\t\t\t\t\t\n\t\t\t\t\t\t\t\t\t\t\t\t\t\t\t\t\t\t\t<\/div>\n\t\t\t\t\t\t\t\t<\/td>\n\t\t\t\t\t\t\t\t\t\t\t\t\t\t\t<td class=\"ha-table__body-row-cell elementor-repeater-item-0738aa0\">\n\t\t\t\t\t\t\t\t\t<div class=\"ha-table__body-row-cell-wrap\">\n\t\t\t\t\t\t\t\t\t\t<div class=\"ha-table__body-row-cell-text\">\n\t\t\t\t\t\t\t\t\t\t\tProyecto de tesis II\t\t\t\t\t\t\t\t\t\t<\/div>\n\n\t\t\t\t\t\t\t\t\t\t\n\t\t\t\t\t\t\t\t\t\t\t\t\t\t\t\t\t\t\t<\/div>\n\t\t\t\t\t\t\t\t<\/td>\n\t\t\t\t\t\t\t\t\t\t\t\t\t\t\t<td class=\"ha-table__body-row-cell elementor-repeater-item-998839d\">\n\t\t\t\t\t\t\t\t\t<div class=\"ha-table__body-row-cell-wrap\">\n\t\t\t\t\t\t\t\t\t\t<div class=\"ha-table__body-row-cell-text\">\n\t\t\t\t\t\t\t\t\t\t\tTesis I\t\t\t\t\t\t\t\t\t\t<\/div>\n\n\t\t\t\t\t\t\t\t\t\t\n\t\t\t\t\t\t\t\t\t\t\t\t\t\t\t\t\t\t\t<\/div>\n\t\t\t\t\t\t\t\t<\/td>\n\t\t\t\t\t\t\t\t\t\t\t\t<\/tr>\n\t\t\t\t\t\t\t\t\t<tr class=\"ha-table__body-row\">\n\t\t\t\t\t\t\t\t\t\t\t\t\t\t<td class=\"ha-table__body-row-cell elementor-repeater-item-97a6cc9\">\n\t\t\t\t\t\t\t\t\t<div class=\"ha-table__body-row-cell-wrap\">\n\t\t\t\t\t\t\t\t\t\t<div class=\"ha-table__body-row-cell-text\">\n\t\t\t\t\t\t\t\t\t\t\tSeminario de Investigaci\u00f3n I\t\t\t\t\t\t\t\t\t\t<\/div>\n\n\t\t\t\t\t\t\t\t\t\t\n\t\t\t\t\t\t\t\t\t\t\t\t\t\t\t\t\t\t\t<\/div>\n\t\t\t\t\t\t\t\t<\/td>\n\t\t\t\t\t\t\t\t\t\t\t\t\t\t\t<td class=\"ha-table__body-row-cell elementor-repeater-item-9e61029\">\n\t\t\t\t\t\t\t\t\t<div class=\"ha-table__body-row-cell-wrap\">\n\t\t\t\t\t\t\t\t\t\t<div class=\"ha-table__body-row-cell-text\">\n\t\t\t\t\t\t\t\t\t\t\tSeminario de Investigaci\u00f3n II\t\t\t\t\t\t\t\t\t\t<\/div>\n\n\t\t\t\t\t\t\t\t\t\t\n\t\t\t\t\t\t\t\t\t\t\t\t\t\t\t\t\t\t\t<\/div>\n\t\t\t\t\t\t\t\t<\/td>\n\t\t\t\t\t\t\t\t\t\t\t\t<\/tr>\n\t\t\t\t\t\t\t<\/tbody>\n\t\t<\/table>\n\n\t\t\t\t\t\t<\/div>\n\t\t\t\t<\/div>\n\t\t\t\t\t<\/div>\n\t\t<\/div>\n\t\t\t\t\t<\/div>\n\t\t<\/section>\n\t\t\t\t<section class=\"elementor-section elementor-top-section elementor-element elementor-element-716147d9 elementor-section-boxed elementor-section-height-default elementor-section-height-default\" data-id=\"716147d9\" data-element_type=\"section\" data-settings=\"{&quot;background_background&quot;:&quot;classic&quot;,&quot;_ha_eqh_enable&quot;:false}\">\n\t\t\t\t\t\t<div class=\"elementor-container elementor-column-gap-default\">\n\t\t\t\t\t<div class=\"elementor-column elementor-col-100 elementor-top-column elementor-element elementor-element-1e2ec64e\" data-id=\"1e2ec64e\" data-element_type=\"column\" data-settings=\"{&quot;background_background&quot;:&quot;classic&quot;}\">\n\t\t\t<div class=\"elementor-widget-wrap elementor-element-populated\">\n\t\t\t\t\t\t<div class=\"elementor-element elementor-element-35b9ccb2 elementor-widget elementor-widget-google_maps\" data-id=\"35b9ccb2\" data-element_type=\"widget\" data-widget_type=\"google_maps.default\">\n\t\t\t\t<div class=\"elementor-widget-container\">\n\t\t\t\t\t\t\t<div class=\"elementor-custom-embed\">\n\t\t\t<iframe loading=\"lazy\"\n\t\t\t\t\tsrc=\"https:\/\/maps.google.com\/maps?q=Campus%20Mar%C3%ADa%20Teresa%20Brown%20de%20Arizt%C3%ADa.%20Avenida%20El%20Bosque%201290.%20Edificio%20A%20primer%20piso.&#038;t=m&#038;z=16&#038;output=embed&#038;iwloc=near\"\n\t\t\t\t\ttitle=\"Campus Mar\u00eda Teresa Brown de Arizt\u00eda. Avenida El Bosque 1290. Edificio A primer piso.\"\n\t\t\t\t\taria-label=\"Campus Mar\u00eda Teresa Brown de Arizt\u00eda. Avenida El Bosque 1290. Edificio A primer piso.\"\n\t\t\t><\/iframe>\n\t\t<\/div>\n\t\t\t\t\t\t<\/div>\n\t\t\t\t<\/div>\n\t\t\t\t<div class=\"elementor-element elementor-element-133a7067 elementor-align-left elementor-icon-list--layout-traditional elementor-list-item-link-full_width elementor-widget elementor-widget-icon-list\" data-id=\"133a7067\" data-element_type=\"widget\" data-widget_type=\"icon-list.default\">\n\t\t\t\t<div class=\"elementor-widget-container\">\n\t\t\t\t\t\t\t<ul class=\"elementor-icon-list-items\">\n\t\t\t\t\t\t\t<li class=\"elementor-icon-list-item\">\n\t\t\t\t\t\t\t\t\t\t\t<a href=\"mailto:\u00a0doctorado.educaci\u00f3n@pucv.cl\u00a0\">\n\n\t\t\t\t\t\t\t\t\t\t\t\t<span class=\"elementor-icon-list-icon\">\n\t\t\t\t\t\t\t<i aria-hidden=\"true\" class=\"fas fa-envelope\"><\/i>\t\t\t\t\t\t<\/span>\n\t\t\t\t\t\t\t\t\t\t<span class=\"elementor-icon-list-text\">\u00a0doctorado.educacion@pucv.cl\u00a0<\/span>\n\t\t\t\t\t\t\t\t\t\t\t<\/a>\n\t\t\t\t\t\t\t\t\t<\/li>\n\t\t\t\t\t\t\t\t<li class=\"elementor-icon-list-item\">\n\t\t\t\t\t\t\t\t\t\t\t<a href=\"tel:+56%2032%20%202274348\">\n\n\t\t\t\t\t\t\t\t\t\t\t\t<span class=\"elementor-icon-list-icon\">\n\t\t\t\t\t\t\t<i aria-hidden=\"true\" class=\"fas fa-phone-alt\"><\/i>\t\t\t\t\t\t<\/span>\n\t\t\t\t\t\t\t\t\t\t<span class=\"elementor-icon-list-text\">+56 32  2274348<\/span>\n\t\t\t\t\t\t\t\t\t\t\t<\/a>\n\t\t\t\t\t\t\t\t\t<\/li>\n\t\t\t\t\t\t\t\t<li class=\"elementor-icon-list-item\">\n\t\t\t\t\t\t\t\t\t\t\t<span class=\"elementor-icon-list-icon\">\n\t\t\t\t\t\t\t<i aria-hidden=\"true\" class=\"fas fa-location-arrow\"><\/i>\t\t\t\t\t\t<\/span>\n\t\t\t\t\t\t\t\t\t\t<span class=\"elementor-icon-list-text\">Campus Mar\u00eda Teresa Brown de Arizt\u00eda. Avenida El Bosque 1290. Edificio A primer piso.<\/span>\n\t\t\t\t\t\t\t\t\t<\/li>\n\t\t\t\t\t\t\t\t<li class=\"elementor-icon-list-item\">\n\t\t\t\t\t\t\t\t\t\t\t<span class=\"elementor-icon-list-icon\">\n\t\t\t\t\t\t\t<i aria-hidden=\"true\" class=\"fas fa-check\"><\/i>\t\t\t\t\t\t<\/span>\n\t\t\t\t\t\t\t\t\t\t<span class=\"elementor-icon-list-text\">Nombre de la Directora: Mar\u00eda Leonor Conejeros Solar<\/span>\n\t\t\t\t\t\t\t\t\t<\/li>\n\t\t\t\t\t\t<\/ul>\n\t\t\t\t\t\t<\/div>\n\t\t\t\t<\/div>\n\t\t\t\t\t<\/div>\n\t\t<\/div>\n\t\t\t\t\t<\/div>\n\t\t<\/section>\n\t\t\t\t<section class=\"elementor-section elementor-top-section elementor-element elementor-element-39520b1 elementor-section-boxed elementor-section-height-default elementor-section-height-default\" data-id=\"39520b1\" data-element_type=\"section\" data-settings=\"{&quot;background_background&quot;:&quot;gradient&quot;,&quot;_ha_eqh_enable&quot;:false}\">\n\t\t\t\t\t\t\t<div class=\"elementor-background-overlay\"><\/div>\n\t\t\t\t\t\t\t<div class=\"elementor-container elementor-column-gap-default\">\n\t\t\t\t\t<div class=\"elementor-column elementor-col-100 elementor-top-column elementor-element elementor-element-562a393\" data-id=\"562a393\" data-element_type=\"column\">\n\t\t\t<div class=\"elementor-widget-wrap elementor-element-populated\">\n\t\t\t\t\t\t<div class=\"elementor-element elementor-element-dc639fd elementor-widget elementor-widget-heading\" data-id=\"dc639fd\" data-element_type=\"widget\" data-widget_type=\"heading.default\">\n\t\t\t\t<div class=\"elementor-widget-container\">\n\t\t\t\t\t<h2 class=\"elementor-heading-title elementor-size-default\">\u00bfNecesitas m\u00e1s informaci\u00f3n sobre el programa?<\/h2>\t\t\t\t<\/div>\n\t\t\t\t<\/div>\n\t\t\t\t<div class=\"elementor-element elementor-element-afa3a2f elementor-button-align-center elementor-widget elementor-widget-form\" data-id=\"afa3a2f\" data-element_type=\"widget\" data-settings=\"{&quot;step_next_label&quot;:&quot;Siguiente&quot;,&quot;step_previous_label&quot;:&quot;Anterior&quot;,&quot;button_width&quot;:&quot;100&quot;,&quot;step_type&quot;:&quot;number_text&quot;,&quot;step_icon_shape&quot;:&quot;circle&quot;}\" data-widget_type=\"form.default\">\n\t\t\t\t<div class=\"elementor-widget-container\">\n\t\t\t\t\t\t\t<form class=\"elementor-form\" method=\"post\" name=\"Formulario - Doctorado en Educaci\u00f3n\">\n\t\t\t<input type=\"hidden\" name=\"post_id\" value=\"1390\"\/>\n\t\t\t<input type=\"hidden\" name=\"form_id\" value=\"afa3a2f\"\/>\n\t\t\t<input type=\"hidden\" name=\"referer_title\" value=\"\" \/>\n\n\t\t\t\n\t\t\t<div class=\"elementor-form-fields-wrapper elementor-labels-\">\n\t\t\t\t\t\t\t\t<div class=\"elementor-field-type-text elementor-field-group elementor-column elementor-field-group-name elementor-col-33 elementor-field-required\">\n\t\t\t\t\t\t\t\t\t\t\t\t<label for=\"form-field-name\" class=\"elementor-field-label elementor-screen-only\">\n\t\t\t\t\t\t\t\tNombre\t\t\t\t\t\t\t<\/label>\n\t\t\t\t\t\t\t\t\t\t\t\t\t\t<input size=\"1\" type=\"text\" name=\"form_fields[name]\" id=\"form-field-name\" class=\"elementor-field elementor-size-sm  elementor-field-textual\" placeholder=\"Nombre\" required=\"required\">\n\t\t\t\t\t\t\t\t\t\t\t<\/div>\n\t\t\t\t\t\t\t\t<div class=\"elementor-field-type-text elementor-field-group elementor-column elementor-field-group-field_fcb629c elementor-col-33 elementor-field-required\">\n\t\t\t\t\t\t\t\t\t\t\t\t<label for=\"form-field-field_fcb629c\" class=\"elementor-field-label elementor-screen-only\">\n\t\t\t\t\t\t\t\tApellido\t\t\t\t\t\t\t<\/label>\n\t\t\t\t\t\t\t\t\t\t\t\t\t\t<input size=\"1\" type=\"text\" name=\"form_fields[field_fcb629c]\" id=\"form-field-field_fcb629c\" class=\"elementor-field elementor-size-sm  elementor-field-textual\" placeholder=\"Apellido\" required=\"required\">\n\t\t\t\t\t\t\t\t\t\t\t<\/div>\n\t\t\t\t\t\t\t\t<div class=\"elementor-field-type-text elementor-field-group elementor-column elementor-field-group-field_f4c15ee elementor-col-33 elementor-field-required\">\n\t\t\t\t\t\t\t\t\t\t\t\t<label for=\"form-field-field_f4c15ee\" class=\"elementor-field-label elementor-screen-only\">\n\t\t\t\t\t\t\t\tRUT (ej.12345678-9)\t\t\t\t\t\t\t<\/label>\n\t\t\t\t\t\t\t\t\t\t\t\t\t\t<input size=\"1\" type=\"text\" name=\"form_fields[field_f4c15ee]\" id=\"form-field-field_f4c15ee\" class=\"elementor-field elementor-size-sm  elementor-field-textual\" placeholder=\"RUT (ej.12345678-9)\" required=\"required\">\n\t\t\t\t\t\t\t\t\t\t\t<\/div>\n\t\t\t\t\t\t\t\t<div class=\"elementor-field-type-text elementor-field-group elementor-column elementor-field-group-field_9c74a92 elementor-col-33 elementor-field-required\">\n\t\t\t\t\t\t\t\t\t\t\t\t<label for=\"form-field-field_9c74a92\" class=\"elementor-field-label elementor-screen-only\">\n\t\t\t\t\t\t\t\tComuna\t\t\t\t\t\t\t<\/label>\n\t\t\t\t\t\t\t\t\t\t\t\t\t\t<input size=\"1\" type=\"text\" name=\"form_fields[field_9c74a92]\" id=\"form-field-field_9c74a92\" class=\"elementor-field elementor-size-sm  elementor-field-textual\" placeholder=\"Comuna\" required=\"required\">\n\t\t\t\t\t\t\t\t\t\t\t<\/div>\n\t\t\t\t\t\t\t\t<div class=\"elementor-field-type-email elementor-field-group elementor-column elementor-field-group-field_9c43e1e elementor-col-33 elementor-field-required\">\n\t\t\t\t\t\t\t\t\t\t\t\t<label for=\"form-field-field_9c43e1e\" class=\"elementor-field-label elementor-screen-only\">\n\t\t\t\t\t\t\t\tEmail\t\t\t\t\t\t\t<\/label>\n\t\t\t\t\t\t\t\t\t\t\t\t\t\t<input size=\"1\" type=\"email\" name=\"form_fields[field_9c43e1e]\" id=\"form-field-field_9c43e1e\" class=\"elementor-field elementor-size-sm  elementor-field-textual\" placeholder=\"Email\" required=\"required\">\n\t\t\t\t\t\t\t\t\t\t\t<\/div>\n\t\t\t\t\t\t\t\t<div class=\"elementor-field-type-tel elementor-field-group elementor-column elementor-field-group-field_e1d7b3c elementor-col-33 elementor-field-required\">\n\t\t\t\t\t\t\t\t\t\t\t\t<label for=\"form-field-field_e1d7b3c\" class=\"elementor-field-label elementor-screen-only\">\n\t\t\t\t\t\t\t\tTel\u00e9fono\t\t\t\t\t\t\t<\/label>\n\t\t\t\t\t\t\t\t<input size=\"1\" type=\"tel\" name=\"form_fields[field_e1d7b3c]\" id=\"form-field-field_e1d7b3c\" class=\"elementor-field elementor-size-sm  elementor-field-textual\" placeholder=\"Tel\u00e9fono\" required=\"required\" pattern=\"[0-9()#&amp;+*-=.]+\" title=\"Only numbers and phone characters (#, -, *, etc) are accepted.\">\n\n\t\t\t\t\t\t<\/div>\n\t\t\t\t\t\t\t\t<div class=\"elementor-field-type-acceptance elementor-field-group elementor-column elementor-field-group-field_90ac35d elementor-col-50\">\n\t\t\t\t\t\t\t\t\t\t\t\t<label for=\"form-field-field_90ac35d\" class=\"elementor-field-label elementor-screen-only\">\n\t\t\t\t\t\t\t\tDeseo recibir m\u00e1s informaci\u00f3n de la PUCV\t\t\t\t\t\t\t<\/label>\n\t\t\t\t\t\t\t\t<div class=\"elementor-field-subgroup\">\n\t\t\t<span class=\"elementor-field-option\">\n\t\t\t\t<input type=\"checkbox\" name=\"form_fields[field_90ac35d]\" id=\"form-field-field_90ac35d\" class=\"elementor-field elementor-size-sm  elementor-acceptance-field\">\n\t\t\t\t<label for=\"form-field-field_90ac35d\">Deseo recibir m\u00e1s informaci\u00f3n de la PUCV<\/label>\t\t\t<\/span>\n\t\t<\/div>\n\t\t\t\t\t\t<\/div>\n\t\t\t\t\t\t\t\t<div class=\"elementor-field-type-acceptance elementor-field-group elementor-column elementor-field-group-field_ecf6800 elementor-col-50\">\n\t\t\t\t\t\t\t\t\t\t\t\t<label for=\"form-field-field_ecf6800\" class=\"elementor-field-label elementor-screen-only\">\n\t\t\t\t\t\t\t\tDeseo recibir m\u00e1s informaci\u00f3n del Postgrado\t\t\t\t\t\t\t<\/label>\n\t\t\t\t\t\t\t\t<div class=\"elementor-field-subgroup\">\n\t\t\t<span class=\"elementor-field-option\">\n\t\t\t\t<input type=\"checkbox\" name=\"form_fields[field_ecf6800]\" id=\"form-field-field_ecf6800\" class=\"elementor-field elementor-size-sm  elementor-acceptance-field\">\n\t\t\t\t<label for=\"form-field-field_ecf6800\">Deseo recibir m\u00e1s informaci\u00f3n del Postgrado<\/label>\t\t\t<\/span>\n\t\t<\/div>\n\t\t\t\t\t\t<\/div>\n\t\t\t\t\t\t\t\t<div class=\"elementor-field-type-text\">\n\t\t\t\t\t<input size=\"1\" type=\"text\" name=\"form_fields[field_6b4a05b]\" id=\"form-field-field_6b4a05b\" class=\"elementor-field elementor-size-sm \" style=\"display:none !important;\">\t\t\t\t<\/div>\n\t\t\t\t\t\t\t\t<div class=\"elementor-field-type-recaptcha_v3 elementor-field-group elementor-column elementor-field-group-field_4c160e2 elementor-col-100 recaptcha_v3-bottomleft\">\n\t\t\t\t\t<div class=\"elementor-field\" id=\"form-field-field_4c160e2\"><div class=\"elementor-g-recaptcha\" data-sitekey=\"6LdQ0CAqAAAAAIoskpTJ1ADyWB4G7uif7DloC2uP\" data-type=\"v3\" data-action=\"Form\" data-badge=\"bottomleft\" data-size=\"invisible\"><\/div><\/div>\t\t\t\t<\/div>\n\t\t\t\t\t\t\t\t<div class=\"elementor-field-group elementor-column elementor-field-type-submit elementor-col-100 e-form__buttons\">\n\t\t\t\t\t<button class=\"elementor-button elementor-size-sm\" type=\"submit\">\n\t\t\t\t\t\t<span class=\"elementor-button-content-wrapper\">\n\t\t\t\t\t\t\t\t\t\t\t\t\t\t\t\t\t\t\t\t\t\t<span class=\"elementor-button-text\">Enviar<\/span>\n\t\t\t\t\t\t\t\t\t\t\t\t\t<\/span>\n\t\t\t\t\t<\/button>\n\t\t\t\t<\/div>\n\t\t\t<\/div>\n\t\t<\/form>\n\t\t\t\t\t\t<\/div>\n\t\t\t\t<\/div>\n\t\t\t\t\t<\/div>\n\t\t<\/div>\n\t\t\t\t\t<\/div>\n\t\t<\/section>\n\t\t\t\t<\/div>\n\t\t","protected":false},"excerpt":{"rendered":"<p>FACULTAD DE FILOSOF\u00cdA Y EDUCACI\u00d3N DOCTORADO EN EDUCACI\u00d3N Duraci\u00f3n 8 semestres Postulaci\u00f3n Desde el 14 de julio al 20 de octubre 2025 Inicio de clases Marzo Modalidad Presencial Valor del programa Valor matr\u00edcula semestral: $143.000.- Valor total del programa: $ 16.821.000 Valor semestral del programa: $2.102.625 Horarios Lunes y martes 09:00 a 18:00 hrs. en [&hellip;]<\/p>\n","protected":false},"author":1,"featured_media":0,"parent":0,"menu_order":0,"comment_status":"closed","ping_status":"closed","template":"elementor_header_footer","meta":{"site-sidebar-layout":"no-sidebar","site-content-layout":"","ast-site-content-layout":"full-width-container","site-content-style":"default","site-sidebar-style":"default","ast-global-header-display":"","ast-banner-title-visibility":"","ast-main-header-display":"","ast-hfb-above-header-display":"","ast-hfb-below-header-display":"","ast-hfb-mobile-header-display":"","site-post-title":"disabled","ast-breadcrumbs-content":"","ast-featured-img":"disabled","footer-sml-layout":"","theme-transparent-header-meta":"","adv-header-id-meta":"","stick-header-meta":"","header-above-stick-meta":"","header-main-stick-meta":"","header-below-stick-meta":"","astra-migrate-meta-layouts":"default","ast-page-background-enabled":"default","ast-page-background-meta":{"desktop":{"background-color":"var(--ast-global-color-4)","background-image":"","background-repeat":"repeat","background-position":"center center","background-size":"auto","background-attachment":"scroll","background-type":"","background-media":"","overlay-type":"","overlay-color":"","overlay-opacity":"","overlay-gradient":""},"tablet":{"background-color":"","background-image":"","background-repeat":"repeat","background-position":"center center","background-size":"auto","background-attachment":"scroll","background-type":"","background-media":"","overlay-type":"","overlay-color":"","overlay-opacity":"","overlay-gradient":""},"mobile":{"background-color":"","background-image":"","background-repeat":"repeat","background-position":"center center","background-size":"auto","background-attachment":"scroll","background-type":"","background-media":"","overlay-type":"","overlay-color":"","overlay-opacity":"","overlay-gradient":""}},"ast-content-background-meta":{"desktop":{"background-color":"var(--ast-global-color-5)","background-image":"","background-repeat":"repeat","background-position":"center center","background-size":"auto","background-attachment":"scroll","background-type":"","background-media":"","overlay-type":"","overlay-color":"","overlay-opacity":"","overlay-gradient":""},"tablet":{"background-color":"var(--ast-global-color-5)","background-image":"","background-repeat":"repeat","background-position":"center center","background-size":"auto","background-attachment":"scroll","background-type":"","background-media":"","overlay-type":"","overlay-color":"","overlay-opacity":"","overlay-gradient":""},"mobile":{"background-color":"var(--ast-global-color-5)","background-image":"","background-repeat":"repeat","background-position":"center center","background-size":"auto","background-attachment":"scroll","background-type":"","background-media":"","overlay-type":"","overlay-color":"","overlay-opacity":"","overlay-gradient":""}},"footnotes":""},"class_list":["post-1390","page","type-page","status-publish","hentry"],"_links":{"self":[{"href":"https:\/\/www.postgradospucv.cl\/index.php\/wp-json\/wp\/v2\/pages\/1390","targetHints":{"allow":["GET"]}}],"collection":[{"href":"https:\/\/www.postgradospucv.cl\/index.php\/wp-json\/wp\/v2\/pages"}],"about":[{"href":"https:\/\/www.postgradospucv.cl\/index.php\/wp-json\/wp\/v2\/types\/page"}],"author":[{"embeddable":true,"href":"https:\/\/www.postgradospucv.cl\/index.php\/wp-json\/wp\/v2\/users\/1"}],"replies":[{"embeddable":true,"href":"https:\/\/www.postgradospucv.cl\/index.php\/wp-json\/wp\/v2\/comments?post=1390"}],"version-history":[{"count":124,"href":"https:\/\/www.postgradospucv.cl\/index.php\/wp-json\/wp\/v2\/pages\/1390\/revisions"}],"predecessor-version":[{"id":12079,"href":"https:\/\/www.postgradospucv.cl\/index.php\/wp-json\/wp\/v2\/pages\/1390\/revisions\/12079"}],"wp:attachment":[{"href":"https:\/\/www.postgradospucv.cl\/index.php\/wp-json\/wp\/v2\/media?parent=1390"}],"curies":[{"name":"wp","href":"https:\/\/api.w.org\/{rel}","templated":true}]}}